{"id":202,"date":"2022-04-11T21:30:31","date_gmt":"2022-04-11T19:30:31","guid":{"rendered":"https:\/\/actualfarma.es\/congreso-2022\/?page_id=202"},"modified":"2022-04-11T21:34:40","modified_gmt":"2022-04-11T19:34:40","slug":"programa","status":"publish","type":"page","link":"https:\/\/actualfarma.es\/congreso-2022\/programa\/","title":{"rendered":"Programa"},"content":{"rendered":"\n<div class=\"wp-block-group seccion\"><div class=\"wp-block-group__inner-container is-layout-flow wp-block-group-is-layout-flow\"><style>.kt-tabs-id_b3e5e8-1b > .kt-tabs-content-wrap > .wp-block-kadence-tab{border-top-width:1px;border-right-width:0px;border-bottom-width:0px;border-left-width:0px;border-color:#eeeeee;border-top-left-radius:0px;border-top-right-radius:0px;border-bottom-right-radius:0px;border-bottom-left-radius:0px;padding-top:var(--global-kb-spacing-sm, 1.5rem);padding-right:var(--global-kb-spacing-sm, 1.5rem);padding-bottom:var(--global-kb-spacing-sm, 1.5rem);padding-left:var(--global-kb-spacing-sm, 1.5rem);background:#ffffff;}.wp-block-kadence-tabs .kt-tabs-id_b3e5e8-1b > .kt-tabs-title-list li{margin-top:0px;margin-right:8px;margin-bottom:0px;margin-left:0px;}.wp-block-kadence-tabs .kt-tabs-id_b3e5e8-1b > .kt-tabs-title-list li:last-child{margin-right:0px;}.wp-block-kadence-tabs .kt-tabs-id_b3e5e8-1b > .kt-tabs-title-list li .kt-tab-title, .wp-block-kadence-tabs .kt-tabs-id_b3e5e8-1b > .kt-tabs-content-wrap > .kt-tabs-accordion-title .kt-tab-title{line-height:1.4em;font-weight:regular;font-style:normal;border-top-width:0px;border-right-width:0px;border-bottom-width:4px;border-left-width:0px;border-top-left-radius:4px;border-top-right-radius:4px;border-bottom-right-radius:0px;border-bottom-left-radius:0px;padding-top:8px;padding-right:20px;padding-bottom:8px;padding-left:20px;border-color:#ffffff;color:#555555;background:#ffffff;}.wp-block-kadence-tabs .kt-tabs-id_b3e5e8-1b > .kt-tabs-content-wrap > .kt-tabs-accordion-title .kt-tab-title{margin-top:0px;margin-right:8px;margin-bottom:0px;margin-left:0px;}.wp-block-kadence-tabs .kt-tabs-id_b3e5e8-1b > .kt-tabs-title-list li .kt-tab-title:hover, .wp-block-kadence-tabs .kt-tabs-id_b3e5e8-1b > .kt-tabs-content-wrap > .kt-tabs-accordion-title .kt-tab-title:hover{border-color:#eeeeee;color:#555555;background:#ffffff;}.wp-block-kadence-tabs .kt-tabs-id_b3e5e8-1b > .kt-tabs-title-list li.kt-tab-title-active .kt-tab-title, .wp-block-kadence-tabs .kt-tabs-id_b3e5e8-1b > .kt-tabs-content-wrap > .kt-tabs-accordion-title.kt-tab-title-active .kt-tab-title{border-color:#0a6689;color:#0a6689;background:#ffffff;}.kt-tabs-id_b3e5e8-1b > .kt-tabs-title-list li .kt-title-sub-text, .kt-tabs-id_b3e5e8-1b > .kt-tabs-content-wrap > .kt-tabs-accordion-title .kt-title-sub-text{padding:0px 0px 0px 0px;margin:0px 0px 0px 0px;}<\/style>\n<div class=\"wp-block-kadence-tabs alignnone\"><div class=\"kt-tabs-wrap kt-tabs-id_b3e5e8-1b kt-tabs-has-3-tabs kt-active-tab-1 kt-tabs-layout-tabs kt-tabs-tablet-layout-inherit kt-tabs-mobile-layout-inherit kt-tab-alignment-left \" style=\"max-width:none\"><ul class=\"kt-tabs-title-list\"><li id=\"tab-da1\" class=\"kt-title-item kt-title-item-1 kt-tabs-svg-show-always kt-tabs-icon-side-right kt-tab-title-active kb-tabs-have-subtitle\"><a href=\"#tab-da1\" data-tab=\"1\" class=\"kt-tab-title kt-tab-title-1 \"><div class=\"kb-tab-titles-wrap\"><span class=\"kt-title-text\">D\u00eda 1<\/span><span class=\"kt-title-sub-text\">01\/06\/2022<\/span><\/div><\/a><\/li><li id=\"tab-da2\" class=\"kt-title-item kt-title-item-2 kt-tabs-svg-show-always kt-tabs-icon-side-right kt-tab-title-inactive kb-tabs-have-subtitle\"><a href=\"#tab-da2\" data-tab=\"2\" class=\"kt-tab-title kt-tab-title-2 \"><div class=\"kb-tab-titles-wrap\"><span class=\"kt-title-text\">D\u00eda 2<\/span><span class=\"kt-title-sub-text\">02\/06\/2022<\/span><\/div><\/a><\/li><li id=\"tab-da3\" class=\"kt-title-item kt-title-item-3 kt-tabs-svg-show-always kt-tabs-icon-side-right kt-tab-title-inactive kb-tabs-have-subtitle\"><a href=\"#tab-da3\" data-tab=\"3\" class=\"kt-tab-title kt-tab-title-3 \"><div class=\"kb-tab-titles-wrap\"><span class=\"kt-title-text\">D\u00eda 3<\/span><span class=\"kt-title-sub-text\">03\/06\/2022<\/span><\/div><\/a><\/li><\/ul><div class=\"kt-tabs-content-wrap\">\n<div class=\"wp-block-kadence-tab kt-tab-inner-content kt-inner-tab-1 kt-inner-tab_64b659-99\"><div class=\"kt-tab-inner-content-inner\">\r\n<div class=\"bloque_programa\">\r\n    <h2 class=\"titulo\">Medicina de precisi\u00f3n<\/h2>\r\n      \r\n\r\n\r\n        <div class=\"mesa\">\r\n          <h3 class=\"titu\">\r\n                          <a href=\"https:\/\/actualfarma.es\/congreso-2022\/mesa\/las-terapias-avanzadas-para-pacientes-con-enfermedades-raras-nuevos-retos-y-oportunidades\/\" title=\"Mesa 1\" rel=\"nofollow\">\r\n                            <span>9.00 - 10.30<\/span> Las terapias avanzadas para pacientes con Enfermedades raras: Nuevos retos y oportunidades.                            <\/a>\r\n                      <\/h3>\r\n          \n<p>Jos\u00e9 Luis Poveda. Jefe S. Farmacia Hospitalaria. Hospital Universitario La Fe, Valencia.<\/p>\n        <\/div>\r\n    \r\n\r\n\r\n\r\n        \r\n\r\n\r\n        <div class=\"mesa\">\r\n          <h3 class=\"titu\">\r\n                          <a href=\"https:\/\/actualfarma.es\/congreso-2022\/mesa\/enfermedades-raras-hematologicas\/\" title=\"Mesa 2\" rel=\"nofollow\">\r\n                            <span>10.30 - 11.15<\/span> Enfermedades raras hematol\u00f3gicas. Rare Blood Disorders.                            <\/a>\r\n                      <\/h3>\r\n          \n<p>Moderador: Miguel Almanchel Rivadeneyra. Hospital Virgen del Castillo, Yecla.<\/p>\n\n\n\n<p>El ABC de Caplacizumab. Sonia Ruiz. S. Farmacia. Hospital Clinic de Barcelona.<\/p>\n\n\n\n<p>PTT autoinmune: tratamiento actual. Joan Cid. S. Hematolog\u00eda. Hospital Clinic de Barcelona.<\/p>\n        <\/div>\r\n    \r\n\r\n\r\n\r\n        \r\n\r\n\r\n        <div class=\"mesa\">\r\n          <h3 class=\"titu\">\r\n                          <a href=\"https:\/\/actualfarma.es\/congreso-2022\/mesa\/silenciamiento-genico-arn-de-interferencia-como-plataforma-para-el-desarrollo-de-nuevas-terapias\/\" title=\"Mesa 3\" rel=\"nofollow\">\r\n                            <span>11.15 - 12.00<\/span> Silenciamiento g\u00e9nico: ARN de interferencia como plataforma para el desarrollo de nuevas terapias.                            <\/a>\r\n                      <\/h3>\r\n          \n<p>Moderadora: Esther Simarro Rueda. Unidad de Gen\u00e9tica. CHU Albacete.<\/p>\n\n\n\n<p>Visi\u00f3n del farmac\u00e9utico: Elena S\u00e1nchez Ya\u00f1ez. S. Farmacia. Hospital Cl\u00ednico Universitario de M\u00e1laga.<\/p>\n\n\n\n<p>Visi\u00f3n del cl\u00ednico: Luc\u00eda Gal\u00e1n D\u00e1vila. S. Neurolog\u00eda. Hospital Cl\u00ednico San Carlos, Madrid.<\/p>\n        <\/div>\r\n    \r\n\r\n\r\n\r\n        \r\n\r\n\r\n        <div class=\"mesa\">\r\n          <h3 class=\"titu\">\r\n                          <a href=\"https:\/\/actualfarma.es\/congreso-2022\/mesa\/nuevos-tiempos-para-la-hipofosfatemia-ligada-a-cromosoma-x\/\" title=\"Mesa 4\" rel=\"nofollow\">\r\n                            <span>12.30 - 13.30<\/span> Nuevos tiempos para la Hipofosfatemia ligada a cromosoma X.                            <\/a>\r\n                      <\/h3>\r\n          \n<p>Moderador: Jos\u00e9 Luis Poveda. Jefe S. Farmacia Hospitalaria. Hospital Universitario La Fe, Valencia.<\/p>\n\n\n\n<p>Burosumab, un nuevo tratamiento para la XLH: eficacia y seguridad. Gu\u00edas farmacocl\u00ednicas. Mar\u00eda Isabel Luis Yanes. S. Nefrolog\u00eda pedi\u00e1trica. Hospital Universitario N\u00aa S\u00aa Candelaria, Sta. Cruz de Tenerife.<\/p>\n\n\n\n<p>Burosumab, seguimiento y cumplimiento terap\u00e9utico. Un a\u00f1o de Valtermed.                        Mar\u00eda Jes\u00fas Esteban G\u00f3mez. S. Farmacia. Hospital Universitario de Fuenlabrada.<\/p>\n        <\/div>\r\n    \r\n\r\n\r\n\r\n        \r\n\r\n\r\n        <div class=\"mesa\">\r\n          <h3 class=\"titu\">\r\n                          <a href=\"https:\/\/actualfarma.es\/congreso-2022\/mesa\/actualizacion-en-el-tratamiento-del-paciente-con-lcct-mogamulizumab\/\" title=\"Mesa 5\" rel=\"nofollow\">\r\n                            <span>13.30 - 14.30<\/span> Actualizaci\u00f3n en el tratamiento del paciente con LCCT: Mogamulizumab.                            <\/a>\r\n                      <\/h3>\r\n          \n<p>Moderadora: Estela Moreno. Coordinadora GEDEFO. S. Farmacia. Hospital de la Santa Cruz y San Pablo, Barcelona.<\/p>\n\n\n\n<p>Cristina Muniesa. S. Dermatolog\u00eda. Hospital de Bellvitge.<\/p>\n\n\n\n<p>Miguel \u00c1ngel Canales. S. Hematolog\u00eda. Hospital Universitario La Paz, Madrid.<\/p>\n\n\n\n<p>Garbi\u00f1e Liceaga. S. Farmacia Hospitalaria. Hospital Universitario Donostia, San Sebasti\u00e1n.<\/p>\n        <\/div>\r\n    \r\n\r\n\r\n\r\n        \r\n\r\n\r\n        <div class=\"mesa\">\r\n          <h3 class=\"titu\">\r\n                          <a href=\"https:\/\/actualfarma.es\/congreso-2022\/mesa\/tratamiento-integral-de-la-patologia-respiratoria-t2\/\" title=\"Mesa 6\" rel=\"nofollow\">\r\n                            <span>16.00 - 16.45<\/span> Tratamiento integral de la patolog\u00eda respiratoria T2.                            <\/a>\r\n                      <\/h3>\r\n          \n<p>Moderador: Germ\u00e1n Blanco. S. Farmacia. Hospital Universitario del Henares.<\/p>\n\n\n\n<p>David Gonz\u00e1lez Olano. S. Alergolog\u00eda. Hospital Universitario Ram\u00f3n y Cajal, Madrid.<\/p>\n\n\n\n<p>Mar\u00eda Jos\u00e9 Espinosa. S. Neumolog\u00eda. Complejo Hospitalario Universitario de Toledo.<\/p>\n\n\n\n<p>Inmaculada Plasencia Garc\u00eda. S. Farmacia. Hospital Universitario N\u00aa S\u00aa Candelaria, Sta. Cruz de Tenerife.<\/p>\n        <\/div>\r\n    \r\n\r\n\r\n\r\n        \r\n\r\n\r\n        <div class=\"mesa\">\r\n          <h3 class=\"titu\">\r\n                          <span>16.45 - 17.30<\/span> Innovaci\u00f3n en la Dermatitis At\u00f3pica grave en ni\u00f1os y adolescentes.                        <\/h3>\r\n          \n<p>Minia Campos. S. Dermatolog\u00eda. Hospital General Universitario Gregorio Mara\u00f1\u00f3n, Madrid.<\/p>\n\n\n\n<p>Rosa Romero Jim\u00e9nez. S. Farmacia. Hospital General Universitario Gregorio Mara\u00f1\u00f3n, Madrid.<\/p>\n        <\/div>\r\n    \r\n\r\n\r\n\r\n        \r\n\r\n\r\n        <div class=\"mesa\">\r\n          <h3 class=\"titu\">\r\n                          <a href=\"https:\/\/actualfarma.es\/congreso-2022\/mesa\/nuevos-biomarcadores-en-esclerosis-multiple\/\" title=\"Mesa 8\" rel=\"nofollow\">\r\n                            <span>17.30 - 18.15<\/span> Nuevos Biomarcadores en Esclerosis M\u00faltiple.                            <\/a>\r\n                      <\/h3>\r\n          \n<p>Moderador: Tom\u00e1s Segura Mart\u00edn. S. Neurolog\u00eda. Complejo Hospitalario Universitario de Albacete.<\/p>\n\n\n\n<p>Enric Monreal. S. Neurolog\u00eda. Hospital Universitario Ram\u00f3n y Cajal, Madrid.<\/p>\n\n\n\n<p>Miguel \u00c1ngel Calleja. S. Farmacia. Hospital Universitario Virgen de la Macarena, Sevilla.<\/p>\n        <\/div>\r\n    \r\n\r\n\r\n\r\n        \r\n\r\n\r\n        <div class=\"mesa\">\r\n          <h3 class=\"titu\">\r\n                          <a href=\"https:\/\/actualfarma.es\/congreso-2022\/mesa\/un-paso-adelante-en-enfermedades-inmunomediadas-de-las-espondiloartritis-a-la-dermatitis-atopica-grave\/\" title=\"Mesa 9\" rel=\"nofollow\">\r\n                            <span>18.30 - 19.15<\/span> Un Paso Adelante en Enfermedades Inmunomediadas: de las espondiloartritis a la dermatitis at\u00f3pica grave.                            <\/a>\r\n                      <\/h3>\r\n          \n<p>Moderadora: Piedad L\u00f3pez. S. Farmacia. Hospital de Tomelloso.<\/p>\n\n\n\n<p>Beatriz Joven. S. Reumatolog\u00eda. Hospital Doce de Octubre, Madrid.<\/p>\n\n\n\n<p>Iv\u00e1n Cervig\u00f3n. S. Dermatolog\u00eda. Hospital de Talavera de la Reina.<\/p>\n        <\/div>\r\n    \r\n\r\n\r\n\r\n        \r\n\r\n\r\n        <div class=\"mesa\">\r\n          <h3 class=\"titu\">\r\n                          <a href=\"https:\/\/actualfarma.es\/congreso-2022\/mesa\/filgotinib-la-nueva-era-de-los-jak\/\" title=\"Mesa 10\" rel=\"nofollow\">\r\n                            <span>19.15 - 20.00<\/span> Filgotinib: La nueva era de los JAK.                            <\/a>\r\n                      <\/h3>\r\n          \n<p>Moderador: Gregorio Romero. S. Farmacia. GAI Hell\u00edn.<\/p>\n\n\n\n<p>Ana Dom\u00ednguez. S. Farmacia. Complejo Hospitalario Universitario de Toledo.<\/p>\n\n\n\n<p>Gin\u00e9s Nievas. S. Reumatolog\u00eda. Complejo Hospitalario Universitario de Albacete.<\/p>\n        <\/div>\r\n    \r\n\r\n\r\n\r\n        \r\n\r\n\r\n        <div class=\"mesa\">\r\n          <h3 class=\"titu\">\r\n                          <a href=\"https:\/\/actualfarma.es\/congreso-2022\/mesa\/nuevas-moleculas-para-el-tratamiento-de-enfermedades-inflamatorias-autoinmunes-anti-il-23\/\" title=\"Mesa 11\" rel=\"nofollow\">\r\n                            <span>20.00 - 20.45<\/span> Nuevas mol\u00e9culas para el tratamiento de enfermedades inflamatorias autoinmunes: anti-IL-23.                            <\/a>\r\n                      <\/h3>\r\n          \n<p>Moderador: Joaqu\u00edn Borr\u00e1s Blasco. S. Farmacia. Hospital de Sagunto.<\/p>\n\n\n\n<p>Cristina Garc\u00eda Yubero. S. Farmacia. Hospital Universitario Infanta Sof\u00eda, Madrid.<\/p>\n\n\n\n<p>Alejandro Mu\u00f1oz Jim\u00e9nez. S. Reumatolog\u00eda. Hospital Virgen del Roc\u00edo, Sevilla.<\/p>\n        <\/div>\r\n    \r\n\r\n\r\n\r\n        \r\n<\/div>\r\n      \n<\/div><\/div>\n\n\n\n<div class=\"wp-block-kadence-tab kt-tab-inner-content kt-inner-tab-2 kt-inner-tab_76d9d7-75\"><div class=\"kt-tab-inner-content-inner\">\r\n<div class=\"bloque_programa\">\r\n    <h2 class=\"titulo\">Multidisciplinaridad.<\/h2>\r\n      \r\n\r\n\r\n        <div class=\"mesa\">\r\n          <h3 class=\"titu\">\r\n                          <a href=\"https:\/\/actualfarma.es\/congreso-2022\/mesa\/la-practica-clinica-y-el-big-data\/\" title=\"Mesa 1\" rel=\"nofollow\">\r\n                            <span>9.00 - 10.00<\/span> La pr\u00e1ctica cl\u00ednica y el Big Data.                            <\/a>\r\n                      <\/h3>\r\n          \n<p>Ignacio Medrano. CEO Savana.<\/p>\n\n\n\n<p><\/p>\n        <\/div>\r\n    \r\n\r\n\r\n\r\n        \r\n\r\n\r\n        <div class=\"mesa\">\r\n          <h3 class=\"titu\">\r\n                          <a href=\"https:\/\/actualfarma.es\/congreso-2022\/mesa\/sindrome-cardiorrenal-presente-y-futuro\/\" title=\"Mesa 2\" rel=\"nofollow\">\r\n                            <span>10.00 - 11.00<\/span> Riesgo cardiovascular, adherencia, f\u00e1rmacos y S\u00edndrome cardiorrenal: presente y futuro                            <\/a>\r\n                      <\/h3>\r\n          \n<p>Moderadores: Mar\u00eda Carmen de Gracia. S. Nefrolog\u00eda. Hospital Universitario Virgen de las Nieves, Granada. Ignacio Hermida. UCAPI-M. Interna. CHU Albacete.<\/p>\n\n\n\n<p>Unidades Cardiorrenales y S\u00edndrome Cardiorrenal. Marta Cobo. S. Cardiolog\u00eda. Hospital Universitario Puerta de Hierro, Madrid.<\/p>\n\n\n\n<p>\u00bfPor qu\u00e9 Unidades Cardiorrenales? Agust\u00edn Ortega.&nbsp;&nbsp;Unidad Di\u00e1lisis Peritoneal y S\u00edndrome cardiorrenal. CHU Albacete.<\/p>\n\n\n\n<p>Resultados den Programa Cardiorrenal de reciente creaci\u00f3n. Juan P\u00e9rez. Director M\u00e1ster Riesgocardiovascular. Universidad de Castilla-La Mancha.<\/p>\n\n\n\n<p>Hiperpotasemia: viejos problemas, nuevas soluciones. Francisco Javier Centellas P\u00e9rez. S. Nefrolog\u00eda. CHU Albacete.<\/p>\n\n\n\n<p>Nuevos f\u00e1rmacos en el S\u00edndrome Cardiorrenal. Gregorio Romero. S. Farmacia. GAI Hell\u00edn.<\/p>\n\n\n\n<p>Presentaci\u00f3n de la plataforma REACT, y as\u00ed poder seguir concienciando sobre el problema de la adherencia terap\u00e9utica en el campo de las enfermedades CV. Miguel Corb\u00ed. S. Cardiolog\u00eda. CHU Albacete.<\/p>\n        <\/div>\r\n    \r\n\r\n\r\n\r\n        \r\n\r\n\r\n        <div class=\"mesa\">\r\n          <h3 class=\"titu\">\r\n                          <a href=\"https:\/\/actualfarma.es\/congreso-2022\/mesa\/nuevas-moleculas-y-nuevos-equipos-el-ejemplo-del-sindrome-hemolitico-uremico\/\" title=\"Mesa 3\" rel=\"nofollow\">\r\n                            <span>11.00 - 12.00<\/span> Nuevas mol\u00e9culas y nuevos equipos: el ejemplo del S\u00edndrome Hemol\u00edtico-Ur\u00e9mico y la Microangiopat\u00eda tromb\u00f3tica.                            <\/a>\r\n                      <\/h3>\r\n          \n<p>Moderador: Juan Ram\u00f3n Romero. S. Hematolog\u00eda. CHU Albacete.<\/p>\n\n\n\n<p>Abordaje Multidisciplinar del SHU. Agust\u00edn Ortega. S. Nefrolog\u00eda. CHU Albacete.<\/p>\n\n\n\n<p>Microangiopat\u00eda tromb\u00f3tica y trasplante de progenitores hematopoy\u00e9ticos.&nbsp;&nbsp;Alberto Mar\u00edn. S. Hematolog\u00eda. CHU Albacete.<\/p>\n        <\/div>\r\n    \r\n\r\n\r\n\r\n        \r\n\r\n\r\n        <div class=\"mesa\">\r\n          <h3 class=\"titu\">\r\n                          <a href=\"https:\/\/actualfarma.es\/congreso-2022\/mesa\/despertando-las-nuevas-posibilidades-en-diabetes-mellitus-2\/\" title=\"Mesa 4\" rel=\"nofollow\">\r\n                            <span>12.30 - 13.30<\/span> Despertando las nuevas posibilidades en Diabetes Mellitus 2.                            <\/a>\r\n                      <\/h3>\r\n          \n<p>Pedro J. Pin\u00e9s. S. Endocrinolog\u00eda y Nutrici\u00f3n. CHU Albacete.<\/p>\n\n\n\n<p>Ra\u00fal Piedra. CS Azuqueca de Henares<\/p>\n\n\n\n<p>Mario Baquero. S. Cardiolog\u00eda. CHU Toledo.<\/p>\n\n\n\n<p>Ana Mar\u00eda Romera. S. Nefrolog\u00eda. Hospital General Universitario de Ciudad Real.<\/p>\n\n\n\n<p>Esteban Mart\u00edn. S. Medicina Interna. Hospital Universitario de Guadalajara.<\/p>\n        <\/div>\r\n    \r\n\r\n\r\n\r\n        \r\n\r\n\r\n        <div class=\"mesa\">\r\n          <h3 class=\"titu\">\r\n                          <a href=\"https:\/\/actualfarma.es\/congreso-2022\/mesa\/innovando-en-el-abordaje-integral-al-paciente-dermatologico\/\" title=\"Mesa 5\" rel=\"nofollow\">\r\n                            <span>13.30 - 14.30<\/span> Innovando en el abordaje integral al paciente dermatol\u00f3gico.                            <\/a>\r\n                      <\/h3>\r\n          \n<p>Moderadora: Elena Gras. \u00c1rea Farmacocin\u00e9tica. Hospital de Manises.<\/p>\n\n\n\n<p>Antonio Martorell. S. Dermatolog\u00eda. Hospital de Manises.<\/p>\n\n\n\n<p>Ra\u00fal Prats. S. Farmacia. Hospital de Manises.<\/p>\n        <\/div>\r\n    \r\n\r\n\r\n\r\n        \r\n\r\n\r\n        <div class=\"mesa\">\r\n          <h3 class=\"titu\">\r\n                          <a href=\"https:\/\/actualfarma.es\/congreso-2022\/mesa\/avances-en-antibioterapia-para-gram-negativos\/\" title=\"Mesa 6\" rel=\"nofollow\">\r\n                            <span>16.00 - 17.00<\/span> Avances en antibioterapia.                            <\/a>\r\n                      <\/h3>\r\n          \n<p>Moderador: Juan Carlos Segura. Unidad de enfermedades infecciosas CHU Albacete.<\/p>\n\n\n\n<p>Ricardo Serrano. S. Medicina Intensiva. GAI Hell\u00edn.<\/p>\n\n\n\n<p>Francisco Moreno. S. Farmacia. Hospital Universitario La Paz, Madrid.<\/p>\n\n\n\n<p>Abel Trujillano. S. Farmacia. Hospital de Manacor.<\/p>\n        <\/div>\r\n    \r\n\r\n\r\n\r\n        \r\n\r\n\r\n        <div class=\"mesa\">\r\n          <h3 class=\"titu\">\r\n                          <a href=\"https:\/\/actualfarma.es\/congreso-2022\/mesa\/presente-y-futuro-del-vih\/\" title=\"Mesa 7\" rel=\"nofollow\">\r\n                            <span>17.00 - 18.00<\/span> Presente y futuro del VIH.                            <\/a>\r\n                      <\/h3>\r\n          \n<p>Moderador: Miguel Almanchel&nbsp;Rivadeneyra. S. Farmacia. Hospital Virgen del Castillo, Yecla.<\/p>\n\n\n\n<p>Pilar D\u00edaz Ruiz. S. Farmacia. Hospital Universitario N\u00aa S\u00aa Candelaria, Sta. Cruz de Tenerife.<\/p>\n\n\n\n<p>Alberto D\u00edaz De Santiago. S. Medicina Interna. Hospital Universitario Puerta de Hierro, Madrid.<\/p>\n        <\/div>\r\n    \r\n\r\n\r\n\r\n        \r\n\r\n\r\n        <div class=\"mesa\">\r\n          <h3 class=\"titu\">\r\n                          <a href=\"https:\/\/actualfarma.es\/congreso-2022\/mesa\/la-microbiota-problema-o-respuestas-en-las-enfermedades-inflamatorias-intestinales\/\" title=\"Mesa 8\" rel=\"nofollow\">\r\n                            <span>18.30 - 19.30<\/span> La\u00a0\u00a0microbiota, problema o respuestas en las Enfermedades Inflamatorias Intestinales.                            <\/a>\r\n                      <\/h3>\r\n          \n<p>Ana Guti\u00e9rrez. S. Medicina Digestiva. Hospital General Universitario de Alicante.<\/p>\n\n\n\n<p>Laura Sempere. S. Medicina Digestiva. Hospital General Universitario de Alicante.<\/p>\n        <\/div>\r\n    \r\n\r\n\r\n\r\n        \r\n\r\n\r\n        <div class=\"mesa\">\r\n          <h3 class=\"titu\">\r\n                          <a href=\"https:\/\/actualfarma.es\/congreso-2022\/mesa\/anticuerpos-monoclonales-en-asma-grave-reslizumab\/\" title=\"Mesa 11\" rel=\"nofollow\">\r\n                            <span>19.30 - 20.30<\/span> Anticuerpos Monoclonales en Asma Grave: Reslizumab.                            <\/a>\r\n                      <\/h3>\r\n          \n<p>Moderador: Gregorio Romero. S. Farmacia. GAI Hell\u00edn.<\/p>\n\n\n\n<p>Vicente Merino Boh\u00f3rquez. S. Farmacia. HU Virgen Macarena.<\/p>\n\n\n\n<p>Jos\u00e9 Gregorio Soto Campos. S Neumolog\u00eda. Hospital Jerez de la Frontera.<\/p>\n        <\/div>\r\n    \r\n\r\n\r\n\r\n        \r\n<\/div>\r\n      \n<\/div><\/div>\n\n\n\n<div class=\"wp-block-kadence-tab kt-tab-inner-content kt-inner-tab-3 kt-inner-tab_2d8e22-cd\"><div class=\"kt-tab-inner-content-inner\">\r\n<div class=\"bloque_programa\">\r\n    <h2 class=\"titulo\">Avanzando en precisi\u00f3n.<\/h2>\r\n      \r\n\r\n\r\n        <div class=\"mesa\">\r\n          <h3 class=\"titu\">\r\n                          <a href=\"https:\/\/actualfarma.es\/congreso-2022\/mesa\/los-nuevos-targets-de-la-medicina-de-precision\/\" title=\"Mesa 1\" rel=\"nofollow\">\r\n                            <span>9.00 - 10.00<\/span> Los nuevos targets de la medicina de precisi\u00f3n.                            <\/a>\r\n                      <\/h3>\r\n          \n<p>Francisco Bautista Sirvent. Clinical Scientist, MD Ph. Trial and Data Centrum. Princess Maxima centrum voor kinderoncologie. Utrech, Pa\u00edses Bajos.<\/p>\n        <\/div>\r\n    \r\n\r\n\r\n\r\n        \r\n\r\n\r\n        <div class=\"mesa\">\r\n          <h3 class=\"titu\">\r\n                          <a href=\"https:\/\/actualfarma.es\/congreso-2022\/mesa\/ultimos-avances-en-cancer-metastasico-en-cancer-her-2\/\" title=\"Mesa 2\" rel=\"nofollow\">\r\n                            <span>10.00 - 10.45<\/span> \u00daltimos avances en c\u00e1ncer metast\u00e1sico en c\u00e1ncer HER 2+.                            <\/a>\r\n                      <\/h3>\r\n          \n<p>Moderador: Manuel Clemente. S. Farmacia. CHU Albacete.<\/p>\n\n\n\n<p>Sara L\u00f3pez-Tarruella. S. Oncolog\u00eda M\u00e9dica. Hospital General Universitario Gregorio Mara\u00f1\u00f3n, Madrid.<\/p>\n\n\n\n<p>Laura Delgado. S. Farmacia. Hospital Universitario Puerta de Hierro, Madrid.<\/p>\n        <\/div>\r\n    \r\n\r\n\r\n\r\n        \r\n\r\n\r\n        <div class=\"mesa\">\r\n          <h3 class=\"titu\">\r\n                          <a href=\"https:\/\/actualfarma.es\/congreso-2022\/mesa\/tratamiento-dirigido-en-triple-negativo\/\" title=\"Mesa 3\" rel=\"nofollow\">\r\n                            <span>10.45 - 11.30<\/span> Tratamiento dirigido en triple negativo.                            <\/a>\r\n                      <\/h3>\r\n          \n<p>Moderador: Pau Frias Ruiz. S. Farmacia. Centros oncol\u00f3gicos Genesiscare.<\/p>\n\n\n\n<p>Fernando Guti\u00e9rrez. S. Farmacia. Hospital Univeritario de Canarias, Sta. Cruz de Tenerife.<\/p>\n\n\n\n<p>Josefina Cruz. S. Oncolog\u00eda. Hospital Univeritario de Canarias, Sta. Cruz de Tenerife.<\/p>\n        <\/div>\r\n    \r\n\r\n\r\n\r\n        \r\n\r\n\r\n        <div class=\"mesa\">\r\n          <h3 class=\"titu\">\r\n                          <a href=\"https:\/\/actualfarma.es\/congreso-2022\/mesa\/optimizando-el-beneficio-clinico-de-la-inmunooncologia-doble-inmunoterapia-y-estadios-tempranos\/\" title=\"Mesa 4\" rel=\"nofollow\">\r\n                            <span>11.30 - 12.15<\/span> Optimizando el beneficio cl\u00ednico de la inmunooncolog\u00eda: doble inmunoterapia y estadios tempranos.                            <\/a>\r\n                      <\/h3>\r\n          \n<p>Moderadora: Marca D\u00edaz Rangel. S. Farmacia. GAI Hell\u00edn.<\/p>\n\n\n\n<p>Rosa Mar\u00eda Villatoro. S. Oncolog\u00eda M\u00e9dica. Hospital Costa del Sol, Marbella.<\/p>\n\n\n\n<p>Ana Rosa Rubio. S. Farmacia. Hospital Universitario de Toledo.<\/p>\n        <\/div>\r\n    \r\n\r\n\r\n\r\n        \r\n\r\n\r\n        <div class=\"mesa\">\r\n          <h3 class=\"titu\">\r\n                          <a href=\"https:\/\/actualfarma.es\/congreso-2022\/mesa\/objetivos-en-el-tratamiento-de-la-llc-hacia-donde-vamos\/\" title=\"Mesa 5\" rel=\"nofollow\">\r\n                            <span>12.30 - 13.30<\/span> Objetivos en el tratamiento de la LLC: \u00bfhacia d\u00f3nde vamos?                            <\/a>\r\n                      <\/h3>\r\n          \n<p>Moderador: Jos\u00e9 Manuel Mart\u00ednez Sesmero. S. Farmacia. HU Cl\u00ednico San Carlos, Madrid.<\/p>\n\n\n\n<p>Miguel Angel Rodr\u00edguez Sagrado. S. Farmacia. Hospital Universitario Ram\u00f3n y Cajal, Madrid.<\/p>\n\n\n\n<p>Patricia Baltasar Tello. S. Hematolog\u00eda. Hospital Universitario La Paz, Madrid.<\/p>\n        <\/div>\r\n    \r\n\r\n\r\n\r\n        \r\n\r\n\r\n        <div class=\"mesa\">\r\n          <h3 class=\"titu\">\r\n                          <a href=\"https:\/\/actualfarma.es\/congreso-2022\/mesa\/cemiplimab-nueva-opcion-terapeutica-en-1a-linea-de-cancer-de-pulmon-no-microcitico\/\" title=\"Mesa 6\" rel=\"nofollow\">\r\n                            <span>13.30 - 14.30<\/span> Cemiplimab nueva opci\u00f3n terap\u00e9utica en 1\u00aa linea de C\u00e1ncer de pulm\u00f3n no microc\u00edtico.                            <\/a>\r\n                      <\/h3>\r\n          \n<p>Moderadora:&nbsp;&nbsp;Mar\u00eda Espinosa Bosch. Hospital Regional Universitario de M\u00e1laga.<\/p>\n\n\n\n<p>Manuel Cobo. S. Oncolog\u00eda. Hospital Regional Universitario de M\u00e1laga.<\/p>\n\n\n\n<p>Javier Castro. S. Oncolog\u00eda. Hospital Universitario La Paz, Madrid.<\/p>\n        <\/div>\r\n    \r\n\r\n\r\n\r\n        \r\n\r\n\r\n        <div class=\"mesa\">\r\n          <h3 class=\"titu\">\r\n                          <a href=\"https:\/\/actualfarma.es\/congreso-2022\/mesa\/nuevas-metas-y-nuevos-retos-en-mieloma-multiple\/\" title=\"Mesa 7\" rel=\"nofollow\">\r\n                            <span>16.00 - 16.45<\/span> Nuevas MMetas y nuevos RRetos en Mieloma M\u00faltiple.                            <\/a>\r\n                      <\/h3>\r\n          \n<p>Moderador: Mario Garc\u00eda. S. Farmacia. Hospital Universitario de Fuenlabrada.<\/p>\n\n\n\n<p>Los anti-CD38: misma diana, diferente mecanismo de acci\u00f3n. Dr. Albert Oriol Rocafiguera. Servicio Hematolog\u00eda Cl\u00ednica. ICO Badalona. Hospital Germans Trias i Pujol.<\/p>\n\n\n\n<p>Toma de decisiones por perfil de paciente: refractariedad a Len. Dra. Ana Beatriz Fern\u00e1ndez Rom\u00e1n.&nbsp; Servicio Farmacia Hospital Univ. Fuenlabrada.<\/p>\n\n\n\n<p>Isatuximab como backbone de Kd o Pd: \u00faltimos avances tras refractariedad a Len. Dr. Albert Oriol Rocafiguera. Servicio hematolog\u00eda Cl\u00ednica. ICO Badalona. Hospital Germans Trias i Pujol<\/p>\n        <\/div>\r\n    \r\n\r\n\r\n\r\n        \r\n\r\n\r\n        <div class=\"mesa\">\r\n          <h3 class=\"titu\">\r\n                          <a href=\"https:\/\/actualfarma.es\/congreso-2022\/mesa\/el-nuevo-presente-en-pacientes-con-mieloma-multiple-triple-refractario\/\" title=\"Mesa 8\" rel=\"nofollow\">\r\n                            <span>16.45 - 17.30<\/span> El nuevo presente en pacientes con mieloma m\u00faltiple triple refractario.                            <\/a>\r\n                      <\/h3>\r\n          \n<p>Ana Rosa Rubio.&nbsp;&nbsp;S. Farmacia. Hospital Universitario de Toledo.<\/p>\n\n\n\n<p>Carmen Gal\u00e1n. S. Hematolog\u00eda. Hospital de Antequera, M\u00e1laga.<\/p>\n        <\/div>\r\n    \r\n\r\n\r\n\r\n        \r\n\r\n\r\n        <div class=\"mesa\">\r\n          <h3 class=\"titu\">\r\n                          <a href=\"https:\/\/actualfarma.es\/congreso-2022\/mesa\/inhibidores-de-parp-en-primera-linea-del-cancer-de-ovario-avanzado-que-hemos-aprendido\/\" title=\"Mesa 9\" rel=\"nofollow\">\r\n                            <span>17.30 - 18.15<\/span> Inhibidores de PARP en primera l\u00ednea del C\u00e1ncer de Ovario Avanzado. \u00bfQu\u00e9 hemos aprendido?                            <\/a>\r\n                      <\/h3>\r\n          \n<p>Moderador: Pau Frias. S. Farmacia. Centros Oncol\u00f3gicos Genesiscare.<\/p>\n\n\n\n<p>Ruth Espinosa. S. Oncolog\u00eda. Hospital Mancha Centro, Alc\u00e1zar de San Juan.<\/p>\n\n\n\n<p>Pilar Vicente. S. Farmacia. Hospital General Universitario de Ciudad Real.<\/p>\n        <\/div>\r\n    \r\n\r\n\r\n\r\n        \r\n\r\n\r\n        <div class=\"mesa\">\r\n          <h3 class=\"titu\">\r\n                          <a href=\"https:\/\/actualfarma.es\/congreso-2022\/mesa\/home-delivery-cuestion-de-tiempo\/\" title=\"Mesa 10\" rel=\"nofollow\">\r\n                            <span>18.30 - 19.30<\/span> M\u00e1s all\u00e1 del Home Delivery: trazabilidad y nuevas formas de relaci\u00f3n con los pacientes.                            <\/a>\r\n                      <\/h3>\r\n          \n<p>Moderador: Ra\u00fal Ferrando Piqueres. S. Farmacia. Hospital General Universitario de Castell\u00f3n.<\/p>\n\n\n\n<p>Jos\u00e9 Luis P\u00e9rez Ruiz. Director de Operaciones. Home Delivery. Proyecto Lenora.<\/p>\n\n\n\n<p>I\u00f1igo Cuesta Pelayo.&nbsp;&nbsp;Director General. Home Delivery. Proyecto Lenora.<\/p>\n        <\/div>\r\n    \r\n\r\n\r\n\r\n        \r\n<\/div>\r\n      \n<\/div><\/div>\n<\/div><\/div><\/div>\n<\/div><\/div>\n\n\n\n<figure class=\"wp-block-image alignfull size-large\"><img loading=\"lazy\" decoding=\"async\" width=\"1024\" height=\"683\" src=\"https:\/\/actualfarma.es\/congreso-2022\/wp-content\/uploads\/2022\/04\/actualfarma-programa-1024x683.jpg\" alt=\"\" class=\"wp-image-41\" srcset=\"https:\/\/actualfarma.es\/congreso-2022\/wp-content\/uploads\/2022\/04\/actualfarma-programa-1024x683.jpg 1024w, https:\/\/actualfarma.es\/congreso-2022\/wp-content\/uploads\/2022\/04\/actualfarma-programa-300x200.jpg 300w, https:\/\/actualfarma.es\/congreso-2022\/wp-content\/uploads\/2022\/04\/actualfarma-programa-768x512.jpg 768w, https:\/\/actualfarma.es\/congreso-2022\/wp-content\/uploads\/2022\/04\/actualfarma-programa-1536x1024.jpg 1536w, https:\/\/actualfarma.es\/congreso-2022\/wp-content\/uploads\/2022\/04\/actualfarma-programa-2048x1366.jpg 2048w\" sizes=\"auto, (max-width: 1024px) 100vw, 1024px\" \/><\/figure>\n\n\n\r\n<div class=\"bloque_patro patro_platino\">\r\n    <div class=\"titu_patro\">\r\n        <h3 class=\"titu\">Patrocinadores PLATINO<\/h3>\r\n    <\/div>\r\n    <div class=\"logos_patro\">\r\n        <div class=\"lista_logos\">\r\n      \r\n\r\n\r\n\r\n        <div class=\"logo\">\r\n                      <a href=\"https:\/\/actualfarma.es\/congreso-2022\/patrocinador\/sanofi%EF%BF%BC\/?preview_id=2747&#038;preview_nonce=d01986cdf7&#038;preview=true&#038;_thumbnail_id=2748\" title=\"SANOFI\ufffc\" rel=\"nofollow\">\r\n                        <img decoding=\"async\" src=\"https:\/\/actualfarma.es\/congreso-2022\/wp-content\/uploads\/2022\/05\/sanofi.png\" alt=\"SANOFI\ufffc\">\r\n                          <\/a>\r\n                      <\/div>\r\n \r\n\r\n\r\n        \r\n\r\n\r\n\r\n        <div class=\"logo\">\r\n                      <img decoding=\"async\" src=\"https:\/\/actualfarma.es\/congreso-2022\/wp-content\/uploads\/2022\/05\/gilead.png\" alt=\"GILEAD\">\r\n                    <\/div>\r\n \r\n\r\n\r\n        \r\n\r\n\r\n\r\n        <div class=\"logo\">\r\n                      <img decoding=\"async\" src=\"https:\/\/actualfarma.es\/congreso-2022\/wp-content\/uploads\/2022\/05\/janssen.png\" alt=\"JANSSEN\">\r\n                    <\/div>\r\n \r\n\r\n\r\n        \r\n<\/div>\r\n<\/div>\r\n<\/div>\r\n\r\n\r\n      \n\n\n\r\n<div class=\"bloque_patro patro_oro\">\r\n    <div class=\"titu_patro\">\r\n        <h3 class=\"titu\">Patrocinadores ORO<\/h3>\r\n    <\/div>\r\n    <div class=\"logos_patro\">\r\n        <div class=\"lista_logos\">\r\n      \r\n\r\n\r\n\r\n        <div class=\"logo\">\r\n                      <img decoding=\"async\" src=\"https:\/\/actualfarma.es\/congreso-2022\/wp-content\/uploads\/2022\/05\/alexion.png\" alt=\"ALEXION\">\r\n                    <\/div>\r\n \r\n\r\n\r\n        \r\n\r\n\r\n\r\n        <div class=\"logo\">\r\n                      <img decoding=\"async\" src=\"https:\/\/actualfarma.es\/congreso-2022\/wp-content\/uploads\/2022\/05\/vifor.png\" alt=\"VIFOR\">\r\n                    <\/div>\r\n \r\n\r\n\r\n        \r\n\r\n\r\n\r\n        <div class=\"logo\">\r\n                      <img decoding=\"async\" src=\"https:\/\/actualfarma.es\/congreso-2022\/wp-content\/uploads\/2022\/05\/gsk.png\" alt=\"GSK\">\r\n                    <\/div>\r\n \r\n\r\n\r\n        \r\n\r\n\r\n\r\n        <div class=\"logo\">\r\n                      <img decoding=\"async\" src=\"https:\/\/actualfarma.es\/congreso-2022\/wp-content\/uploads\/2022\/05\/kyowa.png\" alt=\"KYOWA\">\r\n                    <\/div>\r\n \r\n\r\n\r\n        \r\n<\/div>\r\n<\/div>\r\n<\/div>\r\n\r\n\r\n      \n\n\n\r\n<div class=\"bloque_patro patro_plata\">\r\n    <div class=\"titu_patro\">\r\n        <h3 class=\"titu\">Patrocinadores PLATA<\/h3>\r\n    <\/div>\r\n    <div class=\"logos_patro\">\r\n        <div class=\"lista_logos\">\r\n      \r\n\r\n\r\n\r\n        <div class=\"logo\">\r\n                      <a href=\"https:\/\/actualfarma.es\/congreso-2022\/wp-content\/uploads\/2022\/06\/ft-p-rnq-10-may22.pdf\" title=\"ABBVIE\" rel=\"nofollow\">\r\n                        <img decoding=\"async\" src=\"https:\/\/actualfarma.es\/congreso-2022\/wp-content\/uploads\/2022\/05\/abbviedef.png\" alt=\"ABBVIE\">\r\n                          <\/a>\r\n                      <\/div>\r\n \r\n\r\n\r\n        \r\n\r\n\r\n\r\n        <div class=\"logo\">\r\n                      <img decoding=\"async\" src=\"https:\/\/actualfarma.es\/congreso-2022\/wp-content\/uploads\/2022\/05\/alnylam.png\" alt=\"ALNYLAM\">\r\n                    <\/div>\r\n \r\n\r\n\r\n        \r\n\r\n\r\n\r\n        <div class=\"logo\">\r\n                      <img decoding=\"async\" src=\"https:\/\/actualfarma.es\/congreso-2022\/wp-content\/uploads\/2022\/05\/angelini.png\" alt=\"ANGELINI\">\r\n                    <\/div>\r\n \r\n\r\n\r\n        \r\n\r\n\r\n\r\n        <div class=\"logo\">\r\n                      <img decoding=\"async\" src=\"https:\/\/actualfarma.es\/congreso-2022\/wp-content\/uploads\/2022\/05\/bristoldef.png\" alt=\"BMS\">\r\n                    <\/div>\r\n \r\n\r\n\r\n        \r\n\r\n\r\n\r\n        <div class=\"logo\">\r\n                      <img decoding=\"async\" src=\"https:\/\/actualfarma.es\/congreso-2022\/wp-content\/uploads\/2022\/05\/boehringer.png\" alt=\"BOEHRINGER\">\r\n                    <\/div>\r\n \r\n\r\n\r\n        \r\n\r\n\r\n\r\n        <div class=\"logo\">\r\n                      <img decoding=\"async\" src=\"https:\/\/actualfarma.es\/congreso-2022\/wp-content\/uploads\/2022\/05\/captura-de-pantalla-2022-05-16-a-las-142720.png\" alt=\"DAIICHI ASTRAZENECA\">\r\n                    <\/div>\r\n \r\n\r\n\r\n        \r\n\r\n\r\n\r\n        <div class=\"logo\">\r\n                      <img decoding=\"async\" src=\"https:\/\/actualfarma.es\/congreso-2022\/wp-content\/uploads\/2022\/05\/galapagosdef.png\" alt=\"GAL\u00c1PAGOS\">\r\n                    <\/div>\r\n \r\n\r\n\r\n        \r\n\r\n\r\n\r\n        <div class=\"logo\">\r\n                      <img decoding=\"async\" src=\"https:\/\/actualfarma.es\/congreso-2022\/wp-content\/uploads\/2022\/05\/novodef.png\" alt=\"NOVONORDISK\">\r\n                    <\/div>\r\n \r\n\r\n\r\n        \r\n\r\n\r\n\r\n        <div class=\"logo\">\r\n                      <img decoding=\"async\" src=\"https:\/\/actualfarma.es\/congreso-2022\/wp-content\/uploads\/2022\/05\/teva.png\" alt=\"TEVA\">\r\n                    <\/div>\r\n \r\n\r\n\r\n        \r\n<\/div>\r\n<\/div>\r\n<\/div>\r\n\r\n\r\n      \n\n\n\r\n<div class=\"bloque_patro patro_bronce\">\r\n    <div class=\"titu_patro\">\r\n        <h3 class=\"titu\">Patrocinadores BRONCE<\/h3>\r\n    <\/div>\r\n    <div class=\"logos_patro\">\r\n        <div class=\"lista_logos\">\r\n      \r\n\r\n\r\n\r\n        <div class=\"logo\">\r\n                      <img decoding=\"async\" src=\"https:\/\/actualfarma.es\/congreso-2022\/wp-content\/uploads\/2022\/05\/lilly.png\" alt=\"LILLY\">\r\n                    <\/div>\r\n \r\n\r\n\r\n        \r\n\r\n\r\n\r\n        <div class=\"logo\">\r\n                      <img decoding=\"async\" src=\"https:\/\/actualfarma.es\/congreso-2022\/wp-content\/uploads\/2022\/05\/altan.png\" alt=\"ALTAN\">\r\n                    <\/div>\r\n \r\n\r\n\r\n        \r\n\r\n\r\n\r\n        <div class=\"logo\">\r\n                      <img decoding=\"async\" src=\"https:\/\/actualfarma.es\/congreso-2022\/wp-content\/uploads\/2022\/05\/almirall.png\" alt=\"ALMIRALL\">\r\n                    <\/div>\r\n \r\n\r\n\r\n        \r\n\r\n\r\n\r\n        <div class=\"logo\">\r\n                      <img decoding=\"async\" src=\"https:\/\/actualfarma.es\/congreso-2022\/wp-content\/uploads\/2022\/05\/fresenius.png\" alt=\"FRESENIUS\">\r\n                    <\/div>\r\n \r\n\r\n\r\n        \r\n\r\n\r\n\r\n        <div class=\"logo\">\r\n                      <img decoding=\"async\" src=\"https:\/\/actualfarma.es\/congreso-2022\/wp-content\/uploads\/2022\/05\/amgen.png\" alt=\"AMGEN\">\r\n                    <\/div>\r\n \r\n\r\n\r\n        \r\n\r\n\r\n\r\n        <div class=\"logo\">\r\n                      <img decoding=\"async\" src=\"https:\/\/actualfarma.es\/congreso-2022\/wp-content\/uploads\/2022\/05\/kern.png\" alt=\"KERN\">\r\n                    <\/div>\r\n \r\n\r\n\r\n        \r\n\r\n\r\n\r\n        <div class=\"logo\">\r\n                      <a href=\"https:\/\/actualfarma.es\/congreso-2022\/patrocinador\/pfizer\/?preview_id=2809&#038;preview_nonce=ca5a429706&#038;preview=true&#038;_thumbnail_id=2791\" title=\"PFIZER\" rel=\"nofollow\">\r\n                        <img decoding=\"async\" src=\"https:\/\/actualfarma.es\/congreso-2022\/wp-content\/uploads\/2022\/05\/pfizer.png\" alt=\"PFIZER\">\r\n                          <\/a>\r\n                      <\/div>\r\n \r\n\r\n\r\n        \r\n\r\n\r\n\r\n        <div class=\"logo\">\r\n                      <img decoding=\"async\" src=\"https:\/\/actualfarma.es\/congreso-2022\/wp-content\/uploads\/2022\/05\/bayer.png\" alt=\"BAYER\">\r\n                    <\/div>\r\n \r\n\r\n\r\n        \r\n\r\n\r\n\r\n        <div class=\"logo\">\r\n                      <img decoding=\"async\" src=\"https:\/\/actualfarma.es\/congreso-2022\/wp-content\/uploads\/2022\/05\/biogen.png\" alt=\"BIOGEN\">\r\n                    <\/div>\r\n \r\n\r\n\r\n        \r\n\r\n\r\n\r\n        <div class=\"logo\">\r\n                      <img decoding=\"async\" src=\"https:\/\/actualfarma.es\/congreso-2022\/wp-content\/uploads\/2022\/05\/otsuka.png\" alt=\"OTSUKA\">\r\n                    <\/div>\r\n \r\n\r\n\r\n        \r\n\r\n\r\n\r\n        <div class=\"logo\">\r\n                      <img decoding=\"async\" src=\"https:\/\/actualfarma.es\/congreso-2022\/wp-content\/uploads\/2022\/05\/seagen.png\" alt=\"SEAGEN\">\r\n                    <\/div>\r\n \r\n\r\n\r\n        \r\n\r\n\r\n\r\n        <div class=\"logo\">\r\n                      <img decoding=\"async\" src=\"https:\/\/actualfarma.es\/congreso-2022\/wp-content\/uploads\/2022\/05\/takedadef.png\" alt=\"TAKEDA\">\r\n                    <\/div>\r\n \r\n\r\n\r\n        \r\n\r\n\r\n\r\n        <div class=\"logo\">\r\n                      <img decoding=\"async\" src=\"https:\/\/actualfarma.es\/congreso-2022\/wp-content\/uploads\/2022\/05\/lenora.jpeg\" alt=\"LENORA\">\r\n                    <\/div>\r\n \r\n\r\n\r\n        \r\n<\/div>\r\n<\/div>\r\n<\/div>\r\n\r\n\r\n      \n\n\n\r\n<div class=\"bloque_patro patro_colaboradores\">\r\n    <div class=\"titu_patro\">\r\n        <h3 class=\"titu\">Patrocinadores COLABORADORES<\/h3>\r\n    <\/div>\r\n    <div class=\"logos_patro\">\r\n        <div class=\"lista_logos\">\r\n      \r\n\r\n\r\n\r\n        <div class=\"logo\">\r\n                      <img decoding=\"async\" src=\"https:\/\/actualfarma.es\/congreso-2022\/wp-content\/uploads\/2022\/05\/colegiomedicosab.jpeg\" alt=\"COLEGIO MEDICOS AB\">\r\n                    <\/div>\r\n \r\n\r\n\r\n        \r\n\r\n\r\n\r\n        <div class=\"logo\">\r\n                      <img decoding=\"async\" src=\"https:\/\/actualfarma.es\/congreso-2022\/wp-content\/uploads\/2022\/05\/logo-biotyc-lateral-izquierdo.png\" alt=\"BIOTYC\">\r\n                    <\/div>\r\n \r\n\r\n\r\n        \r\n\r\n\r\n\r\n        <div class=\"logo\">\r\n                      <img decoding=\"async\" src=\"https:\/\/actualfarma.es\/congreso-2022\/wp-content\/uploads\/2022\/05\/actualfarma.png\" alt=\"ACTUALFARMA\">\r\n                    <\/div>\r\n \r\n\r\n\r\n        \r\n\r\n\r\n\r\n        <div class=\"logo\">\r\n                      <img decoding=\"async\" src=\"https:\/\/actualfarma.es\/congreso-2022\/wp-content\/uploads\/2022\/05\/socamane.jpeg\" alt=\"SOCAMANE\">\r\n                    <\/div>\r\n \r\n\r\n\r\n        \r\n\r\n\r\n\r\n        <div class=\"logo\">\r\n                      <img decoding=\"async\" src=\"https:\/\/actualfarma.es\/congreso-2022\/wp-content\/uploads\/2022\/05\/socampar.png\" alt=\"SOCAMPAR\">\r\n                    <\/div>\r\n \r\n\r\n\r\n        \r\n\r\n\r\n\r\n        <div class=\"logo\">\r\n                      <img decoding=\"async\" src=\"https:\/\/actualfarma.es\/congreso-2022\/wp-content\/uploads\/2022\/05\/idine.jpeg\" alt=\"IDINE\">\r\n                    <\/div>\r\n \r\n\r\n\r\n        \r\n\r\n\r\n\r\n        <div class=\"logo\">\r\n                      <img decoding=\"async\" src=\"https:\/\/actualfarma.es\/congreso-2022\/wp-content\/uploads\/2022\/05\/sifcap.png\" alt=\"SIFCAP\">\r\n                    <\/div>\r\n \r\n\r\n\r\n        \r\n\r\n\r\n\r\n        <div class=\"logo\">\r\n                      <img decoding=\"async\" src=\"https:\/\/actualfarma.es\/congreso-2022\/wp-content\/uploads\/2022\/05\/colegiofarmaceuticosab.png\" alt=\"COLEGIO FARMAC\u00c9UTICOS AB\">\r\n                    <\/div>\r\n \r\n\r\n\r\n        \r\n<\/div>\r\n<\/div>\r\n<\/div>\r\n\r\n\r\n      \n","protected":false},"excerpt":{"rendered":"","protected":false},"author":1,"featured_media":0,"parent":0,"menu_order":0,"comment_status":"closed","ping_status":"closed","template":"","meta":{"inline_featured_image":false,"footnotes":""},"class_list":["post-202","page","type-page","status-publish","hentry"],"yoast_head":"<!-- This site is optimized with the Yoast SEO plugin v27.2 - https:\/\/yoast.com\/product\/yoast-seo-wordpress\/ -->\n<title>Programa - Actualfarma 2022<\/title>\n<meta name=\"description\" content=\"El programa del congreso est\u00e1 repartido en 4 d\u00edas. D\u00eda 1: Charlas precongreso. D\u00eda 2: Actualizaci\u00f3n. D\u00eda 3: Act\u00faa con ellos. D\u00eda 4: Innovemos\" \/>\n<meta name=\"robots\" content=\"index, follow, max-snippet:-1, max-image-preview:large, max-video-preview:-1\" \/>\n<link rel=\"canonical\" href=\"https:\/\/actualfarma.es\/congreso-2022\/programa\/\" \/>\n<meta property=\"og:locale\" content=\"es_ES\" \/>\n<meta property=\"og:type\" content=\"article\" \/>\n<meta property=\"og:title\" content=\"Programa - Actualfarma 2022\" \/>\n<meta property=\"og:description\" content=\"El programa del congreso est\u00e1 repartido en 4 d\u00edas. D\u00eda 1: Charlas precongreso. D\u00eda 2: Actualizaci\u00f3n. D\u00eda 3: Act\u00faa con ellos. D\u00eda 4: Innovemos\" \/>\n<meta property=\"og:url\" content=\"https:\/\/actualfarma.es\/congreso-2022\/programa\/\" \/>\n<meta property=\"og:site_name\" content=\"Actualfarma 2022\" \/>\n<meta property=\"article:modified_time\" content=\"2022-04-11T19:34:40+00:00\" \/>\n<meta property=\"og:image\" content=\"https:\/\/actualfarma.es\/congreso-2022\/wp-content\/uploads\/2022\/04\/actualfarma-programa-1024x683.jpg\" \/>\n<meta name=\"twitter:card\" content=\"summary_large_image\" \/>\n<meta name=\"twitter:label1\" content=\"Tiempo de lectura\" \/>\n\t<meta name=\"twitter:data1\" content=\"1 minuto\" \/>\n<script type=\"application\/ld+json\" class=\"yoast-schema-graph\">{\"@context\":\"https:\/\/schema.org\",\"@graph\":[{\"@type\":\"WebPage\",\"@id\":\"https:\/\/actualfarma.es\/congreso-2022\/programa\/\",\"url\":\"https:\/\/actualfarma.es\/congreso-2022\/programa\/\",\"name\":\"Programa - Actualfarma 2022\",\"isPartOf\":{\"@id\":\"https:\/\/actualfarma.es\/congreso-2022\/#website\"},\"primaryImageOfPage\":{\"@id\":\"https:\/\/actualfarma.es\/congreso-2022\/programa\/#primaryimage\"},\"image\":{\"@id\":\"https:\/\/actualfarma.es\/congreso-2022\/programa\/#primaryimage\"},\"thumbnailUrl\":\"https:\/\/actualfarma.es\/congreso-2022\/wp-content\/uploads\/2022\/04\/actualfarma-programa-1024x683.jpg\",\"datePublished\":\"2022-04-11T19:30:31+00:00\",\"dateModified\":\"2022-04-11T19:34:40+00:00\",\"description\":\"El programa del congreso est\u00e1 repartido en 4 d\u00edas. D\u00eda 1: Charlas precongreso. D\u00eda 2: Actualizaci\u00f3n. D\u00eda 3: Act\u00faa con ellos. D\u00eda 4: Innovemos\",\"breadcrumb\":{\"@id\":\"https:\/\/actualfarma.es\/congreso-2022\/programa\/#breadcrumb\"},\"inLanguage\":\"es\",\"potentialAction\":[{\"@type\":\"ReadAction\",\"target\":[\"https:\/\/actualfarma.es\/congreso-2022\/programa\/\"]}]},{\"@type\":\"ImageObject\",\"inLanguage\":\"es\",\"@id\":\"https:\/\/actualfarma.es\/congreso-2022\/programa\/#primaryimage\",\"url\":\"https:\/\/actualfarma.es\/congreso-2022\/wp-content\/uploads\/2022\/04\/actualfarma-programa.jpg\",\"contentUrl\":\"https:\/\/actualfarma.es\/congreso-2022\/wp-content\/uploads\/2022\/04\/actualfarma-programa.jpg\",\"width\":2500,\"height\":1667},{\"@type\":\"BreadcrumbList\",\"@id\":\"https:\/\/actualfarma.es\/congreso-2022\/programa\/#breadcrumb\",\"itemListElement\":[{\"@type\":\"ListItem\",\"position\":1,\"name\":\"Portada\",\"item\":\"https:\/\/actualfarma.es\/congreso-2022\/\"},{\"@type\":\"ListItem\",\"position\":2,\"name\":\"Programa\"}]},{\"@type\":\"WebSite\",\"@id\":\"https:\/\/actualfarma.es\/congreso-2022\/#website\",\"url\":\"https:\/\/actualfarma.es\/congreso-2022\/\",\"name\":\"Actualfarma 2022\",\"description\":\"Jornadas farmacol\u00f3gicas\",\"publisher\":{\"@id\":\"https:\/\/actualfarma.es\/congreso-2022\/#organization\"},\"potentialAction\":[{\"@type\":\"SearchAction\",\"target\":{\"@type\":\"EntryPoint\",\"urlTemplate\":\"https:\/\/actualfarma.es\/congreso-2022\/?s={search_term_string}\"},\"query-input\":{\"@type\":\"PropertyValueSpecification\",\"valueRequired\":true,\"valueName\":\"search_term_string\"}}],\"inLanguage\":\"es\"},{\"@type\":\"Organization\",\"@id\":\"https:\/\/actualfarma.es\/congreso-2022\/#organization\",\"name\":\"Actualfarma 2022\",\"url\":\"https:\/\/actualfarma.es\/congreso-2022\/\",\"logo\":{\"@type\":\"ImageObject\",\"inLanguage\":\"es\",\"@id\":\"https:\/\/actualfarma.es\/congreso-2022\/#\/schema\/logo\/image\/\",\"url\":\"https:\/\/actualfarma.es\/congreso-2022\/wp-content\/uploads\/2022\/04\/logo.svg\",\"contentUrl\":\"https:\/\/actualfarma.es\/congreso-2022\/wp-content\/uploads\/2022\/04\/logo.svg\",\"caption\":\"Actualfarma 2022\"},\"image\":{\"@id\":\"https:\/\/actualfarma.es\/congreso-2022\/#\/schema\/logo\/image\/\"}}]}<\/script>\n<!-- \/ Yoast SEO plugin. -->","yoast_head_json":{"title":"Programa - Actualfarma 2022","description":"El programa del congreso est\u00e1 repartido en 4 d\u00edas. D\u00eda 1: Charlas precongreso. D\u00eda 2: Actualizaci\u00f3n. D\u00eda 3: Act\u00faa con ellos. D\u00eda 4: Innovemos","robots":{"index":"index","follow":"follow","max-snippet":"max-snippet:-1","max-image-preview":"max-image-preview:large","max-video-preview":"max-video-preview:-1"},"canonical":"https:\/\/actualfarma.es\/congreso-2022\/programa\/","og_locale":"es_ES","og_type":"article","og_title":"Programa - Actualfarma 2022","og_description":"El programa del congreso est\u00e1 repartido en 4 d\u00edas. D\u00eda 1: Charlas precongreso. D\u00eda 2: Actualizaci\u00f3n. D\u00eda 3: Act\u00faa con ellos. D\u00eda 4: Innovemos","og_url":"https:\/\/actualfarma.es\/congreso-2022\/programa\/","og_site_name":"Actualfarma 2022","article_modified_time":"2022-04-11T19:34:40+00:00","og_image":[{"url":"https:\/\/actualfarma.es\/congreso-2022\/wp-content\/uploads\/2022\/04\/actualfarma-programa-1024x683.jpg","type":"","width":"","height":""}],"twitter_card":"summary_large_image","twitter_misc":{"Tiempo de lectura":"1 minuto"},"schema":{"@context":"https:\/\/schema.org","@graph":[{"@type":"WebPage","@id":"https:\/\/actualfarma.es\/congreso-2022\/programa\/","url":"https:\/\/actualfarma.es\/congreso-2022\/programa\/","name":"Programa - Actualfarma 2022","isPartOf":{"@id":"https:\/\/actualfarma.es\/congreso-2022\/#website"},"primaryImageOfPage":{"@id":"https:\/\/actualfarma.es\/congreso-2022\/programa\/#primaryimage"},"image":{"@id":"https:\/\/actualfarma.es\/congreso-2022\/programa\/#primaryimage"},"thumbnailUrl":"https:\/\/actualfarma.es\/congreso-2022\/wp-content\/uploads\/2022\/04\/actualfarma-programa-1024x683.jpg","datePublished":"2022-04-11T19:30:31+00:00","dateModified":"2022-04-11T19:34:40+00:00","description":"El programa del congreso est\u00e1 repartido en 4 d\u00edas. D\u00eda 1: Charlas precongreso. D\u00eda 2: Actualizaci\u00f3n. D\u00eda 3: Act\u00faa con ellos. D\u00eda 4: Innovemos","breadcrumb":{"@id":"https:\/\/actualfarma.es\/congreso-2022\/programa\/#breadcrumb"},"inLanguage":"es","potentialAction":[{"@type":"ReadAction","target":["https:\/\/actualfarma.es\/congreso-2022\/programa\/"]}]},{"@type":"ImageObject","inLanguage":"es","@id":"https:\/\/actualfarma.es\/congreso-2022\/programa\/#primaryimage","url":"https:\/\/actualfarma.es\/congreso-2022\/wp-content\/uploads\/2022\/04\/actualfarma-programa.jpg","contentUrl":"https:\/\/actualfarma.es\/congreso-2022\/wp-content\/uploads\/2022\/04\/actualfarma-programa.jpg","width":2500,"height":1667},{"@type":"BreadcrumbList","@id":"https:\/\/actualfarma.es\/congreso-2022\/programa\/#breadcrumb","itemListElement":[{"@type":"ListItem","position":1,"name":"Portada","item":"https:\/\/actualfarma.es\/congreso-2022\/"},{"@type":"ListItem","position":2,"name":"Programa"}]},{"@type":"WebSite","@id":"https:\/\/actualfarma.es\/congreso-2022\/#website","url":"https:\/\/actualfarma.es\/congreso-2022\/","name":"Actualfarma 2022","description":"Jornadas farmacol\u00f3gicas","publisher":{"@id":"https:\/\/actualfarma.es\/congreso-2022\/#organization"},"potentialAction":[{"@type":"SearchAction","target":{"@type":"EntryPoint","urlTemplate":"https:\/\/actualfarma.es\/congreso-2022\/?s={search_term_string}"},"query-input":{"@type":"PropertyValueSpecification","valueRequired":true,"valueName":"search_term_string"}}],"inLanguage":"es"},{"@type":"Organization","@id":"https:\/\/actualfarma.es\/congreso-2022\/#organization","name":"Actualfarma 2022","url":"https:\/\/actualfarma.es\/congreso-2022\/","logo":{"@type":"ImageObject","inLanguage":"es","@id":"https:\/\/actualfarma.es\/congreso-2022\/#\/schema\/logo\/image\/","url":"https:\/\/actualfarma.es\/congreso-2022\/wp-content\/uploads\/2022\/04\/logo.svg","contentUrl":"https:\/\/actualfarma.es\/congreso-2022\/wp-content\/uploads\/2022\/04\/logo.svg","caption":"Actualfarma 2022"},"image":{"@id":"https:\/\/actualfarma.es\/congreso-2022\/#\/schema\/logo\/image\/"}}]}},"_links":{"self":[{"href":"https:\/\/actualfarma.es\/congreso-2022\/wp-json\/wp\/v2\/pages\/202","targetHints":{"allow":["GET"]}}],"collection":[{"href":"https:\/\/actualfarma.es\/congreso-2022\/wp-json\/wp\/v2\/pages"}],"about":[{"href":"https:\/\/actualfarma.es\/congreso-2022\/wp-json\/wp\/v2\/types\/page"}],"author":[{"embeddable":true,"href":"https:\/\/actualfarma.es\/congreso-2022\/wp-json\/wp\/v2\/users\/1"}],"replies":[{"embeddable":true,"href":"https:\/\/actualfarma.es\/congreso-2022\/wp-json\/wp\/v2\/comments?post=202"}],"version-history":[{"count":4,"href":"https:\/\/actualfarma.es\/congreso-2022\/wp-json\/wp\/v2\/pages\/202\/revisions"}],"predecessor-version":[{"id":210,"href":"https:\/\/actualfarma.es\/congreso-2022\/wp-json\/wp\/v2\/pages\/202\/revisions\/210"}],"wp:attachment":[{"href":"https:\/\/actualfarma.es\/congreso-2022\/wp-json\/wp\/v2\/media?parent=202"}],"curies":[{"name":"wp","href":"https:\/\/api.w.org\/{rel}","templated":true}]}}