{"id":200,"date":"2022-04-11T21:27:45","date_gmt":"2022-04-11T19:27:45","guid":{"rendered":"https:\/\/actualfarma.es\/congreso-2022\/?page_id=200"},"modified":"2022-04-12T01:49:32","modified_gmt":"2022-04-11T23:49:32","slug":"posters","status":"publish","type":"page","link":"https:\/\/actualfarma.es\/congreso-2022\/posters\/","title":{"rendered":"P\u00f3sters"},"content":{"rendered":"\n<div class=\"wp-block-group seccion\"><div class=\"wp-block-group__inner-container is-layout-flow wp-block-group-is-layout-flow\">\n<h2 class=\"h1 wp-block-heading\">P\u00f3sters<\/h2>\n<\/div><\/div>\n\n\n\n<div class=\"wp-block-group seccion\"><div class=\"wp-block-group__inner-container is-layout-flow wp-block-group-is-layout-flow\"><div class=\"wpv-view-output\" data-toolset-views-view-editor=\"496bf2d0971ffa35d51f217012a54261\"><div class=\"wp-block-toolset-views-view-editor\">\n<div class=\"wp-block-toolset-views-custom-search-container\"><form autocomplete=\"off\" name=\"wpv-filter-213\" action=\"\/congreso-2022\/wp-json\/wp\/v2\/pages\/200?wpv_view_count=213\" method=\"get\" class=\"wpv-filter-form js-wpv-filter-form js-wpv-filter-form-213 js-wpv-form-full\" data-viewnumber=\"213\" data-viewid=\"213\" data-viewhash=\"eyJuYW1lIjoicG9zdGVycy1jb24tZmlsdHJvcyJ9\" data-viewwidgetid=\"0\" data-orderby=\"\" data-order=\"\" data-orderbyas=\"\" data-orderbysecond=\"\" data-ordersecond=\"\" data-parametric=\"{&quot;query&quot;:&quot;normal&quot;,&quot;id&quot;:&quot;213&quot;,&quot;view_id&quot;:&quot;213&quot;,&quot;widget_id&quot;:0,&quot;view_hash&quot;:&quot;213&quot;,&quot;action&quot;:&quot;\\\/congreso-2022\\\/wp-json\\\/wp\\\/v2\\\/pages\\\/200?wpv_view_count=213&quot;,&quot;sort&quot;:{&quot;orderby&quot;:&quot;&quot;,&quot;order&quot;:&quot;&quot;,&quot;orderby_as&quot;:&quot;&quot;,&quot;orderby_second&quot;:&quot;&quot;,&quot;order_second&quot;:&quot;&quot;},&quot;orderby&quot;:&quot;&quot;,&quot;order&quot;:&quot;&quot;,&quot;orderby_as&quot;:&quot;&quot;,&quot;orderby_second&quot;:&quot;&quot;,&quot;order_second&quot;:&quot;&quot;,&quot;ajax_form&quot;:&quot;&quot;,&quot;ajax_results&quot;:&quot;&quot;,&quot;effect&quot;:&quot;fade&quot;,&quot;prebefore&quot;:&quot;&quot;,&quot;before&quot;:&quot;&quot;,&quot;after&quot;:&quot;&quot;,&quot;attributes&quot;:[],&quot;environment&quot;:{&quot;current_post_id&quot;:200,&quot;parent_post_id&quot;:200,&quot;parent_term_id&quot;:0,&quot;parent_user_id&quot;:0,&quot;archive&quot;:{&quot;type&quot;:&quot;&quot;,&quot;name&quot;:&quot;&quot;,&quot;data&quot;:[]}},&quot;loop&quot;:{&quot;type&quot;:&quot;&quot;,&quot;name&quot;:&quot;&quot;,&quot;data&quot;:[],&quot;id&quot;:0}}\" data-attributes=\"[]\" data-environment=\"{&quot;current_post_id&quot;:200,&quot;parent_post_id&quot;:200,&quot;parent_term_id&quot;:0,&quot;parent_user_id&quot;:0,&quot;archive&quot;:{&quot;type&quot;:&quot;&quot;,&quot;name&quot;:&quot;&quot;,&quot;data&quot;:[]}}\"><input type=\"hidden\" class=\"js-wpv-dps-filter-data js-wpv-filter-data-for-this-form\" data-action=\"\/congreso-2022\/wp-json\/wp\/v2\/pages\/200?wpv_view_count=213\" data-page=\"1\" data-ajax=\"disable\" data-effect=\"fade\" data-maxpages=\"3\" data-ajaxprebefore=\"\" data-ajaxbefore=\"\" data-ajaxafter=\"\" \/><input class=\"wpv_view_count wpv_view_count-213\" type=\"hidden\" name=\"wpv_view_count\" value=\"213\" \/> <div>\n<div class=\"wp-block-toolset-views-custom-search-filter wpv-custom-search-filter wpv-custom-search-filter-label-top\" data-toolset-views-custom-search-filter=\"df65f61167e80eae0e53bc6c17948644\"><div><div class=\"form-group\"><label class=\"wpv-custom-search-filter__label\" for=\"tema\">Temas<\/label><!-- ## --><span class=\"wpv-custom-search-filter__input\"><select name=\"wpv-tema\" class=\"js-wpv-filter-trigger form-control\"><option selected='selected' value=\"0\">Selecciona...<\/option><option value=\"atencion-farmaceutica\">Atenci\u00f3n farmac\u00e9utica<\/option><option value=\"covid-19\">COVID-19<\/option><option value=\"cronicidad\">Cronicidad<\/option><option value=\"cuidados-criticos\">Cuidados cr\u00edticos<\/option><option value=\"enfermedades-inmunoinmediadas\">Enfermedades inmunoinmediadas<\/option><option value=\"enfermedades-raras\">Enfermedades raras<\/option><option value=\"gestion\">Gesti\u00f3n<\/option><option value=\"gestion-nuevas-tecnologia-y-big-data\">Gesti\u00f3n, nuevas tecnolog\u00eda y big data<\/option><option value=\"investigacion\">Investigaci\u00f3n<\/option><option value=\"nuevas-tecnologia-y-big-data\">nuevas tecnolog\u00eda y big data<\/option><option value=\"oncohematologia\">Oncohematolog\u00eda<\/option><option value=\"oncologia\">Oncolog\u00eda<\/option><option value=\"otros-temas\">Otros temas<\/option><option value=\"patologia-infecciosa\">Patolog\u00eda Infecciosa<\/option><option value=\"quimioterapia-e-inmunoterapia\">Quimioterapia e inmunoterapia<\/option><option value=\"seguridad-y-covid19\">Seguridad y COVID19<\/option><\/select><\/span><\/div><\/div><\/div>\n\n\n\n<div class=\"wp-block-toolset-views-custom-search-filter wpv-custom-search-filter wpv-custom-search-filter-label-top\" data-toolset-views-custom-search-filter=\"ec9b823fba3b78b94b93a0a82023606d\"><div><div class=\"form-group\"><label class=\"wpv-custom-search-filter__label\" for=\"post-search\">T\u00edtulo<\/label><!-- ## --><span class=\"wpv-custom-search-filter__input\"><input type=\"text\" name=\"wpv_post_search\"  class=\"js-wpv-filter-trigger-delayed form-control\" \/><\/span><\/div><\/div><\/div>\n\n\n\n<div class=\"wp-block-toolset-views-custom-search-filter wpv-custom-search-filter wpv-custom-search-filter-label-top\" data-toolset-views-custom-search-filter=\"0f4cd0c87547a072c5669a1603eb45fc\"><div><div class=\"form-group\"><label class=\"wpv-custom-search-filter__label\" for=\"wpcf-centro\">Centro<\/label><!-- ## --><span class=\"wpv-custom-search-filter__input\"><input type=\"\" id=\"wpv_control_textfield_wpv-wpcf-centro\" name=\"wpv-wpcf-centro\" value=\"\" class=\"js-wpv-filter-trigger-delayed form-control\" \/><\/span><\/div><\/div><\/div>\n\n\n\n<div class=\"wp-block-toolset-views-custom-search-filter wpv-custom-search-filter wpv-custom-search-filter-label-top\" data-toolset-views-custom-search-filter=\"0fce8f80dd46bb45643238ebd70608c6\"><div><div class=\"form-group\"><label class=\"wpv-custom-search-filter__label\" for=\"palabra-clave\">Palabras clave<\/label><!-- ## --><span class=\"wpv-custom-search-filter__input\"><select name=\"wpv-palabra-clave\" class=\"js-wpv-filter-trigger form-control\"><option selected='selected' value=\"0\">Selecciona...<\/option><option value=\"aflibercept\">Aflibercept<\/option><option value=\"anciano\">Anciano<\/option><option value=\"anemia\">Anemia<\/option><option value=\"angiofibromas\">Angiofibromas<\/option><option value=\"antibioticos\">Antibi\u00f3ticos<\/option><option value=\"antirretroviral\">Antirretroviral<\/option><option value=\"artritis-reumatoide\">Artritis reumatoide<\/option><option value=\"aspergillus\">Aspergillus<\/option><option value=\"atencion\">Atenci\u00f3n<\/option><option value=\"atezolizumab\">Atezolizumab<\/option><option value=\"baricitinib\">Baricitinib<\/option><option value=\"benznidazol\">Benznidazol<\/option><option value=\"bevacizumab\">Bevacizumab<\/option><option value=\"chagas\">Chagas<\/option><option value=\"citostatico\">Citost\u00e1tico<\/option><option value=\"colirio\">Colirio<\/option><option value=\"colistina\">Colistina<\/option><option value=\"combo\">Combo<\/option><option value=\"consulta\">Consulta<\/option><option value=\"covid\">COVID<\/option><option value=\"covid-19\">COVID-19<\/option><option value=\"criticos\">Cr\u00edticos<\/option><option value=\"dabigatran\">Dabigatr\u00e1n<\/option><option value=\"daratumumab\">Daratumumab<\/option><option value=\"digestivo\">Digestivo<\/option><option value=\"dpyd\">DPYD<\/option><option value=\"eculizumab\">Eculizumab<\/option><option value=\"efectividad\">Efectividad<\/option><option value=\"eficacia\">Eficacia<\/option><option value=\"enterocolitis\">Enterocolitis<\/option><option value=\"epoc\">EPOC<\/option><option value=\"erenumab\">Erenumab<\/option><option value=\"esclerosis-tuberosa\">Esclerosis tuberosa<\/option><option value=\"farmaceutica\">Farmac\u00e9utica<\/option><option value=\"farmaceutico\">Farmac\u00e9utico<\/option><option value=\"farmacoeconomia\">Farmacoeconom\u00eda<\/option><option value=\"galcanezumab\">Galcanezumab<\/option><option value=\"hierro-carboximaltosa\">Hierro carboximaltosa<\/option><option value=\"infeccion\">Infecci\u00f3n<\/option><option value=\"inhalada\">Inhalada<\/option><option value=\"inmunoterapia\">Inmunoterapia<\/option><option value=\"interacciones\">Interacciones<\/option><option value=\"intervalo\">Intervalo<\/option><option value=\"intervencion\">Intervenci\u00f3n<\/option><option value=\"investigacion\">Investigaci\u00f3n<\/option><option value=\"medicamentos\">Medicamentos<\/option><option value=\"microbiologia\">Microbiolog\u00eda<\/option><option value=\"mieloma-multiple\">Mieloma m\u00faltiple<\/option><option value=\"mitomicina-c\">Mitomicina C<\/option><option value=\"mortalidad\">Mortalidad<\/option><option value=\"neonato\">Neonato<\/option><option value=\"nivolumab\">Nivolumab<\/option><option value=\"nocardiosis\">Nocardiosis<\/option><option value=\"ocular\">Ocular<\/option><option value=\"ola\">Ola<\/option><option value=\"optimizacion\">Optimizaci\u00f3n<\/option><option value=\"papel\">Papel<\/option><option value=\"pediatria\">Pediatr\u00eda<\/option><option value=\"polimorfismos\">Polimorfismos<\/option><option value=\"posologia\">Posolog\u00eda<\/option><option value=\"probioticos\">Probi\u00f3ticos<\/option><option value=\"protocolo\">Protocolo<\/option><option value=\"qt\">QT<\/option><option value=\"quimioterapia\">Quimioterapia<\/option><option value=\"rotura\">Rotura<\/option><option value=\"seguridad\">Seguridad<\/option><option value=\"shua\">SHUa<\/option><option value=\"sifilis\">S\u00edfilis<\/option><option value=\"sirolimus\">Sirolimus<\/option><option value=\"snc\">SNC<\/option><option value=\"tocilizumab\">Tocilizumab<\/option><option value=\"tofacitinib\">Tofacitinib<\/option><option value=\"toxicidad\">Toxicidad<\/option><option value=\"trastuzumab\">Trastuzumab<\/option><option value=\"vacunacion\">Vacunaci\u00f3n<\/option><\/select><\/span><\/div><\/div><\/div>\n\n\n\n<div class=\"wp-block-toolset-views-custom-search-filter wpv-custom-search-filter wpv-custom-search-filter-label-top\" data-toolset-views-custom-search-filter=\"1e84bf031904416edd55017ad2feb2a6\"><div><div class=\"form-group\"><label class=\"wpv-custom-search-filter__label\" for=\"wpv-relationship-filter-autor-poster\">Autores<\/label><!-- ## --><span class=\"wpv-custom-search-filter__input\"><select id=\"wpv_control_select_wpv-relationship-filter\" name=\"wpv-relationship-filter\" class=\" js-wpv-filter-trigger form-control\" data-currentposttype=\"autor-poster\"><option value=\"0\" selected=\"selected\">Selecciona...<\/option><option value=\"3297\">Adrian P\u00e9rez F\u00e1cila<\/option><option value=\"3416\">ADRI\u00c1N P\u00c9REZ F\u00c1CILA<\/option><option value=\"3392\">Aina Tom\u00e1s Luiz<\/option><option value=\"3844\">Ala\u00f1\u00f3n Pardo MM<\/option><option value=\"3612\">Alba P\u00e9rez Cano<\/option><option value=\"3301\">Alejandro Marcos De La Torre<\/option><option value=\"4183\">Alejandro Rodriguez Delgado<\/option><option value=\"3616\">Alicia Mart\u00ednez Hern\u00e1ndez<\/option><option value=\"3909\">ALICIA MARTINEZ HERNANDEZ<\/option><option value=\"4164\">\u00c1lvarez Arroyo L<\/option><option value=\"4149\">\u00c1lvarez Arroyo L<\/option><option value=\"3338\">ALVARO MORALES GARC\u00cdA<\/option><option value=\"2976\">ANA ALMANCHEL RIVADENEYRA<\/option><option value=\"3479\">Ana Almanchel Rivadeneyra<\/option><option value=\"3524\">Ana Dom\u00ednguez Barahona<\/option><option value=\"2902\">Ana Infante Camarero<\/option><option value=\"2988\">ANA MARIA DOBRITO PALLES<\/option><option value=\"3395\">Ana Mar\u00eda Rivadeneyra Ruiz<\/option><option value=\"3303\">Ana Mar\u00eda Samper Juarez<\/option><option value=\"3545\">ANA ROSA RUBIO SALVADOR<\/option><option value=\"3578\">Ana Soriano Jim\u00e9nez<\/option><option value=\"3690\">ANDREA DROZDZ<\/option><option value=\"3256\">Andrea Drozdz Vergara<\/option><option value=\"3127\">ANDREA PINILLA RELLO<\/option><option value=\"3131\">ANGEL ESCOLANO PUEYO<\/option><option value=\"3145\">\u00c1NGEL ESCOLANO PUEYO<\/option><option value=\"3154\">ANGELA ALCAL\u00c1 SOTO<\/option><option value=\"3216\">\u00c1NGELA ALCALA SOTO<\/option><option value=\"3721\">ANGELA ARCOS SANCHEZ<\/option><option value=\"4084\">Ariana Mart\u00edn L\u00f3pez<\/option><option value=\"3119\">Ar\u00edstides de Le\u00f3n Gil<\/option><option value=\"2906\">Beatriz Casta\u00f1o<\/option><option value=\"3796\">Beatriz Isabel Garc\u00eda - Almenta Garc\u00eda<\/option><option value=\"3422\">BEATRIZ PROY VEGA<\/option><option value=\"2882\">BELEN SANCHEZ RODRIGUEZ<\/option><option value=\"3258\">Bel\u00e9n Serna Serrano<\/option><option value=\"3430\">CARMEN GONZ\u00c1LEZ ESCRIBANO<\/option><option value=\"4091\">Carmen Lidia D\u00edaz D\u00edaz<\/option><option value=\"3218\">CARMEN MARIA CUADROS MARTINEZ<\/option><option value=\"3608\">Carolina Garc\u00eda Jim\u00e9nez<\/option><option value=\"4168\">Cebolla Beltr\u00e1n T,<\/option><option value=\"4153\">Cebolla Beltr\u00e1n T,<\/option><option value=\"2933\">CLARA JIM\u00c9NEZ M\u00c9NDEZ<\/option><option value=\"3299\">Clara Notario Dongil<\/option><option value=\"3840\">Clara Notario Dongil<\/option><option value=\"3311\">Corazon Villanueva J<\/option><option value=\"2935\">CRISTINA BL\u00c1ZQUEZ ROMERO<\/option><option value=\"3349\">Cristina Caba Hern\u00e1ndez<\/option><option value=\"3481\">Cristina Caba Hern\u00e1ndez<\/option><option value=\"3277\">Cristina Del Pozo Carlavilla<\/option><option value=\"3610\">Cristina L\u00f3pez S\u00e1nchez<\/option><option value=\"2959\">Cristina Ramirez Roig<\/option><option value=\"3129\">CRISTINA VICENTE ITURBE<\/option><option value=\"3380\">DAVID D\u00cdAZ P\u00c9REZ<\/option><option value=\"3317\">de la Torre ortiz M<\/option><option value=\"3098\">DIEGO G\u00c1MEZ TORRES<\/option><option value=\"3651\">Diego G\u00e1mez Torres<\/option><option value=\"3232\">Duque Aguilar, JJ.; Almanchel Rivadeneyra, A.; Gonz\u00e1lez Bartolom\u00e9, J.; Caba Hern\u00e1ndez, C.; Fern\u00e1ndez Lis\u00f3n, LC.<\/option><option value=\"3262\">Eduardo Tebar Mart\u00ednez<\/option><option value=\"2878\">ELENA ELVIRA LADR\u00d3N DE GUEVARA<\/option><option value=\"3135\">ELENA HERRANZ BAYO<\/option><option value=\"3723\">ELISA BIEGER BARRIO<\/option><option value=\"3382\">ELISA D\u00cdAZ PERERA<\/option><option value=\"3580\">Encarna Mu\u00f1oz Guardiola<\/option><option value=\"3309\">Fern\u00e1ndez Ruiz-Mor\u00f3n A<\/option><option value=\"4160\">Garc\u00eda Vercher A<\/option><option value=\"4145\">Garc\u00eda Vercher A<\/option><option value=\"3850\">Geannyne Villegas Rivera<\/option><option value=\"3614\">Ghita Sefrioui<\/option><option value=\"3264\">H\u00e9ctor Alabort Ayll\u00f3n<\/option><option value=\"3273\">H\u00e9ctor Alabort Ayll\u00f3n<\/option><option value=\"3912\">HIND ZAGAGH<\/option><option value=\"2890\">HORTENSIA FUENTES ALMAGRO<\/option><option value=\"3164\">Inmaculada Casas Hidalgo<\/option><option value=\"3111\">Inmaculada Plasencia Garc\u00eda<\/option><option value=\"3133\">IRENE AGUILO LAFARGA<\/option><option value=\"3209\">Irene Barroso Benayas<\/option><option value=\"3115\">Irene de Lorenzo Garc\u00eda<\/option><option value=\"4093\">Iris Gonz\u00e1lez Garc\u00eda<\/option><option value=\"2904\">Isabel Guiterrez<\/option><option value=\"3121\">Javier Merino Alonso<\/option><option value=\"4089\">Jenifer Gonz\u00e1lez Ch\u00e1vez<\/option><option value=\"4191\">Jes\u00fas Gil Tom\u00e1s<\/option><option value=\"2986\">JORGE GONZALEZ BARTOLOM\u00c9<\/option><option value=\"3015\">JORGE GONZ\u00c1LEZ BARTOLOM\u00c9<\/option><option value=\"3046\">JORGE GONZALEZ BARTOLOME<\/option><option value=\"3117\">Jos\u00e9 Antonio Mart\u00edn Conde<\/option><option value=\"3113\">Jose Carlos Garc\u00eda Robaina<\/option><option value=\"3076\">Jose Carlos Tall\u00f3n Martinez<\/option><option value=\"3044\">JOSE JUAN DUQUE AGUILAR<\/option><option value=\"3293\">Jos\u00e9 Juli\u00e1n Saiz Molina<\/option><option value=\"3266\">Jos\u00e9 Luis S\u00e1nchez Serrano<\/option><option value=\"3082\">Jose Manuel Martinez Sesmero<\/option><option value=\"2957\">Jose Pastor Cano<\/option><option value=\"2955\">Juan Abellon Ruiz<\/option><option value=\"2984\">JUAN JOSE DUQUE AGUILAR<\/option><option value=\"3344\">Juan Jos\u00e9 Duque Aguilar<\/option><option value=\"3485\">Juan Luengo \u00c1lvarez<\/option><option value=\"3692\">JUAN MANUEL COLLADO<\/option><option value=\"3260\">Juan Manuel Collado Sanz<\/option><option value=\"2931\">LAURA TORRALBA FERN\u00c1NDEZ<\/option><option value=\"3072\">Lidia Yba\u00f1ez Garc\u00eda<\/option><option value=\"2990\">LUIS CARLOS FERNANDEZ LISON<\/option><option value=\"3018\">LUIS CARLOS FERNANDEZ LISON<\/option><option value=\"3036\">LUIS CARLOS FERNANDEZ LISON<\/option><option value=\"3371\">Luis Carlos Fern\u00e1ndez Lis\u00f3n<\/option><option value=\"3487\">Luis Carlos Fern\u00e1ndez Lison<\/option><option value=\"2908\">M Paz Espinosa<\/option><option value=\"4187\">M\u00aa Bautista Mar\u00edn<\/option><option value=\"3582\">M\u00aaFrancisca S\u00e1nchez Teruel<\/option><option value=\"2927\">MANUEL ALBERTO TOLEDO DAVIA<\/option><option value=\"3408\">MANUEL ALBERTO TOLEDO DAVIA<\/option><option value=\"4189\">Mar\u00eda de la Paz Casas Hidalgo<\/option><option value=\"4185\">Mar\u00eda de la Paz Casas Hidalgo<\/option><option value=\"3158\">Maria del Valle S\u00e1nchez-Matamoros Piazza<\/option><option value=\"3483\">Mar\u00eda Isabel Mart\u00edn Mart\u00edn<\/option><option value=\"3876\">MAR\u00cdA LUISA MORENO PERULERO<\/option><option value=\"3078\">Maria Molinero Mu\u00f1oz<\/option><option value=\"3457\">Mar\u00eda Molinero Mu\u00f1oz<\/option><option value=\"2880\">MARINA SANCHEZ VALERA<\/option><option value=\"3404\">MARTA GARC\u00cdA PALOMO<\/option><option value=\"3198\">Miguel Almanchel Rivadeneyra<\/option><option value=\"3389\">Miguel Almanchel Rivadeneyra<\/option><option value=\"3397\">Miguel Lorenzo Almanchel Rold\u00e1n<\/option><option value=\"3156\">Miguel V\u00e1zquez Real<\/option><option value=\"4170\">Monta\u00f1\u00e9s Pauls B<\/option><option value=\"4143\">Monteagudo Mart\u00ednez N<\/option><option value=\"3196\">Montserrat Llopis Fern\u00e1ndez<\/option><option value=\"3434\">NATALIA ANDR\u00c9S NAVARRO<\/option><option value=\"3080\">Natalia Sanchez Oca\u00f1a<\/option><option value=\"2888\">NEREA GARC\u00cdA SORIA<\/option><option value=\"4139\">nuria<\/option><option value=\"2929\">NURIA LABRADOR ANDUJAR<\/option><option value=\"4175\">nuriamonteagudo_88@hotmail.com<\/option><option value=\"3406\">PABLO AGUADO BARROSO<\/option><option value=\"2892\">PABLO MADRIGAL LAGU\u00cdA<\/option><option value=\"2953\">Pablo Selvi Sabater<\/option><option value=\"2937\">PALOMA MOYA G\u00d3MEZ<\/option><option value=\"3295\">Patricia Araque Arroyo<\/option><option value=\"4181\">Patricia Rodriguez G\u00f3mez<\/option><option value=\"4087\">Paula Joy Carmona<\/option><option value=\"3048\">PAULA P\u00c9REZ PUENTE<\/option><option value=\"4162\">Pellicer Castell A<\/option><option value=\"4147\">Pellicer Castell A<\/option><option value=\"2982\">PLACIDO TENA ALEJANDRE<\/option><option value=\"3225\">Pl\u00e1cido Tena Alejandre<\/option><option value=\"3315\">Puebla Garcia V<\/option><option value=\"3137\">RAFAEL HUARTE LACUNZA<\/option><option value=\"3527\">Ra\u00fal L\u00f3pez \u00c1lvarez<\/option><option value=\"3543\">RA\u00daL L\u00d3PEZ \u00c1LVAREZ<\/option><option value=\"3695\">REBECA ALDAZ<\/option><option value=\"2894\">ROC\u00cdO LUJ\u00c1N MART\u00cdNEZ<\/option><option value=\"3074\">Rocio Manzano Lorenzo<\/option><option value=\"2896\">SARA CARRASCO CLAROS<\/option><option value=\"3287\">SARA CARRASCO CLAROS<\/option><option value=\"3702\">SARA CARRASCO CLAROS<\/option><option value=\"4166\">Valero Garc\u00eda S<\/option><option value=\"4151\">Valero Garc\u00eda S<\/option><option value=\"2961\">Victor Jose Rausell Rausell<\/option><\/select><\/span><\/div><\/div><\/div>\n\n\n\n<div class=\"wpv-custom-search-filter-submit\" data-toolset-views-custom-search-submit=\"836b60f40aeeb182a3f8f8af7941e5d4\"><input type=\"submit\" class=\"wpv-submit-trigger js-wpv-submit-trigger\" name=\"wpv_filter_submit\" value=\"Buscar\" \/><\/div>\n\n\n\n<div class=\"tb-button\" data-toolset-blocks-button=\"825b46576ec6442af8be1f7fd3c6e639\"><a class=\"tb-button__link\" href=\"\"><i class=\"tb-button__icon\"><\/i><span class=\"tb-button__content\">Mostrar todos<\/span><\/a><\/div>\n<\/div> <\/form><\/div>\n  <div id=\"wpv-view-layout-213\" class=\"js-wpv-view-layout js-wpv-layout-responsive js-wpv-view-layout-213\" data-viewnumber=\"213\" data-pagination=\"{&quot;id&quot;:&quot;213&quot;,&quot;query&quot;:&quot;normal&quot;,&quot;type&quot;:&quot;paged&quot;,&quot;effect&quot;:&quot;fade&quot;,&quot;duration&quot;:500,&quot;speed&quot;:5,&quot;pause_on_hover&quot;:&quot;disabled&quot;,&quot;stop_rollover&quot;:&quot;false&quot;,&quot;cache_pages&quot;:&quot;enabled&quot;,&quot;preload_images&quot;:&quot;enabled&quot;,&quot;preload_pages&quot;:&quot;enabled&quot;,&quot;preload_reach&quot;:1,&quot;spinner&quot;:&quot;builtin&quot;,&quot;spinner_image&quot;:&quot;https:\/\/actualfarma.es\/congreso-2022\/wp-content\/plugins\/toolset-blocks\/embedded\/res\/img\/ajax-loader.svg&quot;,&quot;callback_next&quot;:&quot;&quot;,&quot;manage_history&quot;:&quot;enabled&quot;,&quot;has_controls_in_form&quot;:&quot;disabled&quot;,&quot;infinite_tolerance&quot;:&quot;0&quot;,&quot;max_pages&quot;:3,&quot;page&quot;:1,&quot;base_permalink&quot;:&quot;\/congreso-2022\/wp-json\/wp\/v2\/pages\/200?wpv_view_count=213&amp;wpv_paged=WPV_PAGE_NUM&quot;,&quot;loop&quot;:{&quot;type&quot;:&quot;&quot;,&quot;name&quot;:&quot;&quot;,&quot;data&quot;:[],&quot;id&quot;:0}}\" data-permalink=\"\/congreso-2022\/wp-json\/wp\/v2\/pages\/200?wpv_view_count=213\">\n<div class=\"js-wpv-loop-wrapper\"><div class=\"tb-grid\"><div class=\"tb-grid-column\">\n<div class=\"wp-block-toolset-views-view-template-block wpv-block-loop-item php-to-be-replaced-with-shortcode\" data-toolset-views-view-template-block=\"b7eb0a1a20497de92f7c072c7a01f192\"><\/div>\n<\/div><div class=\"tb-grid-column\">\n<div class=\"wp-block-toolset-views-view-template-block wpv-block-loop-item php-to-be-replaced-with-shortcode\" data-toolset-views-view-template-block=\"b7eb0a1a20497de92f7c072c7a01f192\"><\/div>\n<\/div><div class=\"tb-grid-column\">\n<div class=\"wp-block-toolset-views-view-template-block wpv-block-loop-item php-to-be-replaced-with-shortcode\" data-toolset-views-view-template-block=\"b7eb0a1a20497de92f7c072c7a01f192\"><\/div>\n<\/div><div class=\"tb-grid-column\">\n<div class=\"wp-block-toolset-views-view-template-block wpv-block-loop-item php-to-be-replaced-with-shortcode\" data-toolset-views-view-template-block=\"b7eb0a1a20497de92f7c072c7a01f192\"><\/div>\n<\/div><div class=\"tb-grid-column\">\n<div class=\"wp-block-toolset-views-view-template-block wpv-block-loop-item php-to-be-replaced-with-shortcode\" data-toolset-views-view-template-block=\"b7eb0a1a20497de92f7c072c7a01f192\"><\/div>\n<\/div><div class=\"tb-grid-column\">\n<div class=\"wp-block-toolset-views-view-template-block wpv-block-loop-item php-to-be-replaced-with-shortcode\" data-toolset-views-view-template-block=\"b7eb0a1a20497de92f7c072c7a01f192\"><\/div>\n<\/div><div class=\"tb-grid-column\">\n<div class=\"wp-block-toolset-views-view-template-block wpv-block-loop-item php-to-be-replaced-with-shortcode\" data-toolset-views-view-template-block=\"b7eb0a1a20497de92f7c072c7a01f192\"><\/div>\n<\/div><div class=\"tb-grid-column\">\n<div class=\"wp-block-toolset-views-view-template-block wpv-block-loop-item php-to-be-replaced-with-shortcode\" data-toolset-views-view-template-block=\"b7eb0a1a20497de92f7c072c7a01f192\"><\/div>\n<\/div><div class=\"tb-grid-column\">\n<div class=\"wp-block-toolset-views-view-template-block wpv-block-loop-item php-to-be-replaced-with-shortcode\" data-toolset-views-view-template-block=\"b7eb0a1a20497de92f7c072c7a01f192\"><\/div>\n<\/div><div class=\"tb-grid-column\">\n<div class=\"wp-block-toolset-views-view-template-block wpv-block-loop-item php-to-be-replaced-with-shortcode\" data-toolset-views-view-template-block=\"b7eb0a1a20497de92f7c072c7a01f192\"><\/div>\n<\/div><div class=\"tb-grid-column\">\n<div class=\"wp-block-toolset-views-view-template-block wpv-block-loop-item php-to-be-replaced-with-shortcode\" data-toolset-views-view-template-block=\"b7eb0a1a20497de92f7c072c7a01f192\"><\/div>\n<\/div><div class=\"tb-grid-column\">\n<div class=\"wp-block-toolset-views-view-template-block wpv-block-loop-item php-to-be-replaced-with-shortcode\" data-toolset-views-view-template-block=\"b7eb0a1a20497de92f7c072c7a01f192\"><\/div>\n<\/div><div class=\"tb-grid-column\">\n<div class=\"wp-block-toolset-views-view-template-block wpv-block-loop-item php-to-be-replaced-with-shortcode\" data-toolset-views-view-template-block=\"b7eb0a1a20497de92f7c072c7a01f192\"><\/div>\n<\/div><div class=\"tb-grid-column\">\n<div class=\"wp-block-toolset-views-view-template-block wpv-block-loop-item php-to-be-replaced-with-shortcode\" data-toolset-views-view-template-block=\"b7eb0a1a20497de92f7c072c7a01f192\"><\/div>\n<\/div><div class=\"tb-grid-column\">\n<div class=\"wp-block-toolset-views-view-template-block wpv-block-loop-item php-to-be-replaced-with-shortcode\" data-toolset-views-view-template-block=\"b7eb0a1a20497de92f7c072c7a01f192\"><\/div>\n<\/div><div class=\"tb-grid-column\">\n<div class=\"wp-block-toolset-views-view-template-block wpv-block-loop-item php-to-be-replaced-with-shortcode\" data-toolset-views-view-template-block=\"b7eb0a1a20497de92f7c072c7a01f192\"><\/div>\n<\/div><div class=\"tb-grid-column\">\n<div class=\"wp-block-toolset-views-view-template-block wpv-block-loop-item php-to-be-replaced-with-shortcode\" data-toolset-views-view-template-block=\"b7eb0a1a20497de92f7c072c7a01f192\"><\/div>\n<\/div><div class=\"tb-grid-column\">\n<div class=\"wp-block-toolset-views-view-template-block wpv-block-loop-item php-to-be-replaced-with-shortcode\" data-toolset-views-view-template-block=\"b7eb0a1a20497de92f7c072c7a01f192\"><\/div>\n<\/div><div class=\"tb-grid-column\">\n<div class=\"wp-block-toolset-views-view-template-block wpv-block-loop-item php-to-be-replaced-with-shortcode\" data-toolset-views-view-template-block=\"b7eb0a1a20497de92f7c072c7a01f192\"><\/div>\n<\/div><div class=\"tb-grid-column\">\n<div class=\"wp-block-toolset-views-view-template-block wpv-block-loop-item php-to-be-replaced-with-shortcode\" data-toolset-views-view-template-block=\"b7eb0a1a20497de92f7c072c7a01f192\"><\/div>\n<\/div><div class=\"tb-grid-column\">\n<div class=\"wp-block-toolset-views-view-template-block wpv-block-loop-item php-to-be-replaced-with-shortcode\" data-toolset-views-view-template-block=\"b7eb0a1a20497de92f7c072c7a01f192\"><\/div>\n<\/div><div class=\"tb-grid-column\">\n<div class=\"wp-block-toolset-views-view-template-block wpv-block-loop-item php-to-be-replaced-with-shortcode\" data-toolset-views-view-template-block=\"b7eb0a1a20497de92f7c072c7a01f192\"><\/div>\n<\/div><div class=\"tb-grid-column\">\n<div class=\"wp-block-toolset-views-view-template-block wpv-block-loop-item php-to-be-replaced-with-shortcode\" data-toolset-views-view-template-block=\"b7eb0a1a20497de92f7c072c7a01f192\"><\/div>\n<\/div><div class=\"tb-grid-column\">\n<div class=\"wp-block-toolset-views-view-template-block wpv-block-loop-item php-to-be-replaced-with-shortcode\" data-toolset-views-view-template-block=\"b7eb0a1a20497de92f7c072c7a01f192\"><\/div>\n<\/div><div class=\"tb-grid-column\">\n<div class=\"wp-block-toolset-views-view-template-block wpv-block-loop-item php-to-be-replaced-with-shortcode\" data-toolset-views-view-template-block=\"b7eb0a1a20497de92f7c072c7a01f192\"><\/div>\n<\/div><div class=\"tb-grid-column\">\n<div class=\"wp-block-toolset-views-view-template-block wpv-block-loop-item php-to-be-replaced-with-shortcode\" data-toolset-views-view-template-block=\"b7eb0a1a20497de92f7c072c7a01f192\"><\/div>\n<\/div><div class=\"tb-grid-column\">\n<div class=\"wp-block-toolset-views-view-template-block wpv-block-loop-item php-to-be-replaced-with-shortcode\" data-toolset-views-view-template-block=\"b7eb0a1a20497de92f7c072c7a01f192\"><\/div>\n<\/div><div class=\"tb-grid-column\">\n<div class=\"wp-block-toolset-views-view-template-block wpv-block-loop-item php-to-be-replaced-with-shortcode\" data-toolset-views-view-template-block=\"b7eb0a1a20497de92f7c072c7a01f192\"><\/div>\n<\/div><div class=\"tb-grid-column\">\n<div class=\"wp-block-toolset-views-view-template-block wpv-block-loop-item php-to-be-replaced-with-shortcode\" data-toolset-views-view-template-block=\"b7eb0a1a20497de92f7c072c7a01f192\"><\/div>\n<\/div><div class=\"tb-grid-column\">\n<div class=\"wp-block-toolset-views-view-template-block wpv-block-loop-item php-to-be-replaced-with-shortcode\" data-toolset-views-view-template-block=\"b7eb0a1a20497de92f7c072c7a01f192\"><\/div>\n<\/div><\/div><\/div><\/div><\/div><\/div>\n\n\n<hr class=\"wp-block-separator has-text-color has-background has-azul-logo-background-color has-azul-logo-color linea_h1\"\/>\n\n\n\r\n\r\n        <div class=\"bloque_posters\">\r\n    <div class=\"posters\">\r\n        <div class=\"lista_posters\">\r\n            \r\n          \r\n            <div class=\"poster\">\r\n                <figure class=\"foto\">\r\n                    <a href=\"https:\/\/actualfarma.es\/congreso-2022\/wp-content\/uploads\/2022\/08\/poster-ipsck9.pdf\" title=\"Descargar Estudio de utilizacion en vida real : eficacia y seguridad de los inhibidores de PCSK9\" target=\"_blank\">\r\n                        <img decoding=\"async\" src=\"https:\/\/actualfarma.es\/congreso-2022\/wp-content\/uploads\/2022\/08\/poster-ipsck9-pdf.jpg\" alt=\"Descargar Estudio de utilizacion en vida real : eficacia y seguridad de los inhibidores de PCSK9\" loading=\"lazy\">\r\n                    <\/a>\r\n                <\/figure>\r\n                <div class=\"itemDatos\">\r\n\r\n                    <p class=\"itemTitulo\"> <a href=\"https:\/\/actualfarma.es\/congreso-2022\/wp-content\/uploads\/2022\/08\/poster-ipsck9.pdf\" title=\"Descargar Estudio de utilizacion en vida real : eficacia y seguridad de los inhibidores de PCSK9\" target=\"_blank\">Estudio de utilizacion en vida real : eficacia y seguridad de los inhibidores de PCSK9<\/a><\/p>\r\n                    <p class=\"posterAutores\">\r\n                        nuriamonteagudo_88@hotmail.com                    <\/p>\r\n                <!--\r\n                <div class=\"votos\">\r\n                    <a class=\"corazon\" href=\"#\" title=\"Estudio de utilizacion en vida real : eficacia y seguridad de los inhibidores de PCSK9)\">Estudio de utilizacion en vida real : eficacia y seguridad de los inhibidores de PCSK9<\/a>\r\n                    <div class=\"num_votos\">0 votos<\/div>\r\n                <\/div>\r\n              -->\r\n                <\/div>\r\n\r\n            <\/div>\r\n         \r\n\r\n\r\n      \r\n          \r\n            <div class=\"poster\">\r\n                <figure class=\"foto\">\r\n                    <a href=\"https:\/\/actualfarma.es\/congreso-2022\/wp-content\/uploads\/2022\/08\/poster-ipsck9.pdf\" title=\"Descargar ESTUDIO DE UTILIZACI\u00d3N EN VIDA REAL: EFICACIA Y SEGURIDAD DE LOS INHIBIDORES DE PSCK9\" target=\"_blank\">\r\n                        <img decoding=\"async\" src=\"https:\/\/actualfarma.es\/congreso-2022\/wp-content\/uploads\/2022\/08\/poster-ipsck9-pdf.jpg\" alt=\"Descargar ESTUDIO DE UTILIZACI\u00d3N EN VIDA REAL: EFICACIA Y SEGURIDAD DE LOS INHIBIDORES DE PSCK9\" loading=\"lazy\">\r\n                    <\/a>\r\n                <\/figure>\r\n                <div class=\"itemDatos\">\r\n\r\n                    <p class=\"itemTitulo\"> <a href=\"https:\/\/actualfarma.es\/congreso-2022\/wp-content\/uploads\/2022\/08\/poster-ipsck9.pdf\" title=\"Descargar ESTUDIO DE UTILIZACI\u00d3N EN VIDA REAL: EFICACIA Y SEGURIDAD DE LOS INHIBIDORES DE PSCK9\" target=\"_blank\">ESTUDIO DE UTILIZACI\u00d3N EN VIDA REAL: EFICACIA Y SEGURIDAD DE LOS INHIBIDORES DE PSCK9<\/a><\/p>\r\n                    <p class=\"posterAutores\">\r\n                        nuriamonteagudo_88@hotmail.com, Garc\u00eda Vercher A, Monta\u00f1\u00e9s Pauls B, Cebolla Beltr\u00e1n T,, \u00c1lvarez Arroyo L, Pellicer Castell A, Valero Garc\u00eda S                    <\/p>\r\n                <!--\r\n                <div class=\"votos\">\r\n                    <a class=\"corazon\" href=\"#\" title=\"ESTUDIO DE UTILIZACI\u00d3N EN VIDA REAL: EFICACIA Y SEGURIDAD DE LOS INHIBIDORES DE PSCK9)\">ESTUDIO DE UTILIZACI\u00d3N EN VIDA REAL: EFICACIA Y SEGURIDAD DE LOS INHIBIDORES DE PSCK9<\/a>\r\n                    <div class=\"num_votos\">0 votos<\/div>\r\n                <\/div>\r\n              -->\r\n                <\/div>\r\n\r\n            <\/div>\r\n         \r\n\r\n\r\n      \r\n          \r\n            <div class=\"poster\">\r\n                <figure class=\"foto\">\r\n                    <a href=\"https:\/\/actualfarma.es\/congreso-2022\/wp-content\/uploads\/2022\/06\/poster-omalizumab-en-alergias-graves-a-medicamentos.pdf\" title=\"Descargar Omalizumab en alergias graves a medicamentos mediadas por IgE\" target=\"_blank\">\r\n                        <img decoding=\"async\" src=\"https:\/\/actualfarma.es\/congreso-2022\/wp-content\/uploads\/2022\/06\/poster-omalizumab-en-alergias-graves-a-medicamentos-pdf.jpg\" alt=\"Descargar Omalizumab en alergias graves a medicamentos mediadas por IgE\" loading=\"lazy\">\r\n                    <\/a>\r\n                <\/figure>\r\n                <div class=\"itemDatos\">\r\n\r\n                    <p class=\"itemTitulo\"> <a href=\"https:\/\/actualfarma.es\/congreso-2022\/wp-content\/uploads\/2022\/06\/poster-omalizumab-en-alergias-graves-a-medicamentos.pdf\" title=\"Descargar Omalizumab en alergias graves a medicamentos mediadas por IgE\" target=\"_blank\">Omalizumab en alergias graves a medicamentos mediadas por IgE<\/a><\/p>\r\n                    <p class=\"posterAutores\">\r\n                        Ariana Mart\u00edn L\u00f3pez, Inmaculada Plasencia Garc\u00eda, Paula Joy Carmona, Jenifer Gonz\u00e1lez Ch\u00e1vez, Carmen Lidia D\u00edaz D\u00edaz, Iris Gonz\u00e1lez Garc\u00eda                    <\/p>\r\n                <!--\r\n                <div class=\"votos\">\r\n                    <a class=\"corazon\" href=\"#\" title=\"Omalizumab en alergias graves a medicamentos mediadas por IgE)\">Omalizumab en alergias graves a medicamentos mediadas por IgE<\/a>\r\n                    <div class=\"num_votos\">0 votos<\/div>\r\n                <\/div>\r\n              -->\r\n                <\/div>\r\n\r\n            <\/div>\r\n         \r\n\r\n\r\n      \r\n          \r\n            <div class=\"poster\">\r\n                <figure class=\"foto\">\r\n                    <a href=\"https:\/\/actualfarma.es\/congreso-2022\/wp-content\/uploads\/2022\/06\/poster-actualfarma-rh-parcial4.pdf\" title=\"Descargar EFECTO INMUNOMODULADOR Y ANTIOXIDANTE DE UN REMEDIO HERBOLARIO EN SUJETOS SANOS\" target=\"_blank\">\r\n                        <img decoding=\"async\" src=\"https:\/\/actualfarma.es\/congreso-2022\/wp-content\/uploads\/2022\/06\/poster-actualfarma-rh-parcial4-pdf.jpg\" alt=\"Descargar EFECTO INMUNOMODULADOR Y ANTIOXIDANTE DE UN REMEDIO HERBOLARIO EN SUJETOS SANOS\" loading=\"lazy\">\r\n                    <\/a>\r\n                <\/figure>\r\n                <div class=\"itemDatos\">\r\n\r\n                    <p class=\"itemTitulo\"> <a href=\"https:\/\/actualfarma.es\/congreso-2022\/wp-content\/uploads\/2022\/06\/poster-actualfarma-rh-parcial4.pdf\" title=\"Descargar EFECTO INMUNOMODULADOR Y ANTIOXIDANTE DE UN REMEDIO HERBOLARIO EN SUJETOS SANOS\" target=\"_blank\">EFECTO INMUNOMODULADOR Y ANTIOXIDANTE DE UN REMEDIO HERBOLARIO EN SUJETOS SANOS<\/a><\/p>\r\n                    <p class=\"posterAutores\">\r\n                        Geannyne Villegas Rivera                    <\/p>\r\n                <!--\r\n                <div class=\"votos\">\r\n                    <a class=\"corazon\" href=\"#\" title=\"EFECTO INMUNOMODULADOR Y ANTIOXIDANTE DE UN REMEDIO HERBOLARIO EN SUJETOS SANOS)\">EFECTO INMUNOMODULADOR Y ANTIOXIDANTE DE UN REMEDIO HERBOLARIO EN SUJETOS SANOS<\/a>\r\n                    <div class=\"num_votos\">0 votos<\/div>\r\n                <\/div>\r\n              -->\r\n                <\/div>\r\n\r\n            <\/div>\r\n         \r\n\r\n\r\n      \r\n          \r\n            <div class=\"poster\">\r\n                <figure class=\"foto\">\r\n                    <a href=\"https:\/\/actualfarma.es\/congreso-2022\/wp-content\/uploads\/2022\/05\/paxlovid-actualfarma-huis6.pdf\" title=\"Descargar REACCIONES ADVERSAS DEL PAXLOVID COMO TRATAMIENTO DEL COVID-19\" target=\"_blank\">\r\n                        <img decoding=\"async\" src=\"https:\/\/actualfarma.es\/congreso-2022\/wp-content\/uploads\/2022\/05\/paxlovid-actualfarma-huis6-pdf.jpg\" alt=\"Descargar REACCIONES ADVERSAS DEL PAXLOVID COMO TRATAMIENTO DEL COVID-19\" loading=\"lazy\">\r\n                    <\/a>\r\n                <\/figure>\r\n                <div class=\"itemDatos\">\r\n\r\n                    <p class=\"itemTitulo\"> <a href=\"https:\/\/actualfarma.es\/congreso-2022\/wp-content\/uploads\/2022\/05\/paxlovid-actualfarma-huis6.pdf\" title=\"Descargar REACCIONES ADVERSAS DEL PAXLOVID COMO TRATAMIENTO DEL COVID-19\" target=\"_blank\">REACCIONES ADVERSAS DEL PAXLOVID COMO TRATAMIENTO DEL COVID-19<\/a><\/p>\r\n                    <p class=\"posterAutores\">\r\n                        ALICIA MARTINEZ HERNANDEZ, Beatriz Isabel Garc\u00eda - Almenta Garc\u00eda, HIND ZAGAGH                    <\/p>\r\n                <!--\r\n                <div class=\"votos\">\r\n                    <a class=\"corazon\" href=\"#\" title=\"REACCIONES ADVERSAS DEL PAXLOVID COMO TRATAMIENTO DEL COVID-19)\">REACCIONES ADVERSAS DEL PAXLOVID COMO TRATAMIENTO DEL COVID-19<\/a>\r\n                    <div class=\"num_votos\">0 votos<\/div>\r\n                <\/div>\r\n              -->\r\n                <\/div>\r\n\r\n            <\/div>\r\n         \r\n\r\n\r\n      \r\n          \r\n            <div class=\"poster\">\r\n                <figure class=\"foto\">\r\n                    <a href=\"https:\/\/actualfarma.es\/congreso-2022\/wp-content\/uploads\/2022\/05\/poster-actual-farma-2022-clara-notario.pdf\" title=\"Descargar Controversia en la administraci\u00f3n de una dosis de recuerdo de vacuna frente al COVID-19\" target=\"_blank\">\r\n                        <img decoding=\"async\" src=\"https:\/\/actualfarma.es\/congreso-2022\/wp-content\/uploads\/2022\/05\/poster-actual-farma-2022-clara-notario-pdf.jpg\" alt=\"Descargar Controversia en la administraci\u00f3n de una dosis de recuerdo de vacuna frente al COVID-19\" loading=\"lazy\">\r\n                    <\/a>\r\n                <\/figure>\r\n                <div class=\"itemDatos\">\r\n\r\n                    <p class=\"itemTitulo\"> <a href=\"https:\/\/actualfarma.es\/congreso-2022\/wp-content\/uploads\/2022\/05\/poster-actual-farma-2022-clara-notario.pdf\" title=\"Descargar Controversia en la administraci\u00f3n de una dosis de recuerdo de vacuna frente al COVID-19\" target=\"_blank\">Controversia en la administraci\u00f3n de una dosis de recuerdo de vacuna frente al COVID-19<\/a><\/p>\r\n                    <p class=\"posterAutores\">\r\n                        Clara Notario Dongil, Jos\u00e9 Juli\u00e1n Saiz Molina, Alejandro Marcos De La Torre, Adrian P\u00e9rez F\u00e1cila, Ala\u00f1\u00f3n Pardo MM                    <\/p>\r\n                <!--\r\n                <div class=\"votos\">\r\n                    <a class=\"corazon\" href=\"#\" title=\"Controversia en la administraci\u00f3n de una dosis de recuerdo de vacuna frente al COVID-19)\">Controversia en la administraci\u00f3n de una dosis de recuerdo de vacuna frente al COVID-19<\/a>\r\n                    <div class=\"num_votos\">0 votos<\/div>\r\n                <\/div>\r\n              -->\r\n                <\/div>\r\n\r\n            <\/div>\r\n         \r\n\r\n\r\n      \r\n          \r\n            <div class=\"poster\">\r\n                <figure class=\"foto\">\r\n                    <a href=\"https:\/\/actualfarma.es\/congreso-2022\/wp-content\/uploads\/2022\/05\/paxlovid-actualfarma-huis4.pdf\" title=\"Descargar REACCIONES ADVERSAS DEL PAXLOVID COMO TRATAMIENTO DEL COVID-19\" target=\"_blank\">\r\n                        <img decoding=\"async\" src=\"https:\/\/actualfarma.es\/congreso-2022\/wp-content\/uploads\/2022\/05\/paxlovid-actualfarma-huis4-pdf.jpg\" alt=\"Descargar REACCIONES ADVERSAS DEL PAXLOVID COMO TRATAMIENTO DEL COVID-19\" loading=\"lazy\">\r\n                    <\/a>\r\n                <\/figure>\r\n                <div class=\"itemDatos\">\r\n\r\n                    <p class=\"itemTitulo\"> <a href=\"https:\/\/actualfarma.es\/congreso-2022\/wp-content\/uploads\/2022\/05\/paxlovid-actualfarma-huis4.pdf\" title=\"Descargar REACCIONES ADVERSAS DEL PAXLOVID COMO TRATAMIENTO DEL COVID-19\" target=\"_blank\">REACCIONES ADVERSAS DEL PAXLOVID COMO TRATAMIENTO DEL COVID-19<\/a><\/p>\r\n                    <p class=\"posterAutores\">\r\n                        Beatriz Isabel Garc\u00eda - Almenta Garc\u00eda                    <\/p>\r\n                <!--\r\n                <div class=\"votos\">\r\n                    <a class=\"corazon\" href=\"#\" title=\"REACCIONES ADVERSAS DEL PAXLOVID COMO TRATAMIENTO DEL COVID-19)\">REACCIONES ADVERSAS DEL PAXLOVID COMO TRATAMIENTO DEL COVID-19<\/a>\r\n                    <div class=\"num_votos\">0 votos<\/div>\r\n                <\/div>\r\n              -->\r\n                <\/div>\r\n\r\n            <\/div>\r\n         \r\n\r\n\r\n      \r\n          \r\n            <div class=\"poster\">\r\n                <figure class=\"foto\">\r\n                    <a href=\"https:\/\/actualfarma.es\/congreso-2022\/wp-content\/uploads\/2022\/05\/pitolisant-en-narcolepsia.pdf\" title=\"Descargar SEGUIMIENTO DE PACIENTES NARCOL\u00c9PTICOS TRATADOS CON PITOLISANT\" target=\"_blank\">\r\n                        <img decoding=\"async\" src=\"https:\/\/actualfarma.es\/congreso-2022\/wp-content\/uploads\/2022\/05\/pitolisant-en-narcolepsia-pdf.jpg\" alt=\"Descargar SEGUIMIENTO DE PACIENTES NARCOL\u00c9PTICOS TRATADOS CON PITOLISANT\" loading=\"lazy\">\r\n                    <\/a>\r\n                <\/figure>\r\n                <div class=\"itemDatos\">\r\n\r\n                    <p class=\"itemTitulo\"> <a href=\"https:\/\/actualfarma.es\/congreso-2022\/wp-content\/uploads\/2022\/05\/pitolisant-en-narcolepsia.pdf\" title=\"Descargar SEGUIMIENTO DE PACIENTES NARCOL\u00c9PTICOS TRATADOS CON PITOLISANT\" target=\"_blank\">SEGUIMIENTO DE PACIENTES NARCOL\u00c9PTICOS TRATADOS CON PITOLISANT<\/a><\/p>\r\n                    <p class=\"posterAutores\">\r\n                        ANGELA ARCOS SANCHEZ, ELISA BIEGER BARRIO                    <\/p>\r\n                <!--\r\n                <div class=\"votos\">\r\n                    <a class=\"corazon\" href=\"#\" title=\"SEGUIMIENTO DE PACIENTES NARCOL\u00c9PTICOS TRATADOS CON PITOLISANT)\">SEGUIMIENTO DE PACIENTES NARCOL\u00c9PTICOS TRATADOS CON PITOLISANT<\/a>\r\n                    <div class=\"num_votos\">0 votos<\/div>\r\n                <\/div>\r\n              -->\r\n                <\/div>\r\n\r\n            <\/div>\r\n         \r\n\r\n\r\n      \r\n          \r\n            <div class=\"poster\">\r\n                <figure class=\"foto\">\r\n                    <a href=\"https:\/\/actualfarma.es\/congreso-2022\/wp-content\/uploads\/2022\/05\/poster-dupilumab.pdf\" title=\"Descargar EFICACIA Y SEGURIDAD DE DUPILUMAB EN PACIENTES CON DERMATITIS ATOPICA MODERADA A GRAVE\" target=\"_blank\">\r\n                        <img decoding=\"async\" src=\"https:\/\/actualfarma.es\/congreso-2022\/wp-content\/uploads\/2022\/05\/poster-dupilumab-pdf.jpg\" alt=\"Descargar EFICACIA Y SEGURIDAD DE DUPILUMAB EN PACIENTES CON DERMATITIS ATOPICA MODERADA A GRAVE\" loading=\"lazy\">\r\n                    <\/a>\r\n                <\/figure>\r\n                <div class=\"itemDatos\">\r\n\r\n                    <p class=\"itemTitulo\"> <a href=\"https:\/\/actualfarma.es\/congreso-2022\/wp-content\/uploads\/2022\/05\/poster-dupilumab.pdf\" title=\"Descargar EFICACIA Y SEGURIDAD DE DUPILUMAB EN PACIENTES CON DERMATITIS ATOPICA MODERADA A GRAVE\" target=\"_blank\">EFICACIA Y SEGURIDAD DE DUPILUMAB EN PACIENTES CON DERMATITIS ATOPICA MODERADA A GRAVE<\/a><\/p>\r\n                    <p class=\"posterAutores\">\r\n                        Cristina Caba Hern\u00e1ndez, PLACIDO TENA ALEJANDRE, JUAN JOSE DUQUE AGUILAR, ANA ALMANCHEL RIVADENEYRA, JORGE GONZ\u00c1LEZ BARTOLOM\u00c9, LUIS CARLOS FERNANDEZ LISON                    <\/p>\r\n                <!--\r\n                <div class=\"votos\">\r\n                    <a class=\"corazon\" href=\"#\" title=\"EFICACIA Y SEGURIDAD DE DUPILUMAB EN PACIENTES CON DERMATITIS ATOPICA MODERADA A GRAVE)\">EFICACIA Y SEGURIDAD DE DUPILUMAB EN PACIENTES CON DERMATITIS ATOPICA MODERADA A GRAVE<\/a>\r\n                    <div class=\"num_votos\">0 votos<\/div>\r\n                <\/div>\r\n              -->\r\n                <\/div>\r\n\r\n            <\/div>\r\n         \r\n\r\n\r\n      \r\n          \r\n            <div class=\"poster\">\r\n                <figure class=\"foto\">\r\n                    <a href=\"https:\/\/actualfarma.es\/congreso-2022\/wp-content\/uploads\/2022\/05\/plantilla-poster-actualfarma4.pdf\" title=\"Descargar SINDROME ORO- QUEIRO\" target=\"_blank\">\r\n                        <img decoding=\"async\" src=\"https:\/\/actualfarma.es\/congreso-2022\/wp-content\/uploads\/2022\/05\/plantilla-poster-actualfarma4-pdf.jpg\" alt=\"Descargar SINDROME ORO- QUEIRO\" loading=\"lazy\">\r\n                    <\/a>\r\n                <\/figure>\r\n                <div class=\"itemDatos\">\r\n\r\n                    <p class=\"itemTitulo\"> <a href=\"https:\/\/actualfarma.es\/congreso-2022\/wp-content\/uploads\/2022\/05\/plantilla-poster-actualfarma4.pdf\" title=\"Descargar SINDROME ORO- QUEIRO\" target=\"_blank\">SINDROME ORO- QUEIRO<\/a><\/p>\r\n                    <p class=\"posterAutores\">\r\n                        ROC\u00cdO LUJ\u00c1N MART\u00cdNEZ, SARA CARRASCO CLAROS, NEREA GARC\u00cdA SORIA, HORTENSIA FUENTES ALMAGRO, PABLO MADRIGAL LAGU\u00cdA                    <\/p>\r\n                <!--\r\n                <div class=\"votos\">\r\n                    <a class=\"corazon\" href=\"#\" title=\"SINDROME ORO- QUEIRO)\">SINDROME ORO- QUEIRO<\/a>\r\n                    <div class=\"num_votos\">0 votos<\/div>\r\n                <\/div>\r\n              -->\r\n                <\/div>\r\n\r\n            <\/div>\r\n         \r\n\r\n\r\n      \r\n          \r\n            <div class=\"poster\">\r\n                <figure class=\"foto\">\r\n                    <a href=\"https:\/\/actualfarma.es\/congreso-2022\/wp-content\/uploads\/2022\/05\/sotrovimab.pdf\" title=\"Descargar PRIMERAS EXPERIENCIAS EN LA PR\u00c1CTICA CL\u00cdNICA CON EL USO DE SOTROVIMAB EN PACIENTES CON INFECCI\u00d3N POR SARS-COV-2\" target=\"_blank\">\r\n                        <img decoding=\"async\" src=\"https:\/\/actualfarma.es\/congreso-2022\/wp-content\/uploads\/2022\/05\/sotrovimab-pdf.jpg\" alt=\"Descargar PRIMERAS EXPERIENCIAS EN LA PR\u00c1CTICA CL\u00cdNICA CON EL USO DE SOTROVIMAB EN PACIENTES CON INFECCI\u00d3N POR SARS-COV-2\" loading=\"lazy\">\r\n                    <\/a>\r\n                <\/figure>\r\n                <div class=\"itemDatos\">\r\n\r\n                    <p class=\"itemTitulo\"> <a href=\"https:\/\/actualfarma.es\/congreso-2022\/wp-content\/uploads\/2022\/05\/sotrovimab.pdf\" title=\"Descargar PRIMERAS EXPERIENCIAS EN LA PR\u00c1CTICA CL\u00cdNICA CON EL USO DE SOTROVIMAB EN PACIENTES CON INFECCI\u00d3N POR SARS-COV-2\" target=\"_blank\">PRIMERAS EXPERIENCIAS EN LA PR\u00c1CTICA CL\u00cdNICA CON EL USO DE SOTROVIMAB EN PACIENTES CON INFECCI\u00d3N POR SARS-COV-2<\/a><\/p>\r\n                    <p class=\"posterAutores\">\r\n                        H\u00e9ctor Alabort Ayll\u00f3n, Eduardo Tebar Mart\u00ednez, ANDREA DROZDZ, JUAN MANUEL COLLADO, Bel\u00e9n Serna Serrano, REBECA ALDAZ                    <\/p>\r\n                <!--\r\n                <div class=\"votos\">\r\n                    <a class=\"corazon\" href=\"#\" title=\"PRIMERAS EXPERIENCIAS EN LA PR\u00c1CTICA CL\u00cdNICA CON EL USO DE SOTROVIMAB EN PACIENTES CON INFECCI\u00d3N POR SARS-COV-2)\">PRIMERAS EXPERIENCIAS EN LA PR\u00c1CTICA CL\u00cdNICA CON EL USO DE SOTROVIMAB EN PACIENTES CON INFECCI\u00d3N POR SARS-COV-2<\/a>\r\n                    <div class=\"num_votos\">0 votos<\/div>\r\n                <\/div>\r\n              -->\r\n                <\/div>\r\n\r\n            <\/div>\r\n         \r\n\r\n\r\n      \r\n          \r\n            <div class=\"poster\">\r\n                <figure class=\"foto\">\r\n                    <a href=\"https:\/\/actualfarma.es\/congreso-2022\/wp-content\/uploads\/2022\/05\/poster-actualfarma-dgt1.pdf\" title=\"Descargar An\u00e1lisis de seguridad de Certolizumab pegol en mujeres durante la gestaci\u00f3n y lactancia\" target=\"_blank\">\r\n                        <img decoding=\"async\" src=\"https:\/\/actualfarma.es\/congreso-2022\/wp-content\/uploads\/2022\/05\/poster-actualfarma-dgt1-pdf.jpg\" alt=\"Descargar An\u00e1lisis de seguridad de Certolizumab pegol en mujeres durante la gestaci\u00f3n y lactancia\" loading=\"lazy\">\r\n                    <\/a>\r\n                <\/figure>\r\n                <div class=\"itemDatos\">\r\n\r\n                    <p class=\"itemTitulo\"> <a href=\"https:\/\/actualfarma.es\/congreso-2022\/wp-content\/uploads\/2022\/05\/poster-actualfarma-dgt1.pdf\" title=\"Descargar An\u00e1lisis de seguridad de Certolizumab pegol en mujeres durante la gestaci\u00f3n y lactancia\" target=\"_blank\">An\u00e1lisis de seguridad de Certolizumab pegol en mujeres durante la gestaci\u00f3n y lactancia<\/a><\/p>\r\n                    <p class=\"posterAutores\">\r\n                        Diego G\u00e1mez Torres, MARINA SANCHEZ VALERA, BELEN SANCHEZ RODRIGUEZ                    <\/p>\r\n                <!--\r\n                <div class=\"votos\">\r\n                    <a class=\"corazon\" href=\"#\" title=\"An\u00e1lisis de seguridad de Certolizumab pegol en mujeres durante la gestaci\u00f3n y lactancia)\">An\u00e1lisis de seguridad de Certolizumab pegol en mujeres durante la gestaci\u00f3n y lactancia<\/a>\r\n                    <div class=\"num_votos\">0 votos<\/div>\r\n                <\/div>\r\n              -->\r\n                <\/div>\r\n\r\n            <\/div>\r\n         \r\n\r\n\r\n      \r\n          \r\n            <div class=\"poster\">\r\n                <figure class=\"foto\">\r\n                    <a href=\"https:\/\/actualfarma.es\/congreso-2022\/wp-content\/uploads\/2022\/05\/poster-actualfarma-amiloidosis-hereditaria-por-transtiretina1.pdf\" title=\"Descargar Amiloidosis hereditaria por transtiretina\" target=\"_blank\">\r\n                        <img decoding=\"async\" src=\"https:\/\/actualfarma.es\/congreso-2022\/wp-content\/uploads\/2022\/05\/poster-actualfarma-amiloidosis-hereditaria-por-transtiretina1-pdf.jpg\" alt=\"Descargar Amiloidosis hereditaria por transtiretina\" loading=\"lazy\">\r\n                    <\/a>\r\n                <\/figure>\r\n                <div class=\"itemDatos\">\r\n\r\n                    <p class=\"itemTitulo\"> <a href=\"https:\/\/actualfarma.es\/congreso-2022\/wp-content\/uploads\/2022\/05\/poster-actualfarma-amiloidosis-hereditaria-por-transtiretina1.pdf\" title=\"Descargar Amiloidosis hereditaria por transtiretina\" target=\"_blank\">Amiloidosis hereditaria por transtiretina<\/a><\/p>\r\n                    <p class=\"posterAutores\">\r\n                        Carolina Garc\u00eda Jim\u00e9nez, Cristina L\u00f3pez S\u00e1nchez, Alba P\u00e9rez Cano, Ghita Sefrioui, Alicia Mart\u00ednez Hern\u00e1ndez                    <\/p>\r\n                <!--\r\n                <div class=\"votos\">\r\n                    <a class=\"corazon\" href=\"#\" title=\"Amiloidosis hereditaria por transtiretina)\">Amiloidosis hereditaria por transtiretina<\/a>\r\n                    <div class=\"num_votos\">0 votos<\/div>\r\n                <\/div>\r\n              -->\r\n                <\/div>\r\n\r\n            <\/div>\r\n         \r\n\r\n\r\n      \r\n          \r\n            <div class=\"poster\">\r\n                <figure class=\"foto\">\r\n                    <a href=\"https:\/\/actualfarma.es\/congreso-2022\/wp-content\/uploads\/2022\/05\/poster-actualfarma-amiloidosis-hereditaria-por-transtiretina.pdf\" title=\"Descargar Amiloidosis hereditaria por transtiretina\" target=\"_blank\">\r\n                        <img decoding=\"async\" src=\"https:\/\/actualfarma.es\/congreso-2022\/wp-content\/uploads\/2022\/05\/poster-actualfarma-amiloidosis-hereditaria-por-transtiretina-pdf.jpg\" alt=\"Descargar Amiloidosis hereditaria por transtiretina\" loading=\"lazy\">\r\n                    <\/a>\r\n                <\/figure>\r\n                <div class=\"itemDatos\">\r\n\r\n                    <p class=\"itemTitulo\"> <a href=\"https:\/\/actualfarma.es\/congreso-2022\/wp-content\/uploads\/2022\/05\/poster-actualfarma-amiloidosis-hereditaria-por-transtiretina.pdf\" title=\"Descargar Amiloidosis hereditaria por transtiretina\" target=\"_blank\">Amiloidosis hereditaria por transtiretina<\/a><\/p>\r\n                    <p class=\"posterAutores\">\r\n                        Carolina Garc\u00eda Jim\u00e9nez, Cristina L\u00f3pez S\u00e1nchez, Alba P\u00e9rez Cano, Ghita Sefrioui, Alicia Mart\u00ednez Hern\u00e1ndez                    <\/p>\r\n                <!--\r\n                <div class=\"votos\">\r\n                    <a class=\"corazon\" href=\"#\" title=\"Amiloidosis hereditaria por transtiretina)\">Amiloidosis hereditaria por transtiretina<\/a>\r\n                    <div class=\"num_votos\">0 votos<\/div>\r\n                <\/div>\r\n              -->\r\n                <\/div>\r\n\r\n            <\/div>\r\n         \r\n\r\n\r\n      \r\n          \r\n            <div class=\"poster\">\r\n                <figure class=\"foto\">\r\n                    <a href=\"https:\/\/actualfarma.es\/congreso-2022\/wp-content\/uploads\/2022\/05\/plantilla-modificada-1pptxdefpptx-enviado1.pdf\" title=\"Descargar PROGRAMA DE SEGUIMIENTO INDIVIDUALIZADO DE LAS DISPENSACIONES DE ANTIPSICOTICOS DEPOT EN CENTROS DE SALUD MENTAL DEL AREA DE SALUD\" target=\"_blank\">\r\n                        <img decoding=\"async\" src=\"https:\/\/actualfarma.es\/congreso-2022\/wp-content\/uploads\/2022\/05\/plantilla-modificada-1pptxdefpptx-enviado1-pdf.jpg\" alt=\"Descargar PROGRAMA DE SEGUIMIENTO INDIVIDUALIZADO DE LAS DISPENSACIONES DE ANTIPSICOTICOS DEPOT EN CENTROS DE SALUD MENTAL DEL AREA DE SALUD\" loading=\"lazy\">\r\n                    <\/a>\r\n                <\/figure>\r\n                <div class=\"itemDatos\">\r\n\r\n                    <p class=\"itemTitulo\"> <a href=\"https:\/\/actualfarma.es\/congreso-2022\/wp-content\/uploads\/2022\/05\/plantilla-modificada-1pptxdefpptx-enviado1.pdf\" title=\"Descargar PROGRAMA DE SEGUIMIENTO INDIVIDUALIZADO DE LAS DISPENSACIONES DE ANTIPSICOTICOS DEPOT EN CENTROS DE SALUD MENTAL DEL AREA DE SALUD\" target=\"_blank\">PROGRAMA DE SEGUIMIENTO INDIVIDUALIZADO DE LAS DISPENSACIONES DE ANTIPSICOTICOS DEPOT EN CENTROS DE SALUD MENTAL DEL AREA DE SALUD<\/a><\/p>\r\n                    <p class=\"posterAutores\">\r\n                        Montserrat Llopis Fern\u00e1ndez, Miguel Almanchel Rivadeneyra, Aina Tom\u00e1s Luiz, Ana Soriano Jim\u00e9nez, Encarna Mu\u00f1oz Guardiola, M\u00aaFrancisca S\u00e1nchez Teruel                    <\/p>\r\n                <!--\r\n                <div class=\"votos\">\r\n                    <a class=\"corazon\" href=\"#\" title=\"PROGRAMA DE SEGUIMIENTO INDIVIDUALIZADO DE LAS DISPENSACIONES DE ANTIPSICOTICOS DEPOT EN CENTROS DE SALUD MENTAL DEL AREA DE SALUD)\">PROGRAMA DE SEGUIMIENTO INDIVIDUALIZADO DE LAS DISPENSACIONES DE ANTIPSICOTICOS DEPOT EN CENTROS DE SALUD MENTAL DEL AREA DE SALUD<\/a>\r\n                    <div class=\"num_votos\">0 votos<\/div>\r\n                <\/div>\r\n              -->\r\n                <\/div>\r\n\r\n            <\/div>\r\n         \r\n\r\n\r\n      \r\n          \r\n            <div class=\"poster\">\r\n                <figure class=\"foto\">\r\n                    <a href=\"https:\/\/actualfarma.es\/congreso-2022\/wp-content\/uploads\/2022\/05\/fiebre1.pdf\" title=\"Descargar Fiebre, no todo es infecci\u00f3n.\" target=\"_blank\">\r\n                        <img decoding=\"async\" src=\"https:\/\/actualfarma.es\/congreso-2022\/wp-content\/uploads\/2022\/05\/fiebre1-pdf.jpg\" alt=\"Descargar Fiebre, no todo es infecci\u00f3n.\" loading=\"lazy\">\r\n                    <\/a>\r\n                <\/figure>\r\n                <div class=\"itemDatos\">\r\n\r\n                    <p class=\"itemTitulo\"> <a href=\"https:\/\/actualfarma.es\/congreso-2022\/wp-content\/uploads\/2022\/05\/fiebre1.pdf\" title=\"Descargar Fiebre, no todo es infecci\u00f3n.\" target=\"_blank\">Fiebre, no todo es infecci\u00f3n.<\/a><\/p>\r\n                    <p class=\"posterAutores\">\r\n                        HORTENSIA FUENTES ALMAGRO, PABLO MADRIGAL LAGU\u00cdA, ROC\u00cdO LUJ\u00c1N MART\u00cdNEZ, SARA CARRASCO CLAROS, NEREA GARC\u00cdA SORIA                    <\/p>\r\n                <!--\r\n                <div class=\"votos\">\r\n                    <a class=\"corazon\" href=\"#\" title=\"Fiebre, no todo es infecci\u00f3n.)\">Fiebre, no todo es infecci\u00f3n.<\/a>\r\n                    <div class=\"num_votos\">0 votos<\/div>\r\n                <\/div>\r\n              -->\r\n                <\/div>\r\n\r\n            <\/div>\r\n         \r\n\r\n\r\n      \r\n          \r\n            <div class=\"poster\">\r\n                <figure class=\"foto\">\r\n                    <a href=\"https:\/\/actualfarma.es\/congreso-2022\/wp-content\/uploads\/2022\/05\/plantilla-poster-actualfarma-sc.pdf\" title=\"Descargar APLICACI\u00d3N DE LA V\u00cdA SUBCUT\u00c1NEA EN LA HIDRATACI\u00d3N Y ADMINISTRACI\u00d3N DE MEDICAMENTOS: REVISI\u00d3N EN CUIDADOS PALIATIVOS PEDI\u00c1TRICOS.\" target=\"_blank\">\r\n                        <img decoding=\"async\" src=\"https:\/\/actualfarma.es\/congreso-2022\/wp-content\/uploads\/2022\/05\/plantilla-poster-actualfarma-sc-pdf.jpg\" alt=\"Descargar APLICACI\u00d3N DE LA V\u00cdA SUBCUT\u00c1NEA EN LA HIDRATACI\u00d3N Y ADMINISTRACI\u00d3N DE MEDICAMENTOS: REVISI\u00d3N EN CUIDADOS PALIATIVOS PEDI\u00c1TRICOS.\" loading=\"lazy\">\r\n                    <\/a>\r\n                <\/figure>\r\n                <div class=\"itemDatos\">\r\n\r\n                    <p class=\"itemTitulo\"> <a href=\"https:\/\/actualfarma.es\/congreso-2022\/wp-content\/uploads\/2022\/05\/plantilla-poster-actualfarma-sc.pdf\" title=\"Descargar APLICACI\u00d3N DE LA V\u00cdA SUBCUT\u00c1NEA EN LA HIDRATACI\u00d3N Y ADMINISTRACI\u00d3N DE MEDICAMENTOS: REVISI\u00d3N EN CUIDADOS PALIATIVOS PEDI\u00c1TRICOS.\" target=\"_blank\">APLICACI\u00d3N DE LA V\u00cdA SUBCUT\u00c1NEA EN LA HIDRATACI\u00d3N Y ADMINISTRACI\u00d3N DE MEDICAMENTOS: REVISI\u00d3N EN CUIDADOS PALIATIVOS PEDI\u00c1TRICOS.<\/a><\/p>\r\n                    <p class=\"posterAutores\">\r\n                        RA\u00daL L\u00d3PEZ \u00c1LVAREZ, MARTA GARC\u00cdA PALOMO, MANUEL ALBERTO TOLEDO DAVIA, LAURA TORRALBA FERN\u00c1NDEZ, CLARA JIM\u00c9NEZ M\u00c9NDEZ, PALOMA MOYA G\u00d3MEZ                    <\/p>\r\n                <!--\r\n                <div class=\"votos\">\r\n                    <a class=\"corazon\" href=\"#\" title=\"APLICACI\u00d3N DE LA V\u00cdA SUBCUT\u00c1NEA EN LA HIDRATACI\u00d3N Y ADMINISTRACI\u00d3N DE MEDICAMENTOS: REVISI\u00d3N EN CUIDADOS PALIATIVOS PEDI\u00c1TRICOS.)\">APLICACI\u00d3N DE LA V\u00cdA SUBCUT\u00c1NEA EN LA HIDRATACI\u00d3N Y ADMINISTRACI\u00d3N DE MEDICAMENTOS: REVISI\u00d3N EN CUIDADOS PALIATIVOS PEDI\u00c1TRICOS.<\/a>\r\n                    <div class=\"num_votos\">0 votos<\/div>\r\n                <\/div>\r\n              -->\r\n                <\/div>\r\n\r\n            <\/div>\r\n         \r\n\r\n\r\n      \r\n          \r\n            <div class=\"poster\">\r\n                <figure class=\"foto\">\r\n                    <a href=\"https:\/\/actualfarma.es\/congreso-2022\/wp-content\/uploads\/2022\/05\/plantilla-poster-actualfarma-ovario.pdf\" title=\"Descargar M\u00daLTIPLES L\u00cdNEAS DE TRATAMIENTO Y EXPERIENCIA DE PACIENTE EN C\u00c1NCER DE OVARIO: A PROP\u00d3SITO DE UN CASO.\" target=\"_blank\">\r\n                        <img decoding=\"async\" src=\"https:\/\/actualfarma.es\/congreso-2022\/wp-content\/uploads\/2022\/05\/plantilla-poster-actualfarma-ovario-pdf.jpg\" alt=\"Descargar M\u00daLTIPLES L\u00cdNEAS DE TRATAMIENTO Y EXPERIENCIA DE PACIENTE EN C\u00c1NCER DE OVARIO: A PROP\u00d3SITO DE UN CASO.\" loading=\"lazy\">\r\n                    <\/a>\r\n                <\/figure>\r\n                <div class=\"itemDatos\">\r\n\r\n                    <p class=\"itemTitulo\"> <a href=\"https:\/\/actualfarma.es\/congreso-2022\/wp-content\/uploads\/2022\/05\/plantilla-poster-actualfarma-ovario.pdf\" title=\"Descargar M\u00daLTIPLES L\u00cdNEAS DE TRATAMIENTO Y EXPERIENCIA DE PACIENTE EN C\u00c1NCER DE OVARIO: A PROP\u00d3SITO DE UN CASO.\" target=\"_blank\">M\u00daLTIPLES L\u00cdNEAS DE TRATAMIENTO Y EXPERIENCIA DE PACIENTE EN C\u00c1NCER DE OVARIO: A PROP\u00d3SITO DE UN CASO.<\/a><\/p>\r\n                    <p class=\"posterAutores\">\r\n                        RA\u00daL L\u00d3PEZ \u00c1LVAREZ, ANA ROSA RUBIO SALVADOR, MANUEL ALBERTO TOLEDO DAVIA, Ana Dom\u00ednguez Barahona, LAURA TORRALBA FERN\u00c1NDEZ, CLARA JIM\u00c9NEZ M\u00c9NDEZ                    <\/p>\r\n                <!--\r\n                <div class=\"votos\">\r\n                    <a class=\"corazon\" href=\"#\" title=\"M\u00daLTIPLES L\u00cdNEAS DE TRATAMIENTO Y EXPERIENCIA DE PACIENTE EN C\u00c1NCER DE OVARIO: A PROP\u00d3SITO DE UN CASO.)\">M\u00daLTIPLES L\u00cdNEAS DE TRATAMIENTO Y EXPERIENCIA DE PACIENTE EN C\u00c1NCER DE OVARIO: A PROP\u00d3SITO DE UN CASO.<\/a>\r\n                    <div class=\"num_votos\">0 votos<\/div>\r\n                <\/div>\r\n              -->\r\n                <\/div>\r\n\r\n            <\/div>\r\n         \r\n\r\n\r\n      \r\n          \r\n            <div class=\"poster\">\r\n                <figure class=\"foto\">\r\n                    <a href=\"https:\/\/actualfarma.es\/congreso-2022\/wp-content\/uploads\/2022\/05\/poster-persistencia-actualfarma-1.pdf\" title=\"Descargar AN\u00c1LISIS DE PERSISTENCIA DE SECUKINUMAB E IKEKIZUMAB EN EL TRATAMIENTO DE LA PSORIASIS MODERADA A GRAVE\" target=\"_blank\">\r\n                        <img decoding=\"async\" src=\"https:\/\/actualfarma.es\/congreso-2022\/wp-content\/uploads\/2022\/05\/poster-persistencia-actualfarma-1-pdf.jpg\" alt=\"Descargar AN\u00c1LISIS DE PERSISTENCIA DE SECUKINUMAB E IKEKIZUMAB EN EL TRATAMIENTO DE LA PSORIASIS MODERADA A GRAVE\" loading=\"lazy\">\r\n                    <\/a>\r\n                <\/figure>\r\n                <div class=\"itemDatos\">\r\n\r\n                    <p class=\"itemTitulo\"> <a href=\"https:\/\/actualfarma.es\/congreso-2022\/wp-content\/uploads\/2022\/05\/poster-persistencia-actualfarma-1.pdf\" title=\"Descargar AN\u00c1LISIS DE PERSISTENCIA DE SECUKINUMAB E IKEKIZUMAB EN EL TRATAMIENTO DE LA PSORIASIS MODERADA A GRAVE\" target=\"_blank\">AN\u00c1LISIS DE PERSISTENCIA DE SECUKINUMAB E IKEKIZUMAB EN EL TRATAMIENTO DE LA PSORIASIS MODERADA A GRAVE<\/a><\/p>\r\n                    <p class=\"posterAutores\">\r\n                        LAURA TORRALBA FERN\u00c1NDEZ, Ana Dom\u00ednguez Barahona, MANUEL ALBERTO TOLEDO DAVIA, Ra\u00fal L\u00f3pez \u00c1lvarez, CLARA JIM\u00c9NEZ M\u00c9NDEZ, PALOMA MOYA G\u00d3MEZ                    <\/p>\r\n                <!--\r\n                <div class=\"votos\">\r\n                    <a class=\"corazon\" href=\"#\" title=\"AN\u00c1LISIS DE PERSISTENCIA DE SECUKINUMAB E IKEKIZUMAB EN EL TRATAMIENTO DE LA PSORIASIS MODERADA A GRAVE)\">AN\u00c1LISIS DE PERSISTENCIA DE SECUKINUMAB E IKEKIZUMAB EN EL TRATAMIENTO DE LA PSORIASIS MODERADA A GRAVE<\/a>\r\n                    <div class=\"num_votos\">0 votos<\/div>\r\n                <\/div>\r\n              -->\r\n                <\/div>\r\n\r\n            <\/div>\r\n         \r\n\r\n\r\n      \r\n          \r\n            <div class=\"poster\">\r\n                <figure class=\"foto\">\r\n                    <a href=\"https:\/\/actualfarma.es\/congreso-2022\/wp-content\/uploads\/2022\/05\/alumbre.pdf\" title=\"Descargar Efectividad y seguridad de la irrigaci\u00f3n vesical con alumbre 1% en hematuria persistente\" target=\"_blank\">\r\n                        <img decoding=\"async\" src=\"https:\/\/actualfarma.es\/congreso-2022\/wp-content\/uploads\/2022\/05\/alumbre-pdf.jpg\" alt=\"Descargar Efectividad y seguridad de la irrigaci\u00f3n vesical con alumbre 1% en hematuria persistente\" loading=\"lazy\">\r\n                    <\/a>\r\n                <\/figure>\r\n                <div class=\"itemDatos\">\r\n\r\n                    <p class=\"itemTitulo\"> <a href=\"https:\/\/actualfarma.es\/congreso-2022\/wp-content\/uploads\/2022\/05\/alumbre.pdf\" title=\"Descargar Efectividad y seguridad de la irrigaci\u00f3n vesical con alumbre 1% en hematuria persistente\" target=\"_blank\">Efectividad y seguridad de la irrigaci\u00f3n vesical con alumbre 1% en hematuria persistente<\/a><\/p>\r\n                    <p class=\"posterAutores\">\r\n                        Mar\u00eda Molinero Mu\u00f1oz, Puebla Garcia V, de la Torre ortiz M, Natalia Sanchez Oca\u00f1a, Corazon Villanueva J, Jose Manuel Martinez Sesmero                    <\/p>\r\n                <!--\r\n                <div class=\"votos\">\r\n                    <a class=\"corazon\" href=\"#\" title=\"Efectividad y seguridad de la irrigaci\u00f3n vesical con alumbre 1% en hematuria persistente)\">Efectividad y seguridad de la irrigaci\u00f3n vesical con alumbre 1% en hematuria persistente<\/a>\r\n                    <div class=\"num_votos\">0 votos<\/div>\r\n                <\/div>\r\n              -->\r\n                <\/div>\r\n\r\n            <\/div>\r\n         \r\n\r\n\r\n      \r\n          \r\n            <div class=\"poster\">\r\n                <figure class=\"foto\">\r\n                    <a href=\"https:\/\/actualfarma.es\/congreso-2022\/wp-content\/uploads\/2022\/05\/poster-af-toci.pdf\" title=\"Descargar AN\u00c1LISIS DE PACIENTES COVID EN TRATAMIENTO CON TOCILIZUMAB\" target=\"_blank\">\r\n                        <img decoding=\"async\" src=\"https:\/\/actualfarma.es\/congreso-2022\/wp-content\/uploads\/2022\/05\/poster-af-toci-pdf.jpg\" alt=\"Descargar AN\u00c1LISIS DE PACIENTES COVID EN TRATAMIENTO CON TOCILIZUMAB\" loading=\"lazy\">\r\n                    <\/a>\r\n                <\/figure>\r\n                <div class=\"itemDatos\">\r\n\r\n                    <p class=\"itemTitulo\"> <a href=\"https:\/\/actualfarma.es\/congreso-2022\/wp-content\/uploads\/2022\/05\/poster-af-toci.pdf\" title=\"Descargar AN\u00c1LISIS DE PACIENTES COVID EN TRATAMIENTO CON TOCILIZUMAB\" target=\"_blank\">AN\u00c1LISIS DE PACIENTES COVID EN TRATAMIENTO CON TOCILIZUMAB<\/a><\/p>\r\n                    <p class=\"posterAutores\">\r\n                        JORGE GONZ\u00c1LEZ BARTOLOM\u00c9, PLACIDO TENA ALEJANDRE, JUAN JOSE DUQUE AGUILAR, ANA ALMANCHEL RIVADENEYRA, Cristina Caba Hern\u00e1ndez, LUIS CARLOS FERNANDEZ LISON                    <\/p>\r\n                <!--\r\n                <div class=\"votos\">\r\n                    <a class=\"corazon\" href=\"#\" title=\"AN\u00c1LISIS DE PACIENTES COVID EN TRATAMIENTO CON TOCILIZUMAB)\">AN\u00c1LISIS DE PACIENTES COVID EN TRATAMIENTO CON TOCILIZUMAB<\/a>\r\n                    <div class=\"num_votos\">0 votos<\/div>\r\n                <\/div>\r\n              -->\r\n                <\/div>\r\n\r\n            <\/div>\r\n         \r\n\r\n\r\n      \r\n          \r\n            <div class=\"poster\">\r\n                <figure class=\"foto\">\r\n                    <a href=\"https:\/\/actualfarma.es\/congreso-2022\/wp-content\/uploads\/2022\/05\/poster-af-geriatria1.pdf\" title=\"Descargar GRADO DE ACEPTACI\u00d3N DE LAS INTERVENCIONES DEL PROGRAMA DE OPTIMIZACI\u00d3N DE USO DE ANTIMICROBIANOS EN EL SERVICIO DE GERIATR\u00cdA\" target=\"_blank\">\r\n                        <img decoding=\"async\" src=\"https:\/\/actualfarma.es\/congreso-2022\/wp-content\/uploads\/2022\/05\/poster-af-geriatria1-pdf.jpg\" alt=\"Descargar GRADO DE ACEPTACI\u00d3N DE LAS INTERVENCIONES DEL PROGRAMA DE OPTIMIZACI\u00d3N DE USO DE ANTIMICROBIANOS EN EL SERVICIO DE GERIATR\u00cdA\" loading=\"lazy\">\r\n                    <\/a>\r\n                <\/figure>\r\n                <div class=\"itemDatos\">\r\n\r\n                    <p class=\"itemTitulo\"> <a href=\"https:\/\/actualfarma.es\/congreso-2022\/wp-content\/uploads\/2022\/05\/poster-af-geriatria1.pdf\" title=\"Descargar GRADO DE ACEPTACI\u00d3N DE LAS INTERVENCIONES DEL PROGRAMA DE OPTIMIZACI\u00d3N DE USO DE ANTIMICROBIANOS EN EL SERVICIO DE GERIATR\u00cdA\" target=\"_blank\">GRADO DE ACEPTACI\u00d3N DE LAS INTERVENCIONES DEL PROGRAMA DE OPTIMIZACI\u00d3N DE USO DE ANTIMICROBIANOS EN EL SERVICIO DE GERIATR\u00cdA<\/a><\/p>\r\n                    <p class=\"posterAutores\">\r\n                        JORGE GONZ\u00c1LEZ BARTOLOM\u00c9, Ana Almanchel Rivadeneyra, Cristina Caba Hern\u00e1ndez, Mar\u00eda Isabel Mart\u00edn Mart\u00edn, Juan Luengo \u00c1lvarez, Luis Carlos Fern\u00e1ndez Lison                    <\/p>\r\n                <!--\r\n                <div class=\"votos\">\r\n                    <a class=\"corazon\" href=\"#\" title=\"GRADO DE ACEPTACI\u00d3N DE LAS INTERVENCIONES DEL PROGRAMA DE OPTIMIZACI\u00d3N DE USO DE ANTIMICROBIANOS EN EL SERVICIO DE GERIATR\u00cdA)\">GRADO DE ACEPTACI\u00d3N DE LAS INTERVENCIONES DEL PROGRAMA DE OPTIMIZACI\u00d3N DE USO DE ANTIMICROBIANOS EN EL SERVICIO DE GERIATR\u00cdA<\/a>\r\n                    <div class=\"num_votos\">0 votos<\/div>\r\n                <\/div>\r\n              -->\r\n                <\/div>\r\n\r\n            <\/div>\r\n         \r\n\r\n\r\n      \r\n          \r\n            <div class=\"poster\">\r\n                <figure class=\"foto\">\r\n                    <a href=\"https:\/\/actualfarma.es\/congreso-2022\/wp-content\/uploads\/2022\/05\/poster-af-geriatria.pdf\" title=\"Descargar GRADO DE ACEPTACI\u00d3N DE LAS INTERVENCIONES DEL PROGRAMA DE OPTIMIZACI\u00d3N DE USO DE ANTIMICROBIANOS EN EL SERVICIO DE GERIATR\u00cdA\" target=\"_blank\">\r\n                        <img decoding=\"async\" src=\"https:\/\/actualfarma.es\/congreso-2022\/wp-content\/uploads\/2022\/05\/poster-af-geriatria-pdf.jpg\" alt=\"Descargar GRADO DE ACEPTACI\u00d3N DE LAS INTERVENCIONES DEL PROGRAMA DE OPTIMIZACI\u00d3N DE USO DE ANTIMICROBIANOS EN EL SERVICIO DE GERIATR\u00cdA\" loading=\"lazy\">\r\n                    <\/a>\r\n                <\/figure>\r\n                <div class=\"itemDatos\">\r\n\r\n                    <p class=\"itemTitulo\"> <a href=\"https:\/\/actualfarma.es\/congreso-2022\/wp-content\/uploads\/2022\/05\/poster-af-geriatria.pdf\" title=\"Descargar GRADO DE ACEPTACI\u00d3N DE LAS INTERVENCIONES DEL PROGRAMA DE OPTIMIZACI\u00d3N DE USO DE ANTIMICROBIANOS EN EL SERVICIO DE GERIATR\u00cdA\" target=\"_blank\">GRADO DE ACEPTACI\u00d3N DE LAS INTERVENCIONES DEL PROGRAMA DE OPTIMIZACI\u00d3N DE USO DE ANTIMICROBIANOS EN EL SERVICIO DE GERIATR\u00cdA<\/a><\/p>\r\n                    <p class=\"posterAutores\">\r\n                        JORGE GONZ\u00c1LEZ BARTOLOM\u00c9, Ana Almanchel Rivadeneyra, Cristina Caba Hern\u00e1ndez, Mar\u00eda Isabel Mart\u00edn Mart\u00edn, Juan Luengo \u00c1lvarez, Luis Carlos Fern\u00e1ndez Lison                    <\/p>\r\n                <!--\r\n                <div class=\"votos\">\r\n                    <a class=\"corazon\" href=\"#\" title=\"GRADO DE ACEPTACI\u00d3N DE LAS INTERVENCIONES DEL PROGRAMA DE OPTIMIZACI\u00d3N DE USO DE ANTIMICROBIANOS EN EL SERVICIO DE GERIATR\u00cdA)\">GRADO DE ACEPTACI\u00d3N DE LAS INTERVENCIONES DEL PROGRAMA DE OPTIMIZACI\u00d3N DE USO DE ANTIMICROBIANOS EN EL SERVICIO DE GERIATR\u00cdA<\/a>\r\n                    <div class=\"num_votos\">0 votos<\/div>\r\n                <\/div>\r\n              -->\r\n                <\/div>\r\n\r\n            <\/div>\r\n         \r\n\r\n\r\n      \r\n          \r\n            <div class=\"poster\">\r\n                <figure class=\"foto\">\r\n                    <a href=\"https:\/\/actualfarma.es\/congreso-2022\/wp-content\/uploads\/2022\/05\/symkevi-efectividad1.pdf\" title=\"Descargar EVALUACI\u00d3N DE LA EFECTIVIDAD DE TEZACAFTOR\/IVACAFTOR EN  PACIENTES CON FIBROSIS QU\u00cdSTICA\" target=\"_blank\">\r\n                        <img decoding=\"async\" src=\"https:\/\/actualfarma.es\/congreso-2022\/wp-content\/uploads\/2022\/05\/symkevi-efectividad1-pdf.jpg\" alt=\"Descargar EVALUACI\u00d3N DE LA EFECTIVIDAD DE TEZACAFTOR\/IVACAFTOR EN  PACIENTES CON FIBROSIS QU\u00cdSTICA\" loading=\"lazy\">\r\n                    <\/a>\r\n                <\/figure>\r\n                <div class=\"itemDatos\">\r\n\r\n                    <p class=\"itemTitulo\"> <a href=\"https:\/\/actualfarma.es\/congreso-2022\/wp-content\/uploads\/2022\/05\/symkevi-efectividad1.pdf\" title=\"Descargar EVALUACI\u00d3N DE LA EFECTIVIDAD DE TEZACAFTOR\/IVACAFTOR EN  PACIENTES CON FIBROSIS QU\u00cdSTICA\" target=\"_blank\">EVALUACI\u00d3N DE LA EFECTIVIDAD DE TEZACAFTOR\/IVACAFTOR EN  PACIENTES CON FIBROSIS QU\u00cdSTICA<\/a><\/p>\r\n                    <p class=\"posterAutores\">\r\n                        ANA ALMANCHEL RIVADENEYRA, PLACIDO TENA ALEJANDRE, JUAN JOSE DUQUE AGUILAR, JORGE GONZ\u00c1LEZ BARTOLOM\u00c9, PAULA P\u00c9REZ PUENTE, LUIS CARLOS FERNANDEZ LISON                    <\/p>\r\n                <!--\r\n                <div class=\"votos\">\r\n                    <a class=\"corazon\" href=\"#\" title=\"EVALUACI\u00d3N DE LA EFECTIVIDAD DE TEZACAFTOR\/IVACAFTOR EN  PACIENTES CON FIBROSIS QU\u00cdSTICA)\">EVALUACI\u00d3N DE LA EFECTIVIDAD DE TEZACAFTOR\/IVACAFTOR EN  PACIENTES CON FIBROSIS QU\u00cdSTICA<\/a>\r\n                    <div class=\"num_votos\">0 votos<\/div>\r\n                <\/div>\r\n              -->\r\n                <\/div>\r\n\r\n            <\/div>\r\n         \r\n\r\n\r\n      \r\n          \r\n            <div class=\"poster\">\r\n                <figure class=\"foto\">\r\n                    <a href=\"https:\/\/actualfarma.es\/congreso-2022\/wp-content\/uploads\/2022\/05\/actualfarma1.pdf\" title=\"Descargar Utilidad de las intervenciones realizadas por farmacia en el tratamiento del paciente ingresado\" target=\"_blank\">\r\n                        <img decoding=\"async\" src=\"https:\/\/actualfarma.es\/congreso-2022\/wp-content\/uploads\/2022\/05\/actualfarma1-pdf.jpg\" alt=\"Descargar Utilidad de las intervenciones realizadas por farmacia en el tratamiento del paciente ingresado\" loading=\"lazy\">\r\n                    <\/a>\r\n                <\/figure>\r\n                <div class=\"itemDatos\">\r\n\r\n                    <p class=\"itemTitulo\"> <a href=\"https:\/\/actualfarma.es\/congreso-2022\/wp-content\/uploads\/2022\/05\/actualfarma1.pdf\" title=\"Descargar Utilidad de las intervenciones realizadas por farmacia en el tratamiento del paciente ingresado\" target=\"_blank\">Utilidad de las intervenciones realizadas por farmacia en el tratamiento del paciente ingresado<\/a><\/p>\r\n                    <p class=\"posterAutores\">\r\n                        Mar\u00eda Molinero Mu\u00f1oz, Lidia Yba\u00f1ez Garc\u00eda, Natalia Sanchez Oca\u00f1a, de la Torre ortiz M, Corazon Villanueva J, Jose Manuel Martinez Sesmero                    <\/p>\r\n                <!--\r\n                <div class=\"votos\">\r\n                    <a class=\"corazon\" href=\"#\" title=\"Utilidad de las intervenciones realizadas por farmacia en el tratamiento del paciente ingresado)\">Utilidad de las intervenciones realizadas por farmacia en el tratamiento del paciente ingresado<\/a>\r\n                    <div class=\"num_votos\">0 votos<\/div>\r\n                <\/div>\r\n              -->\r\n                <\/div>\r\n\r\n            <\/div>\r\n         \r\n\r\n\r\n      \r\n          \r\n            <div class=\"poster\">\r\n                <figure class=\"foto\">\r\n                    <a href=\"https:\/\/actualfarma.es\/congreso-2022\/wp-content\/uploads\/2022\/05\/if-onco-hemato.pdf\" title=\"Descargar AN\u00c1LISIS DE LAS INTERACCIONES FARMACOL\u00d3GICAS  EN LA PLANTA DE ONCOHEMATOLOG\u00cdA.\" target=\"_blank\">\r\n                        <img decoding=\"async\" src=\"https:\/\/actualfarma.es\/congreso-2022\/wp-content\/uploads\/2022\/05\/if-onco-hemato-pdf.jpg\" alt=\"Descargar AN\u00c1LISIS DE LAS INTERACCIONES FARMACOL\u00d3GICAS  EN LA PLANTA DE ONCOHEMATOLOG\u00cdA.\" loading=\"lazy\">\r\n                    <\/a>\r\n                <\/figure>\r\n                <div class=\"itemDatos\">\r\n\r\n                    <p class=\"itemTitulo\"> <a href=\"https:\/\/actualfarma.es\/congreso-2022\/wp-content\/uploads\/2022\/05\/if-onco-hemato.pdf\" title=\"Descargar AN\u00c1LISIS DE LAS INTERACCIONES FARMACOL\u00d3GICAS  EN LA PLANTA DE ONCOHEMATOLOG\u00cdA.\" target=\"_blank\">AN\u00c1LISIS DE LAS INTERACCIONES FARMACOL\u00d3GICAS  EN LA PLANTA DE ONCOHEMATOLOG\u00cdA.<\/a><\/p>\r\n                    <p class=\"posterAutores\">\r\n                        ANA ALMANCHEL RIVADENEYRA, PLACIDO TENA ALEJANDRE, JUAN JOSE DUQUE AGUILAR, JORGE GONZ\u00c1LEZ BARTOLOM\u00c9, ANA MARIA DOBRITO PALLES, LUIS CARLOS FERNANDEZ LISON                    <\/p>\r\n                <!--\r\n                <div class=\"votos\">\r\n                    <a class=\"corazon\" href=\"#\" title=\"AN\u00c1LISIS DE LAS INTERACCIONES FARMACOL\u00d3GICAS  EN LA PLANTA DE ONCOHEMATOLOG\u00cdA.)\">AN\u00c1LISIS DE LAS INTERACCIONES FARMACOL\u00d3GICAS  EN LA PLANTA DE ONCOHEMATOLOG\u00cdA.<\/a>\r\n                    <div class=\"num_votos\">0 votos<\/div>\r\n                <\/div>\r\n              -->\r\n                <\/div>\r\n\r\n            <\/div>\r\n         \r\n\r\n\r\n      \r\n          \r\n            <div class=\"poster\">\r\n                <figure class=\"foto\">\r\n                    <a href=\"https:\/\/actualfarma.es\/congreso-2022\/wp-content\/uploads\/2022\/05\/estudio-de-utilizacion-de-inhibidores-de-tirosin-kinasa-en-pacientes-oncohematologicos.pdf\" title=\"Descargar ESTUDIO DE UTILIZACI\u00d3N DE INHIBIDORES DE TIROSIN KINASAS EN PACIENTES ONCOHEMATOL\u00d3GICOS\" target=\"_blank\">\r\n                        <img decoding=\"async\" src=\"https:\/\/actualfarma.es\/congreso-2022\/wp-content\/uploads\/2022\/05\/estudio-de-utilizacion-de-inhibidores-de-tirosin-kinasa-en-pacientes-oncohematologicos-pdf.jpg\" alt=\"Descargar ESTUDIO DE UTILIZACI\u00d3N DE INHIBIDORES DE TIROSIN KINASAS EN PACIENTES ONCOHEMATOL\u00d3GICOS\" loading=\"lazy\">\r\n                    <\/a>\r\n                <\/figure>\r\n                <div class=\"itemDatos\">\r\n\r\n                    <p class=\"itemTitulo\"> <a href=\"https:\/\/actualfarma.es\/congreso-2022\/wp-content\/uploads\/2022\/05\/estudio-de-utilizacion-de-inhibidores-de-tirosin-kinasa-en-pacientes-oncohematologicos.pdf\" title=\"Descargar ESTUDIO DE UTILIZACI\u00d3N DE INHIBIDORES DE TIROSIN KINASAS EN PACIENTES ONCOHEMATOL\u00d3GICOS\" target=\"_blank\">ESTUDIO DE UTILIZACI\u00d3N DE INHIBIDORES DE TIROSIN KINASAS EN PACIENTES ONCOHEMATOL\u00d3GICOS<\/a><\/p>\r\n                    <p class=\"posterAutores\">\r\n                        ADRI\u00c1N P\u00c9REZ F\u00c1CILA, Alejandro Marcos De La Torre, CARMEN GONZ\u00c1LEZ ESCRIBANO, Jos\u00e9 Juli\u00e1n Saiz Molina, Patricia Araque Arroyo, NATALIA ANDR\u00c9S NAVARRO                    <\/p>\r\n                <!--\r\n                <div class=\"votos\">\r\n                    <a class=\"corazon\" href=\"#\" title=\"ESTUDIO DE UTILIZACI\u00d3N DE INHIBIDORES DE TIROSIN KINASAS EN PACIENTES ONCOHEMATOL\u00d3GICOS)\">ESTUDIO DE UTILIZACI\u00d3N DE INHIBIDORES DE TIROSIN KINASAS EN PACIENTES ONCOHEMATOL\u00d3GICOS<\/a>\r\n                    <div class=\"num_votos\">0 votos<\/div>\r\n                <\/div>\r\n              -->\r\n                <\/div>\r\n\r\n            <\/div>\r\n         \r\n\r\n\r\n      \r\n          \r\n            <div class=\"poster\">\r\n                <figure class=\"foto\">\r\n                    <a href=\"https:\/\/actualfarma.es\/congreso-2022\/wp-content\/uploads\/2022\/05\/ramucirumab-en-adenocarcinoma-gastrico-metastasico-resultados-de-efectividad-y-seguridad.pdf\" title=\"Descargar RAMUCIRUMAB EN ADENOCARCINOMA G\u00c1STRICO METAST\u00c1SICO: RESULTADOS DE EFECTIVIDAD Y SEGURIDAD\" target=\"_blank\">\r\n                        <img decoding=\"async\" src=\"https:\/\/actualfarma.es\/congreso-2022\/wp-content\/uploads\/2022\/05\/ramucirumab-en-adenocarcinoma-gastrico-metastasico-resultados-de-efectividad-y-seguridad-pdf.jpg\" alt=\"Descargar RAMUCIRUMAB EN ADENOCARCINOMA G\u00c1STRICO METAST\u00c1SICO: RESULTADOS DE EFECTIVIDAD Y SEGURIDAD\" loading=\"lazy\">\r\n                    <\/a>\r\n                <\/figure>\r\n                <div class=\"itemDatos\">\r\n\r\n                    <p class=\"itemTitulo\"> <a href=\"https:\/\/actualfarma.es\/congreso-2022\/wp-content\/uploads\/2022\/05\/ramucirumab-en-adenocarcinoma-gastrico-metastasico-resultados-de-efectividad-y-seguridad.pdf\" title=\"Descargar RAMUCIRUMAB EN ADENOCARCINOMA G\u00c1STRICO METAST\u00c1SICO: RESULTADOS DE EFECTIVIDAD Y SEGURIDAD\" target=\"_blank\">RAMUCIRUMAB EN ADENOCARCINOMA G\u00c1STRICO METAST\u00c1SICO: RESULTADOS DE EFECTIVIDAD Y SEGURIDAD<\/a><\/p>\r\n                    <p class=\"posterAutores\">\r\n                        ADRI\u00c1N P\u00c9REZ F\u00c1CILA, Alejandro Marcos De La Torre, Clara Notario Dongil, Jos\u00e9 Juli\u00e1n Saiz Molina, Patricia Araque Arroyo, BEATRIZ PROY VEGA                    <\/p>\r\n                <!--\r\n                <div class=\"votos\">\r\n                    <a class=\"corazon\" href=\"#\" title=\"RAMUCIRUMAB EN ADENOCARCINOMA G\u00c1STRICO METAST\u00c1SICO: RESULTADOS DE EFECTIVIDAD Y SEGURIDAD)\">RAMUCIRUMAB EN ADENOCARCINOMA G\u00c1STRICO METAST\u00c1SICO: RESULTADOS DE EFECTIVIDAD Y SEGURIDAD<\/a>\r\n                    <div class=\"num_votos\">0 votos<\/div>\r\n                <\/div>\r\n              -->\r\n                <\/div>\r\n\r\n            <\/div>\r\n         \r\n\r\n\r\n      \r\n          \r\n            <div class=\"poster\">\r\n                <figure class=\"foto\">\r\n                    <a href=\"https:\/\/actualfarma.es\/congreso-2022\/wp-content\/uploads\/2022\/05\/formulacion-magistral-de-glibenclamida-25mgml-para-el-tratamiento-de-la-diabetes-mellitus-neonatal.pdf\" title=\"Descargar FORMULACI\u00d3N MAGISTRAL DE GLIBENCLAMIDA 2,5MG\/ML PARA EL TRATAMIENTO DE LA DIABETES MELLITUS NEONATAL\" target=\"_blank\">\r\n                        <img decoding=\"async\" src=\"https:\/\/actualfarma.es\/congreso-2022\/wp-content\/uploads\/2022\/05\/formulacion-magistral-de-glibenclamida-25mgml-para-el-tratamiento-de-la-diabetes-mellitus-neonatal-pdf.jpg\" alt=\"Descargar FORMULACI\u00d3N MAGISTRAL DE GLIBENCLAMIDA 2,5MG\/ML PARA EL TRATAMIENTO DE LA DIABETES MELLITUS NEONATAL\" loading=\"lazy\">\r\n                    <\/a>\r\n                <\/figure>\r\n                <div class=\"itemDatos\">\r\n\r\n                    <p class=\"itemTitulo\"> <a href=\"https:\/\/actualfarma.es\/congreso-2022\/wp-content\/uploads\/2022\/05\/formulacion-magistral-de-glibenclamida-25mgml-para-el-tratamiento-de-la-diabetes-mellitus-neonatal.pdf\" title=\"Descargar FORMULACI\u00d3N MAGISTRAL DE GLIBENCLAMIDA 2,5MG\/ML PARA EL TRATAMIENTO DE LA DIABETES MELLITUS NEONATAL\" target=\"_blank\">FORMULACI\u00d3N MAGISTRAL DE GLIBENCLAMIDA 2,5MG\/ML PARA EL TRATAMIENTO DE LA DIABETES MELLITUS NEONATAL<\/a><\/p>\r\n                    <p class=\"posterAutores\">\r\n                        CLARA JIM\u00c9NEZ M\u00c9NDEZ, MARTA GARC\u00cdA PALOMO, PABLO AGUADO BARROSO, MANUEL ALBERTO TOLEDO DAVIA, LAURA TORRALBA FERN\u00c1NDEZ, PALOMA MOYA G\u00d3MEZ                    <\/p>\r\n                <!--\r\n                <div class=\"votos\">\r\n                    <a class=\"corazon\" href=\"#\" title=\"FORMULACI\u00d3N MAGISTRAL DE GLIBENCLAMIDA 2,5MG\/ML PARA EL TRATAMIENTO DE LA DIABETES MELLITUS NEONATAL)\">FORMULACI\u00d3N MAGISTRAL DE GLIBENCLAMIDA 2,5MG\/ML PARA EL TRATAMIENTO DE LA DIABETES MELLITUS NEONATAL<\/a>\r\n                    <div class=\"num_votos\">0 votos<\/div>\r\n                <\/div>\r\n              -->\r\n                <\/div>\r\n\r\n            <\/div>\r\n         \r\n\r\n\r\n      \r\n          \r\n            <div class=\"poster\">\r\n                <figure class=\"foto\">\r\n                    <a href=\"https:\/\/actualfarma.es\/congreso-2022\/wp-content\/uploads\/2022\/05\/actualfarma-almanchel.pdf\" title=\"Descargar AN\u00c1LISIS DE LAS SOLICITUDES DE MEDICAMENTOS EN SITUACIONES ESPECIALES REALIZADAS EN UN HOSPITAL COMARCAL\" target=\"_blank\">\r\n                        <img decoding=\"async\" src=\"https:\/\/actualfarma.es\/congreso-2022\/wp-content\/uploads\/2022\/05\/actualfarma-almanchel-pdf.jpg\" alt=\"Descargar AN\u00c1LISIS DE LAS SOLICITUDES DE MEDICAMENTOS EN SITUACIONES ESPECIALES REALIZADAS EN UN HOSPITAL COMARCAL\" loading=\"lazy\">\r\n                    <\/a>\r\n                <\/figure>\r\n                <div class=\"itemDatos\">\r\n\r\n                    <p class=\"itemTitulo\"> <a href=\"https:\/\/actualfarma.es\/congreso-2022\/wp-content\/uploads\/2022\/05\/actualfarma-almanchel.pdf\" title=\"Descargar AN\u00c1LISIS DE LAS SOLICITUDES DE MEDICAMENTOS EN SITUACIONES ESPECIALES REALIZADAS EN UN HOSPITAL COMARCAL\" target=\"_blank\">AN\u00c1LISIS DE LAS SOLICITUDES DE MEDICAMENTOS EN SITUACIONES ESPECIALES REALIZADAS EN UN HOSPITAL COMARCAL<\/a><\/p>\r\n                    <p class=\"posterAutores\">\r\n                        Miguel Almanchel Rivadeneyra, Montserrat Llopis Fern\u00e1ndez, Aina Tom\u00e1s Luiz, ANA ALMANCHEL RIVADENEYRA, Ana Mar\u00eda Rivadeneyra Ruiz, Miguel Lorenzo Almanchel Rold\u00e1n                    <\/p>\r\n                <!--\r\n                <div class=\"votos\">\r\n                    <a class=\"corazon\" href=\"#\" title=\"AN\u00c1LISIS DE LAS SOLICITUDES DE MEDICAMENTOS EN SITUACIONES ESPECIALES REALIZADAS EN UN HOSPITAL COMARCAL)\">AN\u00c1LISIS DE LAS SOLICITUDES DE MEDICAMENTOS EN SITUACIONES ESPECIALES REALIZADAS EN UN HOSPITAL COMARCAL<\/a>\r\n                    <div class=\"num_votos\">0 votos<\/div>\r\n                <\/div>\r\n              -->\r\n                <\/div>\r\n\r\n            <\/div>\r\n         \r\n\r\n\r\n      \r\n    \r\n        <\/div>\r\n    <\/div>\r\n<\/div>\r\n        \r\n\r\n      \n<\/div><\/div>\n\n\n\r\n<div class=\"bloque_patro patro_platino\">\r\n    <div class=\"titu_patro\">\r\n        <h3 class=\"titu\">Patrocinadores PLATINO<\/h3>\r\n    <\/div>\r\n    <div class=\"logos_patro\">\r\n        <div class=\"lista_logos\">\r\n      \r\n\r\n\r\n\r\n        <div class=\"logo\">\r\n                      <a href=\"https:\/\/actualfarma.es\/congreso-2022\/patrocinador\/sanofi%EF%BF%BC\/?preview_id=2747&#038;preview_nonce=d01986cdf7&#038;preview=true&#038;_thumbnail_id=2748\" title=\"SANOFI\ufffc\" rel=\"nofollow\">\r\n                        <img decoding=\"async\" src=\"https:\/\/actualfarma.es\/congreso-2022\/wp-content\/uploads\/2022\/05\/sanofi.png\" alt=\"SANOFI\ufffc\">\r\n                          <\/a>\r\n                      <\/div>\r\n \r\n\r\n\r\n        \r\n\r\n\r\n\r\n        <div class=\"logo\">\r\n                      <img decoding=\"async\" src=\"https:\/\/actualfarma.es\/congreso-2022\/wp-content\/uploads\/2022\/05\/gilead.png\" alt=\"GILEAD\">\r\n                    <\/div>\r\n \r\n\r\n\r\n        \r\n\r\n\r\n\r\n        <div class=\"logo\">\r\n                      <img decoding=\"async\" src=\"https:\/\/actualfarma.es\/congreso-2022\/wp-content\/uploads\/2022\/05\/janssen.png\" alt=\"JANSSEN\">\r\n                    <\/div>\r\n \r\n\r\n\r\n        \r\n<\/div>\r\n<\/div>\r\n<\/div>\r\n\r\n\r\n      \n\n\n\r\n<div class=\"bloque_patro patro_oro\">\r\n    <div class=\"titu_patro\">\r\n        <h3 class=\"titu\">Patrocinadores ORO<\/h3>\r\n    <\/div>\r\n    <div class=\"logos_patro\">\r\n        <div class=\"lista_logos\">\r\n      \r\n\r\n\r\n\r\n        <div class=\"logo\">\r\n                      <img decoding=\"async\" src=\"https:\/\/actualfarma.es\/congreso-2022\/wp-content\/uploads\/2022\/05\/alexion.png\" alt=\"ALEXION\">\r\n                    <\/div>\r\n \r\n\r\n\r\n        \r\n\r\n\r\n\r\n        <div class=\"logo\">\r\n                      <img decoding=\"async\" src=\"https:\/\/actualfarma.es\/congreso-2022\/wp-content\/uploads\/2022\/05\/vifor.png\" alt=\"VIFOR\">\r\n                    <\/div>\r\n \r\n\r\n\r\n        \r\n\r\n\r\n\r\n        <div class=\"logo\">\r\n                      <img decoding=\"async\" src=\"https:\/\/actualfarma.es\/congreso-2022\/wp-content\/uploads\/2022\/05\/gsk.png\" alt=\"GSK\">\r\n                    <\/div>\r\n \r\n\r\n\r\n        \r\n\r\n\r\n\r\n        <div class=\"logo\">\r\n                      <img decoding=\"async\" src=\"https:\/\/actualfarma.es\/congreso-2022\/wp-content\/uploads\/2022\/05\/kyowa.png\" alt=\"KYOWA\">\r\n                    <\/div>\r\n \r\n\r\n\r\n        \r\n<\/div>\r\n<\/div>\r\n<\/div>\r\n\r\n\r\n      \n\n\n\r\n<div class=\"bloque_patro patro_plata\">\r\n    <div class=\"titu_patro\">\r\n        <h3 class=\"titu\">Patrocinadores PLATA<\/h3>\r\n    <\/div>\r\n    <div class=\"logos_patro\">\r\n        <div class=\"lista_logos\">\r\n      \r\n\r\n\r\n\r\n        <div class=\"logo\">\r\n                      <a href=\"https:\/\/actualfarma.es\/congreso-2022\/wp-content\/uploads\/2022\/06\/ft-p-rnq-10-may22.pdf\" title=\"ABBVIE\" rel=\"nofollow\">\r\n                        <img decoding=\"async\" src=\"https:\/\/actualfarma.es\/congreso-2022\/wp-content\/uploads\/2022\/05\/abbviedef.png\" alt=\"ABBVIE\">\r\n                          <\/a>\r\n                      <\/div>\r\n \r\n\r\n\r\n        \r\n\r\n\r\n\r\n        <div class=\"logo\">\r\n                      <img decoding=\"async\" src=\"https:\/\/actualfarma.es\/congreso-2022\/wp-content\/uploads\/2022\/05\/alnylam.png\" alt=\"ALNYLAM\">\r\n                    <\/div>\r\n \r\n\r\n\r\n        \r\n\r\n\r\n\r\n        <div class=\"logo\">\r\n                      <img decoding=\"async\" src=\"https:\/\/actualfarma.es\/congreso-2022\/wp-content\/uploads\/2022\/05\/angelini.png\" alt=\"ANGELINI\">\r\n                    <\/div>\r\n \r\n\r\n\r\n        \r\n\r\n\r\n\r\n        <div class=\"logo\">\r\n                      <img decoding=\"async\" src=\"https:\/\/actualfarma.es\/congreso-2022\/wp-content\/uploads\/2022\/05\/bristoldef.png\" alt=\"BMS\">\r\n                    <\/div>\r\n \r\n\r\n\r\n        \r\n\r\n\r\n\r\n        <div class=\"logo\">\r\n                      <img decoding=\"async\" src=\"https:\/\/actualfarma.es\/congreso-2022\/wp-content\/uploads\/2022\/05\/boehringer.png\" alt=\"BOEHRINGER\">\r\n                    <\/div>\r\n \r\n\r\n\r\n        \r\n\r\n\r\n\r\n        <div class=\"logo\">\r\n                      <img decoding=\"async\" src=\"https:\/\/actualfarma.es\/congreso-2022\/wp-content\/uploads\/2022\/05\/captura-de-pantalla-2022-05-16-a-las-142720.png\" alt=\"DAIICHI ASTRAZENECA\">\r\n                    <\/div>\r\n \r\n\r\n\r\n        \r\n\r\n\r\n\r\n        <div class=\"logo\">\r\n                      <img decoding=\"async\" src=\"https:\/\/actualfarma.es\/congreso-2022\/wp-content\/uploads\/2022\/05\/galapagosdef.png\" alt=\"GAL\u00c1PAGOS\">\r\n                    <\/div>\r\n \r\n\r\n\r\n        \r\n\r\n\r\n\r\n        <div class=\"logo\">\r\n                      <img decoding=\"async\" src=\"https:\/\/actualfarma.es\/congreso-2022\/wp-content\/uploads\/2022\/05\/novodef.png\" alt=\"NOVONORDISK\">\r\n                    <\/div>\r\n \r\n\r\n\r\n        \r\n\r\n\r\n\r\n        <div class=\"logo\">\r\n                      <img decoding=\"async\" src=\"https:\/\/actualfarma.es\/congreso-2022\/wp-content\/uploads\/2022\/05\/teva.png\" alt=\"TEVA\">\r\n                    <\/div>\r\n \r\n\r\n\r\n        \r\n<\/div>\r\n<\/div>\r\n<\/div>\r\n\r\n\r\n      \n\n\n\r\n<div class=\"bloque_patro patro_bronce\">\r\n    <div class=\"titu_patro\">\r\n        <h3 class=\"titu\">Patrocinadores BRONCE<\/h3>\r\n    <\/div>\r\n    <div class=\"logos_patro\">\r\n        <div class=\"lista_logos\">\r\n      \r\n\r\n\r\n\r\n        <div class=\"logo\">\r\n                      <img decoding=\"async\" src=\"https:\/\/actualfarma.es\/congreso-2022\/wp-content\/uploads\/2022\/05\/lilly.png\" alt=\"LILLY\">\r\n                    <\/div>\r\n \r\n\r\n\r\n        \r\n\r\n\r\n\r\n        <div class=\"logo\">\r\n                      <img decoding=\"async\" src=\"https:\/\/actualfarma.es\/congreso-2022\/wp-content\/uploads\/2022\/05\/altan.png\" alt=\"ALTAN\">\r\n                    <\/div>\r\n \r\n\r\n\r\n        \r\n\r\n\r\n\r\n        <div class=\"logo\">\r\n                      <img decoding=\"async\" src=\"https:\/\/actualfarma.es\/congreso-2022\/wp-content\/uploads\/2022\/05\/almirall.png\" alt=\"ALMIRALL\">\r\n                    <\/div>\r\n \r\n\r\n\r\n        \r\n\r\n\r\n\r\n        <div class=\"logo\">\r\n                      <img decoding=\"async\" src=\"https:\/\/actualfarma.es\/congreso-2022\/wp-content\/uploads\/2022\/05\/fresenius.png\" alt=\"FRESENIUS\">\r\n                    <\/div>\r\n \r\n\r\n\r\n        \r\n\r\n\r\n\r\n        <div class=\"logo\">\r\n                      <img decoding=\"async\" src=\"https:\/\/actualfarma.es\/congreso-2022\/wp-content\/uploads\/2022\/05\/amgen.png\" alt=\"AMGEN\">\r\n                    <\/div>\r\n \r\n\r\n\r\n        \r\n\r\n\r\n\r\n        <div class=\"logo\">\r\n                      <img decoding=\"async\" src=\"https:\/\/actualfarma.es\/congreso-2022\/wp-content\/uploads\/2022\/05\/kern.png\" alt=\"KERN\">\r\n                    <\/div>\r\n \r\n\r\n\r\n        \r\n\r\n\r\n\r\n        <div class=\"logo\">\r\n                      <a href=\"https:\/\/actualfarma.es\/congreso-2022\/patrocinador\/pfizer\/?preview_id=2809&#038;preview_nonce=ca5a429706&#038;preview=true&#038;_thumbnail_id=2791\" title=\"PFIZER\" rel=\"nofollow\">\r\n                        <img decoding=\"async\" src=\"https:\/\/actualfarma.es\/congreso-2022\/wp-content\/uploads\/2022\/05\/pfizer.png\" alt=\"PFIZER\">\r\n                          <\/a>\r\n                      <\/div>\r\n \r\n\r\n\r\n        \r\n\r\n\r\n\r\n        <div class=\"logo\">\r\n                      <img decoding=\"async\" src=\"https:\/\/actualfarma.es\/congreso-2022\/wp-content\/uploads\/2022\/05\/bayer.png\" alt=\"BAYER\">\r\n                    <\/div>\r\n \r\n\r\n\r\n        \r\n\r\n\r\n\r\n        <div class=\"logo\">\r\n                      <img decoding=\"async\" src=\"https:\/\/actualfarma.es\/congreso-2022\/wp-content\/uploads\/2022\/05\/biogen.png\" alt=\"BIOGEN\">\r\n                    <\/div>\r\n \r\n\r\n\r\n        \r\n\r\n\r\n\r\n        <div class=\"logo\">\r\n                      <img decoding=\"async\" src=\"https:\/\/actualfarma.es\/congreso-2022\/wp-content\/uploads\/2022\/05\/otsuka.png\" alt=\"OTSUKA\">\r\n                    <\/div>\r\n \r\n\r\n\r\n        \r\n\r\n\r\n\r\n        <div class=\"logo\">\r\n                      <img decoding=\"async\" src=\"https:\/\/actualfarma.es\/congreso-2022\/wp-content\/uploads\/2022\/05\/seagen.png\" alt=\"SEAGEN\">\r\n                    <\/div>\r\n \r\n\r\n\r\n        \r\n\r\n\r\n\r\n        <div class=\"logo\">\r\n                      <img decoding=\"async\" src=\"https:\/\/actualfarma.es\/congreso-2022\/wp-content\/uploads\/2022\/05\/takedadef.png\" alt=\"TAKEDA\">\r\n                    <\/div>\r\n \r\n\r\n\r\n        \r\n\r\n\r\n\r\n        <div class=\"logo\">\r\n                      <img decoding=\"async\" src=\"https:\/\/actualfarma.es\/congreso-2022\/wp-content\/uploads\/2022\/05\/lenora.jpeg\" alt=\"LENORA\">\r\n                    <\/div>\r\n \r\n\r\n\r\n        \r\n<\/div>\r\n<\/div>\r\n<\/div>\r\n\r\n\r\n      \n\n\n\r\n<div class=\"bloque_patro patro_colaboradores\">\r\n    <div class=\"titu_patro\">\r\n        <h3 class=\"titu\">Patrocinadores COLABORADORES<\/h3>\r\n    <\/div>\r\n    <div class=\"logos_patro\">\r\n        <div class=\"lista_logos\">\r\n      \r\n\r\n\r\n\r\n        <div class=\"logo\">\r\n                      <img decoding=\"async\" src=\"https:\/\/actualfarma.es\/congreso-2022\/wp-content\/uploads\/2022\/05\/colegiomedicosab.jpeg\" alt=\"COLEGIO MEDICOS AB\">\r\n                    <\/div>\r\n \r\n\r\n\r\n        \r\n\r\n\r\n\r\n        <div class=\"logo\">\r\n                      <img decoding=\"async\" src=\"https:\/\/actualfarma.es\/congreso-2022\/wp-content\/uploads\/2022\/05\/logo-biotyc-lateral-izquierdo.png\" alt=\"BIOTYC\">\r\n                    <\/div>\r\n \r\n\r\n\r\n        \r\n\r\n\r\n\r\n        <div class=\"logo\">\r\n                      <img decoding=\"async\" src=\"https:\/\/actualfarma.es\/congreso-2022\/wp-content\/uploads\/2022\/05\/actualfarma.png\" alt=\"ACTUALFARMA\">\r\n                    <\/div>\r\n \r\n\r\n\r\n        \r\n\r\n\r\n\r\n        <div class=\"logo\">\r\n                      <img decoding=\"async\" src=\"https:\/\/actualfarma.es\/congreso-2022\/wp-content\/uploads\/2022\/05\/socamane.jpeg\" alt=\"SOCAMANE\">\r\n                    <\/div>\r\n \r\n\r\n\r\n        \r\n\r\n\r\n\r\n        <div class=\"logo\">\r\n                      <img decoding=\"async\" src=\"https:\/\/actualfarma.es\/congreso-2022\/wp-content\/uploads\/2022\/05\/socampar.png\" alt=\"SOCAMPAR\">\r\n                    <\/div>\r\n \r\n\r\n\r\n        \r\n\r\n\r\n\r\n        <div class=\"logo\">\r\n                      <img decoding=\"async\" src=\"https:\/\/actualfarma.es\/congreso-2022\/wp-content\/uploads\/2022\/05\/idine.jpeg\" alt=\"IDINE\">\r\n                    <\/div>\r\n \r\n\r\n\r\n        \r\n\r\n\r\n\r\n        <div class=\"logo\">\r\n                      <img decoding=\"async\" src=\"https:\/\/actualfarma.es\/congreso-2022\/wp-content\/uploads\/2022\/05\/sifcap.png\" alt=\"SIFCAP\">\r\n                    <\/div>\r\n \r\n\r\n\r\n        \r\n\r\n\r\n\r\n        <div class=\"logo\">\r\n                      <img decoding=\"async\" src=\"https:\/\/actualfarma.es\/congreso-2022\/wp-content\/uploads\/2022\/05\/colegiofarmaceuticosab.png\" alt=\"COLEGIO FARMAC\u00c9UTICOS AB\">\r\n                    <\/div>\r\n \r\n\r\n\r\n        \r\n<\/div>\r\n<\/div>\r\n<\/div>\r\n\r\n\r\n      \n","protected":false},"excerpt":{"rendered":"<p>P\u00f3sters<\/p>\n","protected":false},"author":1,"featured_media":0,"parent":0,"menu_order":0,"comment_status":"closed","ping_status":"closed","template":"","meta":{"inline_featured_image":false,"footnotes":""},"class_list":["post-200","page","type-page","status-publish","hentry"],"yoast_head":"<!-- This site is optimized with the Yoast SEO plugin v27.2 - https:\/\/yoast.com\/product\/yoast-seo-wordpress\/ -->\n<title>P\u00f3sters - Actualfarma 2022<\/title>\n<meta name=\"robots\" content=\"index, follow, max-snippet:-1, max-image-preview:large, max-video-preview:-1\" \/>\n<link rel=\"canonical\" href=\"https:\/\/actualfarma.es\/congreso-2022\/posters\/\" \/>\n<meta property=\"og:locale\" content=\"es_ES\" \/>\n<meta property=\"og:type\" content=\"article\" \/>\n<meta property=\"og:title\" content=\"P\u00f3sters - Actualfarma 2022\" \/>\n<meta property=\"og:description\" content=\"P\u00f3sters\" \/>\n<meta property=\"og:url\" content=\"https:\/\/actualfarma.es\/congreso-2022\/posters\/\" \/>\n<meta property=\"og:site_name\" content=\"Actualfarma 2022\" \/>\n<meta property=\"article:modified_time\" content=\"2022-04-11T23:49:32+00:00\" \/>\n<meta name=\"twitter:card\" content=\"summary_large_image\" \/>\n<meta name=\"twitter:label1\" content=\"Tiempo de lectura\" \/>\n\t<meta name=\"twitter:data1\" content=\"1 minuto\" \/>\n<script type=\"application\/ld+json\" class=\"yoast-schema-graph\">{\"@context\":\"https:\/\/schema.org\",\"@graph\":[{\"@type\":\"WebPage\",\"@id\":\"https:\/\/actualfarma.es\/congreso-2022\/posters\/\",\"url\":\"https:\/\/actualfarma.es\/congreso-2022\/posters\/\",\"name\":\"P\u00f3sters - Actualfarma 2022\",\"isPartOf\":{\"@id\":\"https:\/\/actualfarma.es\/congreso-2022\/#website\"},\"datePublished\":\"2022-04-11T19:27:45+00:00\",\"dateModified\":\"2022-04-11T23:49:32+00:00\",\"breadcrumb\":{\"@id\":\"https:\/\/actualfarma.es\/congreso-2022\/posters\/#breadcrumb\"},\"inLanguage\":\"es\",\"potentialAction\":[{\"@type\":\"ReadAction\",\"target\":[\"https:\/\/actualfarma.es\/congreso-2022\/posters\/\"]}]},{\"@type\":\"BreadcrumbList\",\"@id\":\"https:\/\/actualfarma.es\/congreso-2022\/posters\/#breadcrumb\",\"itemListElement\":[{\"@type\":\"ListItem\",\"position\":1,\"name\":\"Portada\",\"item\":\"https:\/\/actualfarma.es\/congreso-2022\/\"},{\"@type\":\"ListItem\",\"position\":2,\"name\":\"P\u00f3sters\"}]},{\"@type\":\"WebSite\",\"@id\":\"https:\/\/actualfarma.es\/congreso-2022\/#website\",\"url\":\"https:\/\/actualfarma.es\/congreso-2022\/\",\"name\":\"Actualfarma 2022\",\"description\":\"Jornadas farmacol\u00f3gicas\",\"publisher\":{\"@id\":\"https:\/\/actualfarma.es\/congreso-2022\/#organization\"},\"potentialAction\":[{\"@type\":\"SearchAction\",\"target\":{\"@type\":\"EntryPoint\",\"urlTemplate\":\"https:\/\/actualfarma.es\/congreso-2022\/?s={search_term_string}\"},\"query-input\":{\"@type\":\"PropertyValueSpecification\",\"valueRequired\":true,\"valueName\":\"search_term_string\"}}],\"inLanguage\":\"es\"},{\"@type\":\"Organization\",\"@id\":\"https:\/\/actualfarma.es\/congreso-2022\/#organization\",\"name\":\"Actualfarma 2022\",\"url\":\"https:\/\/actualfarma.es\/congreso-2022\/\",\"logo\":{\"@type\":\"ImageObject\",\"inLanguage\":\"es\",\"@id\":\"https:\/\/actualfarma.es\/congreso-2022\/#\/schema\/logo\/image\/\",\"url\":\"https:\/\/actualfarma.es\/congreso-2022\/wp-content\/uploads\/2022\/04\/logo.svg\",\"contentUrl\":\"https:\/\/actualfarma.es\/congreso-2022\/wp-content\/uploads\/2022\/04\/logo.svg\",\"caption\":\"Actualfarma 2022\"},\"image\":{\"@id\":\"https:\/\/actualfarma.es\/congreso-2022\/#\/schema\/logo\/image\/\"}}]}<\/script>\n<!-- \/ Yoast SEO plugin. -->","yoast_head_json":{"title":"P\u00f3sters - Actualfarma 2022","robots":{"index":"index","follow":"follow","max-snippet":"max-snippet:-1","max-image-preview":"max-image-preview:large","max-video-preview":"max-video-preview:-1"},"canonical":"https:\/\/actualfarma.es\/congreso-2022\/posters\/","og_locale":"es_ES","og_type":"article","og_title":"P\u00f3sters - Actualfarma 2022","og_description":"P\u00f3sters","og_url":"https:\/\/actualfarma.es\/congreso-2022\/posters\/","og_site_name":"Actualfarma 2022","article_modified_time":"2022-04-11T23:49:32+00:00","twitter_card":"summary_large_image","twitter_misc":{"Tiempo de lectura":"1 minuto"},"schema":{"@context":"https:\/\/schema.org","@graph":[{"@type":"WebPage","@id":"https:\/\/actualfarma.es\/congreso-2022\/posters\/","url":"https:\/\/actualfarma.es\/congreso-2022\/posters\/","name":"P\u00f3sters - Actualfarma 2022","isPartOf":{"@id":"https:\/\/actualfarma.es\/congreso-2022\/#website"},"datePublished":"2022-04-11T19:27:45+00:00","dateModified":"2022-04-11T23:49:32+00:00","breadcrumb":{"@id":"https:\/\/actualfarma.es\/congreso-2022\/posters\/#breadcrumb"},"inLanguage":"es","potentialAction":[{"@type":"ReadAction","target":["https:\/\/actualfarma.es\/congreso-2022\/posters\/"]}]},{"@type":"BreadcrumbList","@id":"https:\/\/actualfarma.es\/congreso-2022\/posters\/#breadcrumb","itemListElement":[{"@type":"ListItem","position":1,"name":"Portada","item":"https:\/\/actualfarma.es\/congreso-2022\/"},{"@type":"ListItem","position":2,"name":"P\u00f3sters"}]},{"@type":"WebSite","@id":"https:\/\/actualfarma.es\/congreso-2022\/#website","url":"https:\/\/actualfarma.es\/congreso-2022\/","name":"Actualfarma 2022","description":"Jornadas farmacol\u00f3gicas","publisher":{"@id":"https:\/\/actualfarma.es\/congreso-2022\/#organization"},"potentialAction":[{"@type":"SearchAction","target":{"@type":"EntryPoint","urlTemplate":"https:\/\/actualfarma.es\/congreso-2022\/?s={search_term_string}"},"query-input":{"@type":"PropertyValueSpecification","valueRequired":true,"valueName":"search_term_string"}}],"inLanguage":"es"},{"@type":"Organization","@id":"https:\/\/actualfarma.es\/congreso-2022\/#organization","name":"Actualfarma 2022","url":"https:\/\/actualfarma.es\/congreso-2022\/","logo":{"@type":"ImageObject","inLanguage":"es","@id":"https:\/\/actualfarma.es\/congreso-2022\/#\/schema\/logo\/image\/","url":"https:\/\/actualfarma.es\/congreso-2022\/wp-content\/uploads\/2022\/04\/logo.svg","contentUrl":"https:\/\/actualfarma.es\/congreso-2022\/wp-content\/uploads\/2022\/04\/logo.svg","caption":"Actualfarma 2022"},"image":{"@id":"https:\/\/actualfarma.es\/congreso-2022\/#\/schema\/logo\/image\/"}}]}},"_links":{"self":[{"href":"https:\/\/actualfarma.es\/congreso-2022\/wp-json\/wp\/v2\/pages\/200","targetHints":{"allow":["GET"]}}],"collection":[{"href":"https:\/\/actualfarma.es\/congreso-2022\/wp-json\/wp\/v2\/pages"}],"about":[{"href":"https:\/\/actualfarma.es\/congreso-2022\/wp-json\/wp\/v2\/types\/page"}],"author":[{"embeddable":true,"href":"https:\/\/actualfarma.es\/congreso-2022\/wp-json\/wp\/v2\/users\/1"}],"replies":[{"embeddable":true,"href":"https:\/\/actualfarma.es\/congreso-2022\/wp-json\/wp\/v2\/comments?post=200"}],"version-history":[{"count":17,"href":"https:\/\/actualfarma.es\/congreso-2022\/wp-json\/wp\/v2\/pages\/200\/revisions"}],"predecessor-version":[{"id":2447,"href":"https:\/\/actualfarma.es\/congreso-2022\/wp-json\/wp\/v2\/pages\/200\/revisions\/2447"}],"wp:attachment":[{"href":"https:\/\/actualfarma.es\/congreso-2022\/wp-json\/wp\/v2\/media?parent=200"}],"curies":[{"name":"wp","href":"https:\/\/api.w.org\/{rel}","templated":true}]}}