{"id":198,"date":"2022-04-11T21:26:20","date_gmt":"2022-04-11T19:26:20","guid":{"rendered":"https:\/\/actualfarma.es\/congreso-2022\/?page_id=198"},"modified":"2022-04-11T21:26:23","modified_gmt":"2022-04-11T19:26:23","slug":"ponentes","status":"publish","type":"page","link":"https:\/\/actualfarma.es\/congreso-2022\/ponentes\/","title":{"rendered":"Ponentes"},"content":{"rendered":"\n<div class=\"wp-block-group seccion\"><div class=\"wp-block-group__inner-container is-layout-flow wp-block-group-is-layout-flow\">\n<div class=\"bloque_ponentes\">\n  <div class=\"mesa\">\n <div class=\"ponentes\">\n              <div class=\"lista_pers\">\n      \n\n\n\n\n                <div class=\"persona\">\n                    <div class=\"foto\">\n                        <a href=\"https:\/\/actualfarma.es\/congreso-2022\/ponente\/abel-trujillano\/\" title=\"Abel Trujillano.\">\n                            <img decoding=\"async\" src=\"https:\/\/actualfarma.es\/congreso-2022\/wp-content\/uploads\/2022\/06\/captura-de-pantalla-2022-06-01-a-las-113400-300x300.png\" alt=\"Abel Trujillano.\" loading=\"lazy\">\n                        <\/a>\n                    <\/div>\n                    <div class=\"datos\">\n                        <p><a href=\"https:\/\/actualfarma.es\/congreso-2022\/ponente\/abel-trujillano\/\" title=\"Abel Trujillano.\">Abel Trujillano.<\/a><\/p>\n                        <p>S. Farmacia. Hospital de Manacor.<\/p>\n                    <\/div>\n                    <div class=\"acc_video\">\n                                                                        <a href=\"https:\/\/actualfarma.es\/congreso-2022\/mesa\/avances-en-antibioterapia-para-gram-negativos\/\" title=\"Acceso a la mesa Avances en antibioterapia.\" rel=\"nofollow\">Acceso a la mesa<\/a>                        \n                                                                  <\/div>\n                <\/div>\n    \n\n\n\n\n        \n\n\n\n\n                <div class=\"persona\">\n                    <div class=\"foto\">\n                        <a href=\"https:\/\/actualfarma.es\/congreso-2022\/ponente\/agustin-ortega\/\" title=\"Agust\u00edn Ortega\">\n                            <img decoding=\"async\" src=\"https:\/\/actualfarma.es\/congreso-2022\/wp-content\/uploads\/2022\/05\/captura-de-pantalla-2022-05-30-a-las-110706-1-300x300.png\" alt=\"Agust\u00edn Ortega\" loading=\"lazy\">\n                        <\/a>\n                    <\/div>\n                    <div class=\"datos\">\n                        <p><a href=\"https:\/\/actualfarma.es\/congreso-2022\/ponente\/agustin-ortega\/\" title=\"Agust\u00edn Ortega\">Agust\u00edn Ortega<\/a><\/p>\n                        <p>Unidad Di\u00e1lisis Peritoneal y S\u00edndrome Cardiorrenal. CHU Albacete.<\/p>\n                    <\/div>\n                    <div class=\"acc_video\">\n                                                                        <a href=\"https:\/\/actualfarma.es\/congreso-2022\/mesa\/sindrome-cardiorrenal-presente-y-futuro\/\" title=\"Acceso a la mesa Riesgo cardiovascular, adherencia, f\u00e1rmacos y S\u00edndrome cardiorrenal: presente y futuro\" rel=\"nofollow\">Acceso a la mesa<\/a>                        \n                                                                                                <a href=\"https:\/\/actualfarma.es\/congreso-2022\/mesa\/nuevas-moleculas-y-nuevos-equipos-el-ejemplo-del-sindrome-hemolitico-uremico\/\" title=\"Acceso a la mesa Nuevas mol\u00e9culas y nuevos equipos: el ejemplo del S\u00edndrome Hemol\u00edtico-Ur\u00e9mico y la Microangiopat\u00eda tromb\u00f3tica.\" rel=\"nofollow\">Acceso a la mesa<\/a>                        \n                                                                  <\/div>\n                <\/div>\n    \n\n\n\n\n        \n\n\n\n\n                <div class=\"persona\">\n                    <div class=\"foto\">\n                        <a href=\"https:\/\/actualfarma.es\/congreso-2022\/ponente\/albert-oriol\/\" title=\"Albert Oriol.\">\n                            <img decoding=\"async\" src=\"https:\/\/actualfarma.es\/congreso-2022\/wp-content\/uploads\/2022\/05\/captura-de-pantalla-2022-05-31-a-las-94840-300x300.png\" alt=\"Albert Oriol.\" loading=\"lazy\">\n                        <\/a>\n                    <\/div>\n                    <div class=\"datos\">\n                        <p><a href=\"https:\/\/actualfarma.es\/congreso-2022\/ponente\/albert-oriol\/\" title=\"Albert Oriol.\">Albert Oriol.<\/a><\/p>\n                        <p>S. Hematolog\u00eda. ICO Badalona.<\/p>\n                    <\/div>\n                    <div class=\"acc_video\">\n                                                                        <a href=\"https:\/\/actualfarma.es\/congreso-2022\/mesa\/nuevas-metas-y-nuevos-retos-en-mieloma-multiple\/\" title=\"Acceso a la mesa Nuevas MMetas y nuevos RRetos en Mieloma M\u00faltiple.\" rel=\"nofollow\">Acceso a la mesa<\/a>                        \n                                                                  <\/div>\n                <\/div>\n    \n\n\n\n\n        \n\n\n\n\n                <div class=\"persona\">\n                    <div class=\"foto\">\n                        <a href=\"https:\/\/actualfarma.es\/congreso-2022\/ponente\/alberto-diaz-de-santiago\/\" title=\"Alberto D\u00edaz De Santiago.\">\n                            <img decoding=\"async\" src=\"https:\/\/actualfarma.es\/congreso-2022\/wp-content\/uploads\/2022\/05\/captura-de-pantalla-2022-05-30-a-las-224955-300x300.png\" alt=\"Alberto D\u00edaz De Santiago.\" loading=\"lazy\">\n                        <\/a>\n                    <\/div>\n                    <div class=\"datos\">\n                        <p><a href=\"https:\/\/actualfarma.es\/congreso-2022\/ponente\/alberto-diaz-de-santiago\/\" title=\"Alberto D\u00edaz De Santiago.\">Alberto D\u00edaz De Santiago.<\/a><\/p>\n                        <p>S. Medicina Interna. Hospital Universitario Puerta de Hierro, Madrid.<\/p>\n                    <\/div>\n                    <div class=\"acc_video\">\n                                                                        <a href=\"https:\/\/actualfarma.es\/congreso-2022\/mesa\/presente-y-futuro-del-vih\/\" title=\"Acceso a la mesa Presente y futuro del VIH.\" rel=\"nofollow\">Acceso a la mesa<\/a>                        \n                                                                  <\/div>\n                <\/div>\n    \n\n\n\n\n        \n\n\n\n\n                <div class=\"persona\">\n                    <div class=\"foto\">\n                        <a href=\"https:\/\/actualfarma.es\/congreso-2022\/ponente\/alberto-marin\/\" title=\"Alberto Mar\u00edn.\">\n                            <img decoding=\"async\" src=\"https:\/\/actualfarma.es\/congreso-2022\/wp-content\/uploads\/2022\/05\/captura-de-pantalla-2022-05-30-a-las-223813-300x300.png\" alt=\"Alberto Mar\u00edn.\" loading=\"lazy\">\n                        <\/a>\n                    <\/div>\n                    <div class=\"datos\">\n                        <p><a href=\"https:\/\/actualfarma.es\/congreso-2022\/ponente\/alberto-marin\/\" title=\"Alberto Mar\u00edn.\">Alberto Mar\u00edn.<\/a><\/p>\n                        <p>S. Hematolog\u00eda. CHU Albacete.<\/p>\n                    <\/div>\n                    <div class=\"acc_video\">\n                                                                        <a href=\"https:\/\/actualfarma.es\/congreso-2022\/mesa\/nuevas-moleculas-y-nuevos-equipos-el-ejemplo-del-sindrome-hemolitico-uremico\/\" title=\"Acceso a la mesa Nuevas mol\u00e9culas y nuevos equipos: el ejemplo del S\u00edndrome Hemol\u00edtico-Ur\u00e9mico y la Microangiopat\u00eda tromb\u00f3tica.\" rel=\"nofollow\">Acceso a la mesa<\/a>                        \n                                                                  <\/div>\n                <\/div>\n    \n\n\n\n\n        \n\n\n\n\n                <div class=\"persona\">\n                    <div class=\"foto\">\n                        <a href=\"https:\/\/actualfarma.es\/congreso-2022\/ponente\/alejandro-munoz-jimenez\/\" title=\"Alejandro Mu\u00f1oz Jim\u00e9nez.\">\n                            <img decoding=\"async\" src=\"https:\/\/actualfarma.es\/congreso-2022\/wp-content\/uploads\/2022\/05\/captura-de-pantalla-2022-05-30-a-las-191720-300x300.png\" alt=\"Alejandro Mu\u00f1oz Jim\u00e9nez.\" loading=\"lazy\">\n                        <\/a>\n                    <\/div>\n                    <div class=\"datos\">\n                        <p><a href=\"https:\/\/actualfarma.es\/congreso-2022\/ponente\/alejandro-munoz-jimenez\/\" title=\"Alejandro Mu\u00f1oz Jim\u00e9nez.\">Alejandro Mu\u00f1oz Jim\u00e9nez.<\/a><\/p>\n                        <p>S. Reumatolog\u00eda. Hospital Virgen del Roc\u00edo.<\/p>\n                    <\/div>\n                    <div class=\"acc_video\">\n                                                                        <a href=\"https:\/\/actualfarma.es\/congreso-2022\/mesa\/nuevas-moleculas-para-el-tratamiento-de-enfermedades-inflamatorias-autoinmunes-anti-il-23\/\" title=\"Acceso a la mesa Nuevas mol\u00e9culas para el tratamiento de enfermedades inflamatorias autoinmunes: anti-IL-23.\" rel=\"nofollow\">Acceso a la mesa<\/a>                        \n                                                                  <\/div>\n                <\/div>\n    \n\n\n\n\n        \n\n\n\n\n                <div class=\"persona\">\n                    <div class=\"foto\">\n                        <a href=\"https:\/\/actualfarma.es\/congreso-2022\/ponente\/ana-beatriz-fernandez\/\" title=\"Ana Beatriz Fern\u00e1ndez.\">\n                            <img decoding=\"async\" src=\"https:\/\/actualfarma.es\/congreso-2022\/wp-content\/uploads\/2022\/05\/captura-de-pantalla-2022-05-31-a-las-94937-300x300.png\" alt=\"Ana Beatriz Fern\u00e1ndez.\" loading=\"lazy\">\n                        <\/a>\n                    <\/div>\n                    <div class=\"datos\">\n                        <p><a href=\"https:\/\/actualfarma.es\/congreso-2022\/ponente\/ana-beatriz-fernandez\/\" title=\"Ana Beatriz Fern\u00e1ndez.\">Ana Beatriz Fern\u00e1ndez.<\/a><\/p>\n                        <p>S. Farmacia. Hospital Universitario de Fuenlabrada.<\/p>\n                    <\/div>\n                    <div class=\"acc_video\">\n                                                                        <a href=\"https:\/\/actualfarma.es\/congreso-2022\/mesa\/nuevas-metas-y-nuevos-retos-en-mieloma-multiple\/\" title=\"Acceso a la mesa Nuevas MMetas y nuevos RRetos en Mieloma M\u00faltiple.\" rel=\"nofollow\">Acceso a la mesa<\/a>                        \n                                                                  <\/div>\n                <\/div>\n    \n\n\n\n\n        \n\n\n\n\n                <div class=\"persona\">\n                    <div class=\"foto\">\n                        <a href=\"https:\/\/actualfarma.es\/congreso-2022\/ponente\/ana-dominguez\/\" title=\"Ana Dom\u00ednguez.\">\n                            <img decoding=\"async\" src=\"https:\/\/actualfarma.es\/congreso-2022\/wp-content\/uploads\/2022\/05\/captura-de-pantalla-2022-05-30-a-las-185746-300x300.png\" alt=\"Ana Dom\u00ednguez.\" loading=\"lazy\">\n                        <\/a>\n                    <\/div>\n                    <div class=\"datos\">\n                        <p><a href=\"https:\/\/actualfarma.es\/congreso-2022\/ponente\/ana-dominguez\/\" title=\"Ana Dom\u00ednguez.\">Ana Dom\u00ednguez.<\/a><\/p>\n                        <p>S. Farmacia. Complejo Hospitalario Universitario de Toledo.<\/p>\n                    <\/div>\n                    <div class=\"acc_video\">\n                                                                        <a href=\"https:\/\/actualfarma.es\/congreso-2022\/mesa\/filgotinib-la-nueva-era-de-los-jak\/\" title=\"Acceso a la mesa Filgotinib: La nueva era de los JAK.\" rel=\"nofollow\">Acceso a la mesa<\/a>                        \n                                                                  <\/div>\n                <\/div>\n    \n\n\n\n\n        \n\n\n\n\n                <div class=\"persona\">\n                    <div class=\"foto\">\n                        <a href=\"https:\/\/actualfarma.es\/congreso-2022\/ponente\/ana-gutierrez\/\" title=\"Ana Guti\u00e9rrez.\">\n                            <img decoding=\"async\" src=\"https:\/\/actualfarma.es\/congreso-2022\/wp-content\/uploads\/2022\/05\/captura-de-pantalla-2022-05-30-a-las-225233-300x300.png\" alt=\"Ana Guti\u00e9rrez.\" loading=\"lazy\">\n                        <\/a>\n                    <\/div>\n                    <div class=\"datos\">\n                        <p><a href=\"https:\/\/actualfarma.es\/congreso-2022\/ponente\/ana-gutierrez\/\" title=\"Ana Guti\u00e9rrez.\">Ana Guti\u00e9rrez.<\/a><\/p>\n                        <p>S. Medicina Digestiva. Hospital General Universitario de Alicante.<\/p>\n                    <\/div>\n                    <div class=\"acc_video\">\n                                                                        <a href=\"https:\/\/actualfarma.es\/congreso-2022\/mesa\/la-microbiota-problema-o-respuestas-en-las-enfermedades-inflamatorias-intestinales\/\" title=\"Acceso a la mesa La\u00a0\u00a0microbiota, problema o respuestas en las Enfermedades Inflamatorias Intestinales.\" rel=\"nofollow\">Acceso a la mesa<\/a>                        \n                                                                  <\/div>\n                <\/div>\n    \n\n\n\n\n        \n\n\n\n\n                <div class=\"persona\">\n                    <div class=\"foto\">\n                        <a href=\"https:\/\/actualfarma.es\/congreso-2022\/ponente\/ana-maria-romera\/\" title=\"Ana Mar\u00eda Romera\">\n                            <img decoding=\"async\" src=\"https:\/\/actualfarma.es\/congreso-2022\/wp-content\/uploads\/2022\/05\/captura-de-pantalla-2022-05-30-a-las-224211-300x300.png\" alt=\"Ana Mar\u00eda Romera\" loading=\"lazy\">\n                        <\/a>\n                    <\/div>\n                    <div class=\"datos\">\n                        <p><a href=\"https:\/\/actualfarma.es\/congreso-2022\/ponente\/ana-maria-romera\/\" title=\"Ana Mar\u00eda Romera\">Ana Mar\u00eda Romera<\/a><\/p>\n                        <p>S.Nefrolog\u00eda. HGU Ciudad Real.<\/p>\n                    <\/div>\n                    <div class=\"acc_video\">\n                                                                        <a href=\"https:\/\/actualfarma.es\/congreso-2022\/mesa\/despertando-las-nuevas-posibilidades-en-diabetes-mellitus-2\/\" title=\"Acceso a la mesa Despertando las nuevas posibilidades en Diabetes Mellitus 2.\" rel=\"nofollow\">Acceso a la mesa<\/a>                        \n                                                                  <\/div>\n                <\/div>\n    \n\n\n\n\n        \n\n\n\n\n                <div class=\"persona\">\n                    <div class=\"foto\">\n                        <a href=\"https:\/\/actualfarma.es\/congreso-2022\/ponente\/ana-rosa-rubio\/\" title=\"Ana Rosa Rubio.\">\n                            <img decoding=\"async\" src=\"https:\/\/actualfarma.es\/congreso-2022\/wp-content\/uploads\/2022\/05\/captura-de-pantalla-2022-05-31-a-las-95023-300x300.png\" alt=\"Ana Rosa Rubio.\" loading=\"lazy\">\n                        <\/a>\n                    <\/div>\n                    <div class=\"datos\">\n                        <p><a href=\"https:\/\/actualfarma.es\/congreso-2022\/ponente\/ana-rosa-rubio\/\" title=\"Ana Rosa Rubio.\">Ana Rosa Rubio.<\/a><\/p>\n                        <p>S. Farmacia. Hospital Universitario de Toledo.<\/p>\n                    <\/div>\n                    <div class=\"acc_video\">\n                                                                        <a href=\"https:\/\/actualfarma.es\/congreso-2022\/mesa\/optimizando-el-beneficio-clinico-de-la-inmunooncologia-doble-inmunoterapia-y-estadios-tempranos\/\" title=\"Acceso a la mesa Optimizando el beneficio cl\u00ednico de la inmunooncolog\u00eda: doble inmunoterapia y estadios tempranos.\" rel=\"nofollow\">Acceso a la mesa<\/a>                        \n                                                                                                <a href=\"https:\/\/actualfarma.es\/congreso-2022\/mesa\/el-nuevo-presente-en-pacientes-con-mieloma-multiple-triple-refractario\/\" title=\"Acceso a la mesa El nuevo presente en pacientes con mieloma m\u00faltiple triple refractario.\" rel=\"nofollow\">Acceso a la mesa<\/a>                        \n                                                                  <\/div>\n                <\/div>\n    \n\n\n\n\n        \n\n\n\n\n                <div class=\"persona\">\n                    <div class=\"foto\">\n                        <a href=\"https:\/\/actualfarma.es\/congreso-2022\/ponente\/antonio-martorell\/\" title=\"Antonio Martorell.\">\n                            <img decoding=\"async\" src=\"https:\/\/actualfarma.es\/congreso-2022\/wp-content\/uploads\/2022\/05\/captura-de-pantalla-2022-05-30-a-las-224537-300x300.png\" alt=\"Antonio Martorell.\" loading=\"lazy\">\n                        <\/a>\n                    <\/div>\n                    <div class=\"datos\">\n                        <p><a href=\"https:\/\/actualfarma.es\/congreso-2022\/ponente\/antonio-martorell\/\" title=\"Antonio Martorell.\">Antonio Martorell.<\/a><\/p>\n                        <p>S. Dermatolog\u00eda. Hospital de Manises.<\/p>\n                    <\/div>\n                    <div class=\"acc_video\">\n                                                                        <a href=\"https:\/\/actualfarma.es\/congreso-2022\/mesa\/innovando-en-el-abordaje-integral-al-paciente-dermatologico\/\" title=\"Acceso a la mesa Innovando en el abordaje integral al paciente dermatol\u00f3gico.\" rel=\"nofollow\">Acceso a la mesa<\/a>                        \n                                                                  <\/div>\n                <\/div>\n    \n\n\n\n\n        \n\n\n\n\n                <div class=\"persona\">\n                    <div class=\"foto\">\n                        <a href=\"https:\/\/actualfarma.es\/congreso-2022\/ponente\/beatriz-joven\/\" title=\"Beatriz Joven.\">\n                            <img decoding=\"async\" src=\"https:\/\/actualfarma.es\/congreso-2022\/wp-content\/uploads\/2022\/05\/captura-de-pantalla-2022-05-30-a-las-130658-300x300.png\" alt=\"Beatriz Joven.\" loading=\"lazy\">\n                        <\/a>\n                    <\/div>\n                    <div class=\"datos\">\n                        <p><a href=\"https:\/\/actualfarma.es\/congreso-2022\/ponente\/beatriz-joven\/\" title=\"Beatriz Joven.\">Beatriz Joven.<\/a><\/p>\n                        <p>S. Reumatolog\u00eda. Hospital 12 de Octubre, Madrid.<\/p>\n                    <\/div>\n                    <div class=\"acc_video\">\n                                                                        <a href=\"https:\/\/actualfarma.es\/congreso-2022\/mesa\/un-paso-adelante-en-enfermedades-inmunomediadas-de-las-espondiloartritis-a-la-dermatitis-atopica-grave\/\" title=\"Acceso a la mesa Un Paso Adelante en Enfermedades Inmunomediadas: de las espondiloartritis a la dermatitis at\u00f3pica grave.\" rel=\"nofollow\">Acceso a la mesa<\/a>                        \n                                                                  <\/div>\n                <\/div>\n    \n\n\n\n\n        \n\n\n\n\n                <div class=\"persona\">\n                    <div class=\"foto\">\n                        <a href=\"https:\/\/actualfarma.es\/congreso-2022\/ponente\/carmen-galan\/\" title=\"Carmen Gal\u00e1n.\">\n                            <img decoding=\"async\" src=\"https:\/\/actualfarma.es\/congreso-2022\/wp-content\/uploads\/2022\/05\/captura-de-pantalla-2022-05-31-a-las-95113-300x300.png\" alt=\"Carmen Gal\u00e1n.\" loading=\"lazy\">\n                        <\/a>\n                    <\/div>\n                    <div class=\"datos\">\n                        <p><a href=\"https:\/\/actualfarma.es\/congreso-2022\/ponente\/carmen-galan\/\" title=\"Carmen Gal\u00e1n.\">Carmen Gal\u00e1n.<\/a><\/p>\n                        <p>S. Hematolog\u00eda. Hospital de Antequera, M\u00e1laga.<\/p>\n                    <\/div>\n                    <div class=\"acc_video\">\n                                                                        <a href=\"https:\/\/actualfarma.es\/congreso-2022\/mesa\/el-nuevo-presente-en-pacientes-con-mieloma-multiple-triple-refractario\/\" title=\"Acceso a la mesa El nuevo presente en pacientes con mieloma m\u00faltiple triple refractario.\" rel=\"nofollow\">Acceso a la mesa<\/a>                        \n                                                                  <\/div>\n                <\/div>\n    \n\n\n\n\n        \n\n\n\n\n                <div class=\"persona\">\n                    <div class=\"foto\">\n                        <a href=\"https:\/\/actualfarma.es\/congreso-2022\/ponente\/cristina-garcia-yubero\/\" title=\"Cristina Garc\u00eda Yubero.\">\n                            <img decoding=\"async\" src=\"https:\/\/actualfarma.es\/congreso-2022\/wp-content\/themes\/actualfarma\/img\/foto_ponente_test.png\" alt=\"Cristina Garc\u00eda Yubero.\" loading=\"lazy\">\n                        <\/a>\n                    <\/div>\n                    <div class=\"datos\">\n                        <p><a href=\"https:\/\/actualfarma.es\/congreso-2022\/ponente\/cristina-garcia-yubero\/\" title=\"Cristina Garc\u00eda Yubero.\">Cristina Garc\u00eda Yubero.<\/a><\/p>\n                        <p>S. Farmacia. Hospital Universitario Infanta Sof\u00eda, Madrid.<\/p>\n                    <\/div>\n                    <div class=\"acc_video\">\n                                                                        <a href=\"https:\/\/actualfarma.es\/congreso-2022\/mesa\/nuevas-moleculas-para-el-tratamiento-de-enfermedades-inflamatorias-autoinmunes-anti-il-23\/\" title=\"Acceso a la mesa Nuevas mol\u00e9culas para el tratamiento de enfermedades inflamatorias autoinmunes: anti-IL-23.\" rel=\"nofollow\">Acceso a la mesa<\/a>                        \n                                                                  <\/div>\n                <\/div>\n    \n\n\n\n\n        \n\n\n\n\n                <div class=\"persona\">\n                    <div class=\"foto\">\n                        <a href=\"https:\/\/actualfarma.es\/congreso-2022\/ponente\/cristina-muniesa\/\" title=\"Cristina Muniesa.\">\n                            <img decoding=\"async\" src=\"https:\/\/actualfarma.es\/congreso-2022\/wp-content\/uploads\/2022\/05\/captura-de-pantalla-2022-05-30-a-las-124533-300x300.png\" alt=\"Cristina Muniesa.\" loading=\"lazy\">\n                        <\/a>\n                    <\/div>\n                    <div class=\"datos\">\n                        <p><a href=\"https:\/\/actualfarma.es\/congreso-2022\/ponente\/cristina-muniesa\/\" title=\"Cristina Muniesa.\">Cristina Muniesa.<\/a><\/p>\n                        <p>S. Dermatolog\u00eda. Hospital de Bellvitge.<\/p>\n                    <\/div>\n                    <div class=\"acc_video\">\n                                                                        <a href=\"https:\/\/actualfarma.es\/congreso-2022\/mesa\/actualizacion-en-el-tratamiento-del-paciente-con-lcct-mogamulizumab\/\" title=\"Acceso a la mesa Actualizaci\u00f3n en el tratamiento del paciente con LCCT: Mogamulizumab.\" rel=\"nofollow\">Acceso a la mesa<\/a>                        \n                                                                  <\/div>\n                <\/div>\n    \n\n\n\n\n        \n\n\n\n\n                <div class=\"persona\">\n                    <div class=\"foto\">\n                        <a href=\"https:\/\/actualfarma.es\/congreso-2022\/ponente\/david-gonzalez-olano\/\" title=\"David Gonz\u00e1lez Olano.\">\n                            <img decoding=\"async\" src=\"https:\/\/actualfarma.es\/congreso-2022\/wp-content\/uploads\/2022\/05\/captura-de-pantalla-2022-05-30-a-las-125248-300x300.png\" alt=\"David Gonz\u00e1lez Olano.\" loading=\"lazy\">\n                        <\/a>\n                    <\/div>\n                    <div class=\"datos\">\n                        <p><a href=\"https:\/\/actualfarma.es\/congreso-2022\/ponente\/david-gonzalez-olano\/\" title=\"David Gonz\u00e1lez Olano.\">David Gonz\u00e1lez Olano.<\/a><\/p>\n                        <p>S. Alergolog\u00eda. Hospital Universitario Ram\u00f3n y Cajal, Madrid.<\/p>\n                    <\/div>\n                    <div class=\"acc_video\">\n                                                                        <a href=\"https:\/\/actualfarma.es\/congreso-2022\/mesa\/tratamiento-integral-de-la-patologia-respiratoria-t2\/\" title=\"Acceso a la mesa Tratamiento integral de la patolog\u00eda respiratoria T2.\" rel=\"nofollow\">Acceso a la mesa<\/a>                        \n                                                                  <\/div>\n                <\/div>\n    \n\n\n\n\n        \n\n\n\n\n                <div class=\"persona\">\n                    <div class=\"foto\">\n                        <a href=\"https:\/\/actualfarma.es\/congreso-2022\/ponente\/elena-gras\/\" title=\"Elena Gras.\">\n                            <img decoding=\"async\" src=\"https:\/\/actualfarma.es\/congreso-2022\/wp-content\/uploads\/2022\/05\/captura-de-pantalla-2022-05-30-a-las-224612-300x300.png\" alt=\"Elena Gras.\" loading=\"lazy\">\n                        <\/a>\n                    <\/div>\n                    <div class=\"datos\">\n                        <p><a href=\"https:\/\/actualfarma.es\/congreso-2022\/ponente\/elena-gras\/\" title=\"Elena Gras.\">Elena Gras.<\/a><\/p>\n                        <p>\u00c1rea Farmacocin\u00e9tica. Hospital de Manises.<\/p>\n                    <\/div>\n                    <div class=\"acc_video\">\n                                                                        <a href=\"https:\/\/actualfarma.es\/congreso-2022\/mesa\/innovando-en-el-abordaje-integral-al-paciente-dermatologico\/\" title=\"Acceso a la mesa Innovando en el abordaje integral al paciente dermatol\u00f3gico.\" rel=\"nofollow\">Acceso a la mesa<\/a>                        \n                                                                  <\/div>\n                <\/div>\n    \n\n\n\n\n        \n\n\n\n\n                <div class=\"persona\">\n                    <div class=\"foto\">\n                        <a href=\"https:\/\/actualfarma.es\/congreso-2022\/ponente\/elena-sanchez-yanez\/\" title=\"Elena S\u00e1nchez Ya\u00f1ez.\">\n                            <img decoding=\"async\" src=\"https:\/\/actualfarma.es\/congreso-2022\/wp-content\/uploads\/2022\/05\/captura-de-pantalla-2022-05-30-a-las-111929-300x300.png\" alt=\"Elena S\u00e1nchez Ya\u00f1ez.\" loading=\"lazy\">\n                        <\/a>\n                    <\/div>\n                    <div class=\"datos\">\n                        <p><a href=\"https:\/\/actualfarma.es\/congreso-2022\/ponente\/elena-sanchez-yanez\/\" title=\"Elena S\u00e1nchez Ya\u00f1ez.\">Elena S\u00e1nchez Ya\u00f1ez.<\/a><\/p>\n                        <p>S. Farmacia. Hospital Cl\u00ednico Universitario de M\u00e1laga.<\/p>\n                    <\/div>\n                    <div class=\"acc_video\">\n                                                                        <a href=\"https:\/\/actualfarma.es\/congreso-2022\/mesa\/silenciamiento-genico-arn-de-interferencia-como-plataforma-para-el-desarrollo-de-nuevas-terapias\/\" title=\"Acceso a la mesa Silenciamiento g\u00e9nico: ARN de interferencia como plataforma para el desarrollo de nuevas terapias.\" rel=\"nofollow\">Acceso a la mesa<\/a>                        \n                                                                  <\/div>\n                <\/div>\n    \n\n\n\n\n        \n\n\n\n\n                <div class=\"persona\">\n                    <div class=\"foto\">\n                        <a href=\"https:\/\/actualfarma.es\/congreso-2022\/ponente\/enric-monreal\/\" title=\"Enric Monreal.\">\n                            <img decoding=\"async\" src=\"https:\/\/actualfarma.es\/congreso-2022\/wp-content\/uploads\/2022\/05\/captura-de-pantalla-2022-05-30-a-las-130220-300x300.png\" alt=\"Enric Monreal.\" loading=\"lazy\">\n                        <\/a>\n                    <\/div>\n                    <div class=\"datos\">\n                        <p><a href=\"https:\/\/actualfarma.es\/congreso-2022\/ponente\/enric-monreal\/\" title=\"Enric Monreal.\">Enric Monreal.<\/a><\/p>\n                        <p>S. Neurolog\u00eda. Hospital Universitario Ram\u00f3n y Cajal, Madrid.<\/p>\n                    <\/div>\n                    <div class=\"acc_video\">\n                                                                        <a href=\"https:\/\/actualfarma.es\/congreso-2022\/mesa\/nuevos-biomarcadores-en-esclerosis-multiple\/\" title=\"Acceso a la mesa Nuevos Biomarcadores en Esclerosis M\u00faltiple.\" rel=\"nofollow\">Acceso a la mesa<\/a>                        \n                                                                  <\/div>\n                <\/div>\n    \n\n\n\n\n        \n<\/div>\n<\/div>\n<\/div>\n\n  <div class=\"paginador\">\n\n        <ul class=\"pagination\">\n\n                                                        <li><span aria-current=\"page\" class=\"page-numbers current\">1<\/span><\/li>\n                                                                                <li><a class=\"page-numbers\" href=\"https:\/\/actualfarma.es\/congreso-2022\/wp-json\/wp\/v2\/pages\/198\/page\/2\/\">2<\/a><\/li>\n                                                                                <li><a class=\"page-numbers\" href=\"https:\/\/actualfarma.es\/congreso-2022\/wp-json\/wp\/v2\/pages\/198\/page\/3\/\">3<\/a><\/li>\n                                                                                <li><span class=\"page-numbers dots\">&hellip;<\/span><\/li>\n                                                                                <li><a class=\"page-numbers\" href=\"https:\/\/actualfarma.es\/congreso-2022\/wp-json\/wp\/v2\/pages\/198\/page\/5\/\">5<\/a><\/li>\n                                                                                  <li class=\"navegador navegador-next\"><a class=\"next page-numbers\" href=\"https:\/\/actualfarma.es\/congreso-2022\/wp-json\/wp\/v2\/pages\/198\/page\/2\/\"><i class=\"iconf iconf-right\" aria-hidden=\"true\"><\/i><\/a><\/li>\n                                    <\/ul>\n      <\/div>\n<\/div>\n      \n<\/div><\/div>\n","protected":false},"excerpt":{"rendered":"","protected":false},"author":1,"featured_media":0,"parent":0,"menu_order":0,"comment_status":"closed","ping_status":"closed","template":"","meta":{"inline_featured_image":false,"footnotes":""},"class_list":["post-198","page","type-page","status-publish","hentry"],"yoast_head":"<!-- This site is optimized with the Yoast SEO plugin v27.2 - https:\/\/yoast.com\/product\/yoast-seo-wordpress\/ -->\n<title>Ponentes - Actualfarma 2022<\/title>\n<meta name=\"description\" content=\"Entre nuestros ponentes, Facultativos Especialistas en \u00c1reas de Microbiolog\u00eda, Farmacia H., Urolog\u00eda, Neurolog\u00eda, Alergolog\u00eda, Oncolog\u00eda, ...\" \/>\n<meta name=\"robots\" content=\"index, follow, max-snippet:-1, max-image-preview:large, max-video-preview:-1\" \/>\n<link rel=\"canonical\" href=\"https:\/\/actualfarma.es\/congreso-2022\/ponentes\/\" \/>\n<meta property=\"og:locale\" content=\"es_ES\" \/>\n<meta property=\"og:type\" content=\"article\" \/>\n<meta property=\"og:title\" content=\"Ponentes - Actualfarma 2022\" \/>\n<meta property=\"og:description\" content=\"Entre nuestros ponentes, Facultativos Especialistas en \u00c1reas de Microbiolog\u00eda, Farmacia H., Urolog\u00eda, Neurolog\u00eda, Alergolog\u00eda, Oncolog\u00eda, ...\" \/>\n<meta property=\"og:url\" content=\"https:\/\/actualfarma.es\/congreso-2022\/ponentes\/\" \/>\n<meta property=\"og:site_name\" content=\"Actualfarma 2022\" \/>\n<meta property=\"article:modified_time\" content=\"2022-04-11T19:26:23+00:00\" \/>\n<meta name=\"twitter:card\" content=\"summary_large_image\" \/>\n<meta name=\"twitter:label1\" content=\"Tiempo de lectura\" \/>\n\t<meta name=\"twitter:data1\" content=\"1 minuto\" \/>\n<script type=\"application\/ld+json\" class=\"yoast-schema-graph\">{\"@context\":\"https:\/\/schema.org\",\"@graph\":[{\"@type\":\"WebPage\",\"@id\":\"https:\/\/actualfarma.es\/congreso-2022\/ponentes\/\",\"url\":\"https:\/\/actualfarma.es\/congreso-2022\/ponentes\/\",\"name\":\"Ponentes - Actualfarma 2022\",\"isPartOf\":{\"@id\":\"https:\/\/actualfarma.es\/congreso-2022\/#website\"},\"datePublished\":\"2022-04-11T19:26:20+00:00\",\"dateModified\":\"2022-04-11T19:26:23+00:00\",\"description\":\"Entre nuestros ponentes, Facultativos Especialistas en \u00c1reas de Microbiolog\u00eda, Farmacia H., Urolog\u00eda, Neurolog\u00eda, Alergolog\u00eda, Oncolog\u00eda, ...\",\"breadcrumb\":{\"@id\":\"https:\/\/actualfarma.es\/congreso-2022\/ponentes\/#breadcrumb\"},\"inLanguage\":\"es\",\"potentialAction\":[{\"@type\":\"ReadAction\",\"target\":[\"https:\/\/actualfarma.es\/congreso-2022\/ponentes\/\"]}]},{\"@type\":\"BreadcrumbList\",\"@id\":\"https:\/\/actualfarma.es\/congreso-2022\/ponentes\/#breadcrumb\",\"itemListElement\":[{\"@type\":\"ListItem\",\"position\":1,\"name\":\"Portada\",\"item\":\"https:\/\/actualfarma.es\/congreso-2022\/\"},{\"@type\":\"ListItem\",\"position\":2,\"name\":\"Ponentes\"}]},{\"@type\":\"WebSite\",\"@id\":\"https:\/\/actualfarma.es\/congreso-2022\/#website\",\"url\":\"https:\/\/actualfarma.es\/congreso-2022\/\",\"name\":\"Actualfarma 2022\",\"description\":\"Jornadas farmacol\u00f3gicas\",\"publisher\":{\"@id\":\"https:\/\/actualfarma.es\/congreso-2022\/#organization\"},\"potentialAction\":[{\"@type\":\"SearchAction\",\"target\":{\"@type\":\"EntryPoint\",\"urlTemplate\":\"https:\/\/actualfarma.es\/congreso-2022\/?s={search_term_string}\"},\"query-input\":{\"@type\":\"PropertyValueSpecification\",\"valueRequired\":true,\"valueName\":\"search_term_string\"}}],\"inLanguage\":\"es\"},{\"@type\":\"Organization\",\"@id\":\"https:\/\/actualfarma.es\/congreso-2022\/#organization\",\"name\":\"Actualfarma 2022\",\"url\":\"https:\/\/actualfarma.es\/congreso-2022\/\",\"logo\":{\"@type\":\"ImageObject\",\"inLanguage\":\"es\",\"@id\":\"https:\/\/actualfarma.es\/congreso-2022\/#\/schema\/logo\/image\/\",\"url\":\"https:\/\/actualfarma.es\/congreso-2022\/wp-content\/uploads\/2022\/04\/logo.svg\",\"contentUrl\":\"https:\/\/actualfarma.es\/congreso-2022\/wp-content\/uploads\/2022\/04\/logo.svg\",\"caption\":\"Actualfarma 2022\"},\"image\":{\"@id\":\"https:\/\/actualfarma.es\/congreso-2022\/#\/schema\/logo\/image\/\"}}]}<\/script>\n<!-- \/ Yoast SEO plugin. -->","yoast_head_json":{"title":"Ponentes - Actualfarma 2022","description":"Entre nuestros ponentes, Facultativos Especialistas en \u00c1reas de Microbiolog\u00eda, Farmacia H., Urolog\u00eda, Neurolog\u00eda, Alergolog\u00eda, Oncolog\u00eda, ...","robots":{"index":"index","follow":"follow","max-snippet":"max-snippet:-1","max-image-preview":"max-image-preview:large","max-video-preview":"max-video-preview:-1"},"canonical":"https:\/\/actualfarma.es\/congreso-2022\/ponentes\/","og_locale":"es_ES","og_type":"article","og_title":"Ponentes - Actualfarma 2022","og_description":"Entre nuestros ponentes, Facultativos Especialistas en \u00c1reas de Microbiolog\u00eda, Farmacia H., Urolog\u00eda, Neurolog\u00eda, Alergolog\u00eda, Oncolog\u00eda, ...","og_url":"https:\/\/actualfarma.es\/congreso-2022\/ponentes\/","og_site_name":"Actualfarma 2022","article_modified_time":"2022-04-11T19:26:23+00:00","twitter_card":"summary_large_image","twitter_misc":{"Tiempo de lectura":"1 minuto"},"schema":{"@context":"https:\/\/schema.org","@graph":[{"@type":"WebPage","@id":"https:\/\/actualfarma.es\/congreso-2022\/ponentes\/","url":"https:\/\/actualfarma.es\/congreso-2022\/ponentes\/","name":"Ponentes - Actualfarma 2022","isPartOf":{"@id":"https:\/\/actualfarma.es\/congreso-2022\/#website"},"datePublished":"2022-04-11T19:26:20+00:00","dateModified":"2022-04-11T19:26:23+00:00","description":"Entre nuestros ponentes, Facultativos Especialistas en \u00c1reas de Microbiolog\u00eda, Farmacia H., Urolog\u00eda, Neurolog\u00eda, Alergolog\u00eda, Oncolog\u00eda, ...","breadcrumb":{"@id":"https:\/\/actualfarma.es\/congreso-2022\/ponentes\/#breadcrumb"},"inLanguage":"es","potentialAction":[{"@type":"ReadAction","target":["https:\/\/actualfarma.es\/congreso-2022\/ponentes\/"]}]},{"@type":"BreadcrumbList","@id":"https:\/\/actualfarma.es\/congreso-2022\/ponentes\/#breadcrumb","itemListElement":[{"@type":"ListItem","position":1,"name":"Portada","item":"https:\/\/actualfarma.es\/congreso-2022\/"},{"@type":"ListItem","position":2,"name":"Ponentes"}]},{"@type":"WebSite","@id":"https:\/\/actualfarma.es\/congreso-2022\/#website","url":"https:\/\/actualfarma.es\/congreso-2022\/","name":"Actualfarma 2022","description":"Jornadas farmacol\u00f3gicas","publisher":{"@id":"https:\/\/actualfarma.es\/congreso-2022\/#organization"},"potentialAction":[{"@type":"SearchAction","target":{"@type":"EntryPoint","urlTemplate":"https:\/\/actualfarma.es\/congreso-2022\/?s={search_term_string}"},"query-input":{"@type":"PropertyValueSpecification","valueRequired":true,"valueName":"search_term_string"}}],"inLanguage":"es"},{"@type":"Organization","@id":"https:\/\/actualfarma.es\/congreso-2022\/#organization","name":"Actualfarma 2022","url":"https:\/\/actualfarma.es\/congreso-2022\/","logo":{"@type":"ImageObject","inLanguage":"es","@id":"https:\/\/actualfarma.es\/congreso-2022\/#\/schema\/logo\/image\/","url":"https:\/\/actualfarma.es\/congreso-2022\/wp-content\/uploads\/2022\/04\/logo.svg","contentUrl":"https:\/\/actualfarma.es\/congreso-2022\/wp-content\/uploads\/2022\/04\/logo.svg","caption":"Actualfarma 2022"},"image":{"@id":"https:\/\/actualfarma.es\/congreso-2022\/#\/schema\/logo\/image\/"}}]}},"_links":{"self":[{"href":"https:\/\/actualfarma.es\/congreso-2022\/wp-json\/wp\/v2\/pages\/198","targetHints":{"allow":["GET"]}}],"collection":[{"href":"https:\/\/actualfarma.es\/congreso-2022\/wp-json\/wp\/v2\/pages"}],"about":[{"href":"https:\/\/actualfarma.es\/congreso-2022\/wp-json\/wp\/v2\/types\/page"}],"author":[{"embeddable":true,"href":"https:\/\/actualfarma.es\/congreso-2022\/wp-json\/wp\/v2\/users\/1"}],"replies":[{"embeddable":true,"href":"https:\/\/actualfarma.es\/congreso-2022\/wp-json\/wp\/v2\/comments?post=198"}],"version-history":[{"count":1,"href":"https:\/\/actualfarma.es\/congreso-2022\/wp-json\/wp\/v2\/pages\/198\/revisions"}],"predecessor-version":[{"id":199,"href":"https:\/\/actualfarma.es\/congreso-2022\/wp-json\/wp\/v2\/pages\/198\/revisions\/199"}],"wp:attachment":[{"href":"https:\/\/actualfarma.es\/congreso-2022\/wp-json\/wp\/v2\/media?parent=198"}],"curies":[{"name":"wp","href":"https:\/\/api.w.org\/{rel}","templated":true}]}}